{"id":3562,"date":"2023-06-28T11:11:14","date_gmt":"2023-06-28T09:11:14","guid":{"rendered":"https:\/\/beta.persolog.de\/?page_id=3562"},"modified":"2026-08-28T12:42:38","modified_gmt":"2026-08-28T10:42:38","slug":"persolog-self-leadership-model","status":"publish","type":"page","link":"https:\/\/persolog.com\/da\/persolog-self-leadership-model\/","title":{"rendered":"persolog\u00ae Self Leadership Model"},"content":{"rendered":"<div data-elementor-type=\"wp-page\" data-elementor-id=\"3562\" class=\"elementor elementor-3562\" data-elementor-post-type=\"page\">\n\t\t\t\t<div class=\"elementor-element elementor-element-725e1d7 e-flex e-con-boxed e-con e-parent\" data-id=\"725e1d7\" data-element_type=\"container\" data-e-type=\"container\" data-settings=\"{&quot;jet_parallax_layout_list&quot;:[]}\">\n\t\t\t\t\t<div class=\"e-con-inner\">\n\t\t<div class=\"elementor-element elementor-element-c229248 e-con-full e-flex e-con e-child\" data-id=\"c229248\" data-element_type=\"container\" data-e-type=\"container\" data-settings=\"{&quot;jet_parallax_layout_list&quot;:[]}\">\n\t\t\t\t<div class=\"elementor-element elementor-element-fb80fe9 elementor-widget elementor-widget-image\" data-id=\"fb80fe9\" data-element_type=\"widget\" data-e-type=\"widget\" data-widget_type=\"image.default\">\n\t\t\t\t<div class=\"elementor-widget-container\">\n\t\t\t\t\t\t\t\t\t\t\t\t\t\t\t<img fetchpriority=\"high\" decoding=\"async\" width=\"2560\" height=\"1099\" src=\"https:\/\/persolog.com\/wp-content\/uploads\/2025\/03\/AdobeStock_284618179-scaled.avif\" class=\"attachment-full size-full wp-image-30657\" alt=\"persolog\u00ae-modellen for selvledelse \u2013 forsidebillede\" srcset=\"https:\/\/persolog.com\/wp-content\/uploads\/2025\/03\/AdobeStock_284618179-scaled.avif 2560w, https:\/\/persolog.com\/wp-content\/uploads\/2025\/03\/AdobeStock_284618179-300x129.avif 300w, https:\/\/persolog.com\/wp-content\/uploads\/2025\/03\/AdobeStock_284618179-1024x440.avif 1024w, https:\/\/persolog.com\/wp-content\/uploads\/2025\/03\/AdobeStock_284618179-768x330.avif 768w, https:\/\/persolog.com\/wp-content\/uploads\/2025\/03\/AdobeStock_284618179-1536x659.avif 1536w, https:\/\/persolog.com\/wp-content\/uploads\/2025\/03\/AdobeStock_284618179-2048x879.avif 2048w, https:\/\/persolog.com\/wp-content\/uploads\/2025\/03\/AdobeStock_284618179-18x8.avif 18w\" sizes=\"(max-width: 2560px) 100vw, 2560px\" \/>\t\t\t\t\t\t\t\t\t\t\t\t\t\t\t<\/div>\n\t\t\t\t<\/div>\n\t\t<div class=\"elementor-element elementor-element-9ccf614 e-con-full e-flex e-con e-child\" data-id=\"9ccf614\" data-element_type=\"container\" data-e-type=\"container\" data-settings=\"{&quot;background_background&quot;:&quot;classic&quot;,&quot;jet_parallax_layout_list&quot;:[]}\">\n\t\t\t\t<div class=\"elementor-element elementor-element-8c872fd uael-heading-align-center elementor-widget elementor-widget-uael-advanced-heading\" data-id=\"8c872fd\" data-element_type=\"widget\" data-e-type=\"widget\" data-widget_type=\"uael-advanced-heading.default\">\n\t\t\t\t<div class=\"elementor-widget-container\">\n\t\t\t\t\t\n\t\t<div class=\"uael-module-content uael-heading-wrapper\">\n\t\t\t\t\t\t\t\t\t\t<div class=\"uael-sub-heading elementor-inline-editing\" data-elementor-setting-key=\"sub_heading\" data-elementor-inline-editing-toolbar=\"advanced\" >Tag styringen over dit eget liv og str\u00e6b bevidst efter dine personlige m\u00e5l<\/div>\n\t\t\t\n\t\t\t<h1 class=\"uael-heading\">\n\t\t\t\t\t\t\t\t\t\t<span class=\"uael-heading-text elementor-inline-editing uael-size--default\" data-elementor-setting-key=\"heading_title\" data-elementor-inline-editing-toolbar=\"basic\">persolog\u00ae-modellen for selvledelse<\/span>\n\t\t\t\t\t\t\t<\/h1>\n\n\t\t\t\n\t\t\t\n\t\t\t\n\t\t\t\t\t\t<\/div>\n\t\t\t\t\t\t<\/div>\n\t\t\t\t<\/div>\n\t\t\t\t<div class=\"elementor-element elementor-element-f5e9a1c elementor-widget elementor-widget-text-editor\" data-id=\"f5e9a1c\" data-element_type=\"widget\" data-e-type=\"widget\" data-widget_type=\"text-editor.default\">\n\t\t\t\t<div class=\"elementor-widget-container\">\n\t\t\t\t\t\t\t\t\t<p>At n\u00e5 sine personlige m\u00e5l handler ikke kun om at vide, hvad man vil opn\u00e5. Motivation, viljestyrke, ens egen adf\u00e6rd og den m\u00e5de, man forvalter sin personlige energi p\u00e5, spiller ogs\u00e5 en rolle. persolog\u00ae-modellen for selvledelse hj\u00e6lper dig med at se p\u00e5 din selvledelse fra forskellige vinkler og udvikle den yderligere.<\/p>\t\t\t\t\t\t\t\t<\/div>\n\t\t\t\t<\/div>\n\t\t\t\t<div class=\"elementor-element elementor-element-11d3564 elementor-align-center elementor-widget elementor-widget-button\" data-id=\"11d3564\" data-element_type=\"widget\" data-e-type=\"widget\" data-widget_type=\"button.default\">\n\t\t\t\t<div class=\"elementor-widget-container\">\n\t\t\t\t\t\t\t\t\t<div class=\"elementor-button-wrapper\">\n\t\t\t\t\t<a class=\"elementor-button elementor-button-link elementor-size-xl\" href=\"https:\/\/academy.persolog.de\/zertifizierung-selbstfuehrungs-modell?utm_source=homepage&#038;utm_medium=button\" target=\"_blank\">\n\t\t\t\t\t\t<span class=\"elementor-button-content-wrapper\">\n\t\t\t\t\t\t\t\t\t<span class=\"elementor-button-text\">F\u00e5 mere at vide om certificeringen<\/span>\n\t\t\t\t\t<\/span>\n\t\t\t\t\t<\/a>\n\t\t\t\t<\/div>\n\t\t\t\t\t\t\t\t<\/div>\n\t\t\t\t<\/div>\n\t\t\t\t<\/div>\n\t\t\t\t<\/div>\n\t\t\t\t<div class=\"elementor-element elementor-element-5423e91 elementor-absolute elementor-widget elementor-widget-image\" data-id=\"5423e91\" data-element_type=\"widget\" data-e-type=\"widget\" data-settings=\"{&quot;_position&quot;:&quot;absolute&quot;}\" data-no-translation=\"\" data-widget_type=\"image.default\">\n\t\t\t\t<div class=\"elementor-widget-container\">\n\t\t\t\t\t<style>.elementor-element-5423e91{display:none !important}<\/style>\t\t\t\t<\/div>\n\t\t\t\t<\/div>\n\t\t\t\t\t<\/div>\n\t\t\t\t<\/div>\n\t\t<div class=\"elementor-element elementor-element-40214fa e-flex e-con-boxed e-con e-parent\" data-id=\"40214fa\" data-element_type=\"container\" data-e-type=\"container\" data-settings=\"{&quot;jet_parallax_layout_list&quot;:[]}\">\n\t\t\t\t\t<div class=\"e-con-inner\">\n\t\t\t\t<div class=\"elementor-element elementor-element-2d7af72 elementor-hidden-tablet elementor-hidden-mobile elementor-widget elementor-widget-spacer\" data-id=\"2d7af72\" data-element_type=\"widget\" data-e-type=\"widget\" data-widget_type=\"spacer.default\">\n\t\t\t\t<div class=\"elementor-widget-container\">\n\t\t\t\t\t\t\t<div class=\"elementor-spacer\">\n\t\t\t<div class=\"elementor-spacer-inner\"><\/div>\n\t\t<\/div>\n\t\t\t\t\t\t<\/div>\n\t\t\t\t<\/div>\n\t\t\t\t<div class=\"elementor-element elementor-element-1d4e71c elementor-widget elementor-widget-heading\" data-id=\"1d4e71c\" data-element_type=\"widget\" data-e-type=\"widget\" data-widget_type=\"heading.default\">\n\t\t\t\t<div class=\"elementor-widget-container\">\n\t\t\t\t\t<h2 class=\"elementor-heading-title elementor-size-default\">Hvad er selvledelse?<\/h2>\t\t\t\t<\/div>\n\t\t\t\t<\/div>\n\t\t\t\t<div class=\"elementor-element elementor-element-c0ad41a elementor-widget__width-initial elementor-widget elementor-widget-text-editor\" data-id=\"c0ad41a\" data-element_type=\"widget\" data-e-type=\"widget\" data-widget_type=\"text-editor.default\">\n\t\t\t\t<div class=\"elementor-widget-container\">\n\t\t\t\t\t\t\t\t\t<p><strong>Selvledelse beskriver evnen til at p\u00e5virke sine egne tanker, f\u00f8lelser og handlinger med henblik p\u00e5 bevidst at forf\u00f8lge personlige m\u00e5l.<\/strong> Det handler om at tage ansvar for sin egen adf\u00e6rd og v\u00e6re i stand til at styre sig selv, selv n\u00e5r man st\u00f8der p\u00e5 forhindringer eller udfordringer.<\/p><p>\u00a0<\/p><p>Selvledelse er ikke en fast egenskab. <strong>Kompetencer inden for selvledelse kan udvikles og tr\u00e6nes.<\/strong> Det indeb\u00e6rer blandt andet at se p\u00e5 dine egne m\u00e5l, din personlige motivation, din adf\u00e6rd og de ressourcer, du har til r\u00e5dighed.<\/p>\t\t\t\t\t\t\t\t<\/div>\n\t\t\t\t<\/div>\n\t\t\t\t\t<\/div>\n\t\t\t\t<\/div>\n\t\t<div class=\"elementor-element elementor-element-e5398de e-flex e-con-boxed e-con e-parent\" data-id=\"e5398de\" data-element_type=\"container\" data-e-type=\"container\" data-settings=\"{&quot;jet_parallax_layout_list&quot;:[]}\">\n\t\t\t\t\t<div class=\"e-con-inner\">\n\t\t\t\t<div class=\"elementor-element elementor-element-5f41900 elementor-widget elementor-widget-spacer\" data-id=\"5f41900\" data-element_type=\"widget\" data-e-type=\"widget\" data-widget_type=\"spacer.default\">\n\t\t\t\t<div class=\"elementor-widget-container\">\n\t\t\t\t\t\t\t<div class=\"elementor-spacer\">\n\t\t\t<div class=\"elementor-spacer-inner\"><\/div>\n\t\t<\/div>\n\t\t\t\t\t\t<\/div>\n\t\t\t\t<\/div>\n\t\t\t\t<div class=\"elementor-element elementor-element-85dc471 elementor-widget elementor-widget-heading\" data-id=\"85dc471\" data-element_type=\"widget\" data-e-type=\"widget\" data-widget_type=\"heading.default\">\n\t\t\t\t<div class=\"elementor-widget-container\">\n\t\t\t\t\t<h2 class=\"elementor-heading-title elementor-size-default\">Hvad er persolog\u00ae-modellen for selvledelse?<\/h2>\t\t\t\t<\/div>\n\t\t\t\t<\/div>\n\t\t<div class=\"elementor-element elementor-element-d7c4852 e-con-full e-flex e-con e-child\" data-id=\"d7c4852\" data-element_type=\"container\" data-e-type=\"container\" data-settings=\"{&quot;jet_parallax_layout_list&quot;:[]}\">\n\t\t<div class=\"elementor-element elementor-element-69a1cc8 e-con-full e-flex e-con e-child\" data-id=\"69a1cc8\" data-element_type=\"container\" data-e-type=\"container\" data-settings=\"{&quot;jet_parallax_layout_list&quot;:[]}\">\n\t\t\t\t<div class=\"elementor-element elementor-element-1eb6463 elementor-widget__width-initial elementor-widget elementor-widget-image\" data-id=\"1eb6463\" data-element_type=\"widget\" data-e-type=\"widget\" data-widget_type=\"image.default\">\n\t\t\t\t<div class=\"elementor-widget-container\">\n\t\t\t\t\t\t\t\t\t\t\t\t\t\t\t\t<a href=\"https:\/\/persolog.com\/wp-content\/uploads\/2026\/05\/EN_Selbstfuehrungsmodell_Grafik.avif\" data-elementor-open-lightbox=\"yes\" data-elementor-lightbox-title=\"EN_Selbstf\u00fchrungsmodell_Grafik\" data-elementor-lightbox-description=\"persolog Self-Leadership Model\" data-e-action-hash=\"#elementor-action%3Aaction%3Dlightbox%26settings%3DeyJpZCI6MzUxMDYsInVybCI6Imh0dHBzOlwvXC9wZXJzb2xvZy5jb21cL3dwLWNvbnRlbnRcL3VwbG9hZHNcLzIwMjZcLzA1XC9FTl9TZWxic3RmdWVocnVuZ3Ntb2RlbGxfR3JhZmlrLmF2aWYifQ%3D%3D\">\n\t\t\t\t\t\t\t<img decoding=\"async\" src=\"https:\/\/persolog.com\/wp-content\/uploads\/elementor\/thumbs\/EN_Selbstfuehrungsmodell_Grafik-rrina9joov1vea9a6swz4wxie8gh24j3euhgm3ab68.avif\" title=\"DA_Selbstf\u00fchrungsmodell_Grafik\" alt=\"persologs selvledelsesmodel\" loading=\"lazy\" \/>\t\t\t\t\t\t\t\t<\/a>\n\t\t\t\t\t\t\t\t\t\t\t\t\t\t\t<\/div>\n\t\t\t\t<\/div>\n\t\t\t\t<div class=\"elementor-element elementor-element-6fd3eb0 elementor-widget elementor-widget-image\" data-id=\"6fd3eb0\" data-element_type=\"widget\" data-e-type=\"widget\" data-widget_type=\"image.default\">\n\t\t\t\t<div class=\"elementor-widget-container\">\n\t\t\t\t\t<style>.elementor-element-6fd3eb0{display:none !important}<\/style>\t\t\t\t<\/div>\n\t\t\t\t<\/div>\n\t\t\t\t<\/div>\n\t\t<div class=\"elementor-element elementor-element-33a7e98 e-con-full e-flex e-con e-child\" data-id=\"33a7e98\" data-element_type=\"container\" data-e-type=\"container\" data-settings=\"{&quot;jet_parallax_layout_list&quot;:[]}\">\n\t\t\t\t<div class=\"elementor-element elementor-element-980b96d elementor-widget__width-initial elementor-widget elementor-widget-text-editor\" data-id=\"980b96d\" data-element_type=\"widget\" data-e-type=\"widget\" data-widget_type=\"text-editor.default\">\n\t\t\t\t<div class=\"elementor-widget-container\">\n\t\t\t\t\t\t\t\t\t<p>Persolog\u00ae-modellen for selvledelse blev udviklet i samarbejde med <strong>Prof. dr. G\u00fcnter F. M\u00fcller fra Universitetet i Koblenz-Landau<\/strong> og bygger p\u00e5 begreber fra social-, arbejds-, erhvervs- og organisationspsykologi.<\/p><p>Modellen unders\u00f8ger selvledelse gennem <strong>fire dimensioner og syv tilh\u00f8rende strategier<\/strong>. Disse omfatter forskellige omr\u00e5der, der spiller en rolle i udviklingen af kompetencer inden for selvledelse.<\/p>\t\t\t\t\t\t\t\t<\/div>\n\t\t\t\t<\/div>\n\t\t\t\t<\/div>\n\t\t\t\t<\/div>\n\t\t\t\t\t<\/div>\n\t\t\t\t<\/div>\n\t\t<div class=\"elementor-element elementor-element-8f539a8 e-flex e-con-boxed e-con e-parent\" data-id=\"8f539a8\" data-element_type=\"container\" data-e-type=\"container\" data-settings=\"{&quot;jet_parallax_layout_list&quot;:[]}\">\n\t\t\t\t\t<div class=\"e-con-inner\">\n\t\t\t\t<div class=\"elementor-element elementor-element-fd0718f elementor-widget elementor-widget-heading\" data-id=\"fd0718f\" data-element_type=\"widget\" data-e-type=\"widget\" data-widget_type=\"heading.default\">\n\t\t\t\t<div class=\"elementor-widget-container\">\n\t\t\t\t\t<h2 class=\"elementor-heading-title elementor-size-default\">De 4 dimensioner og 7 strategier for selvledelse<\/h2>\t\t\t\t<\/div>\n\t\t\t\t<\/div>\n\t\t\t\t<div class=\"elementor-element elementor-element-2a4fd59 elementor-widget__width-initial elementor-widget elementor-widget-text-editor\" data-id=\"2a4fd59\" data-element_type=\"widget\" data-e-type=\"widget\" data-widget_type=\"text-editor.default\">\n\t\t\t\t<div class=\"elementor-widget-container\">\n\t\t\t\t\t\t\t\t\t<p>De fire dimensioner <strong>Kognitiv,\u00a0<span lang=\"en-US\" data-ogsc=\"rgb(14, 55, 114)\">F\u00f8lelsesm\u00e6ssig, adf\u00e6rdsfokuseret og <\/span><span lang=\"en-US\" data-ogsc=\"rgb(14, 55, 114)\">Fysisk selvledelse <\/span><\/strong>omfatter i alt syv strategier for selvledelse.<\/p>\t\t\t\t\t\t\t\t<\/div>\n\t\t\t\t<\/div>\n\t\t<div class=\"elementor-element elementor-element-54ea031 e-con-full e-flex e-con e-child\" data-id=\"54ea031\" data-element_type=\"container\" data-e-type=\"container\" data-settings=\"{&quot;jet_parallax_layout_list&quot;:[]}\">\n\t\t<div class=\"elementor-element elementor-element-597baa6 e-con-full e-flex e-con e-child\" data-id=\"597baa6\" data-element_type=\"container\" data-e-type=\"container\" data-settings=\"{&quot;jet_parallax_layout_list&quot;:[]}\">\n\t\t\t\t<div class=\"elementor-element elementor-element-6ce9aa3 elementor-hidden-mobile elementor-widget elementor-widget-image\" data-id=\"6ce9aa3\" data-element_type=\"widget\" data-e-type=\"widget\" data-widget_type=\"image.default\">\n\t\t\t\t<div class=\"elementor-widget-container\">\n\t\t\t\t\t\t\t\t\t\t\t\t\t\t\t<img decoding=\"async\" src=\"https:\/\/persolog.com\/wp-content\/uploads\/elementor\/thumbs\/kognitive-SF-rsffeort48v2p71avo5n3nr613i21pw07r6bs7a4h2.png\" title=\"Kognitiv selvledelse\" alt=\"Kognitiv selvledelse\" loading=\"lazy\" \/>\t\t\t\t\t\t\t\t\t\t\t\t\t\t\t<\/div>\n\t\t\t\t<\/div>\n\t\t\t\t<\/div>\n\t\t<div class=\"elementor-element elementor-element-ce53ea7 e-con-full e-flex e-con e-child\" data-id=\"ce53ea7\" data-element_type=\"container\" data-e-type=\"container\" data-settings=\"{&quot;jet_parallax_layout_list&quot;:[]}\">\n\t\t\t\t<div class=\"elementor-element elementor-element-7c5205a elementor-widget elementor-widget-heading\" data-id=\"7c5205a\" data-element_type=\"widget\" data-e-type=\"widget\" data-widget_type=\"heading.default\">\n\t\t\t\t<div class=\"elementor-widget-container\">\n\t\t\t\t\t<h3 class=\"elementor-heading-title elementor-size-default\">1. Kognitiv selvledelse<\/h3>\t\t\t\t<\/div>\n\t\t\t\t<\/div>\n\t\t\t\t<div class=\"elementor-element elementor-element-6a8fd5f elementor-widget__width-initial elementor-widget elementor-widget-text-editor\" data-id=\"6a8fd5f\" data-element_type=\"widget\" data-e-type=\"widget\" data-widget_type=\"text-editor.default\">\n\t\t\t\t<div class=\"elementor-widget-container\">\n\t\t\t\t\t\t\t\t\t<p>Dimensionen \u201cKognitiv selvledelse\u201d fokuserer p\u00e5 de m\u00e5l, som mennesker s\u00e6tter sig, og p\u00e5, hvordan de bruger deres viljestyrke til at forf\u00f8lge dem. Det handler om bevidst at fokusere p\u00e5 m\u00e5lene og fortsat at arbejde hen imod dem.<\/p><p>\u00a0<\/p><p>De to strategier inden for dimensionen \u00bbT\u00e6nkning\u00ab er <strong>M\u00e5ls\u00e6tning og aktivering af viljestyrke<\/strong>.<\/p>\t\t\t\t\t\t\t\t<\/div>\n\t\t\t\t<\/div>\n\t\t\t\t<\/div>\n\t\t\t\t<\/div>\n\t\t<div class=\"elementor-element elementor-element-c8a9e66 e-con-full e-flex e-con e-child\" data-id=\"c8a9e66\" data-element_type=\"container\" data-e-type=\"container\" data-settings=\"{&quot;jet_parallax_layout_list&quot;:[]}\">\n\t\t<div class=\"elementor-element elementor-element-4088e8c e-con-full e-flex e-con e-child\" data-id=\"4088e8c\" data-element_type=\"container\" data-e-type=\"container\" data-settings=\"{&quot;jet_parallax_layout_list&quot;:[]}\">\n\t\t\t\t<div class=\"elementor-element elementor-element-bf4f8f8 elementor-hidden-mobile elementor-widget elementor-widget-image\" data-id=\"bf4f8f8\" data-element_type=\"widget\" data-e-type=\"widget\" data-widget_type=\"image.default\">\n\t\t\t\t<div class=\"elementor-widget-container\">\n\t\t\t\t\t\t\t\t\t\t\t\t\t\t\t<img decoding=\"async\" src=\"https:\/\/persolog.com\/wp-content\/uploads\/elementor\/thumbs\/emotionale-SF-rsffeppnb2wd0szxq6k9o5immhdf9ezqjvtt9h8qau.png\" title=\"Emotionel selvledelse\" alt=\"Emotionel selvledelse\" loading=\"lazy\" \/>\t\t\t\t\t\t\t\t\t\t\t\t\t\t\t<\/div>\n\t\t\t\t<\/div>\n\t\t\t\t<\/div>\n\t\t<div class=\"elementor-element elementor-element-1650e49 e-con-full e-flex e-con e-child\" data-id=\"1650e49\" data-element_type=\"container\" data-e-type=\"container\" data-settings=\"{&quot;jet_parallax_layout_list&quot;:[]}\">\n\t\t\t\t<div class=\"elementor-element elementor-element-a22c46e elementor-widget elementor-widget-heading\" data-id=\"a22c46e\" data-element_type=\"widget\" data-e-type=\"widget\" data-widget_type=\"heading.default\">\n\t\t\t\t<div class=\"elementor-widget-container\">\n\t\t\t\t\t<h3 class=\"elementor-heading-title elementor-size-default\">2. F\u00f8lelsesm\u00e6ssig selvledelse<\/h3>\t\t\t\t<\/div>\n\t\t\t\t<\/div>\n\t\t\t\t<div class=\"elementor-element elementor-element-3834909 elementor-widget__width-initial elementor-widget elementor-widget-text-editor\" data-id=\"3834909\" data-element_type=\"widget\" data-e-type=\"widget\" data-widget_type=\"text-editor.default\">\n\t\t\t\t<div class=\"elementor-widget-container\">\n\t\t\t\t\t\t\t\t\t<p>Dimensionen \u201cF\u00f8lelsesm\u00e6ssig selvledelse\u201d fokuserer p\u00e5 motivation og p\u00e5, hvordan mennesker h\u00e5ndterer deres f\u00f8lelser. Det handler om at forst\u00e5 sin egen motivation og regulere sine f\u00f8lelser p\u00e5 en m\u00e5de, der underst\u00f8tter ens handlinger.<\/p><p>\u00a0<\/p><p>De to strategier inden for dimensionen \u00bbF\u00f8lelser\u00ab er <strong>Motiverende selvstyrkelse og f\u00f8lelsesm\u00e6ssig selvstyrkelse<\/strong>.<\/p>\t\t\t\t\t\t\t\t<\/div>\n\t\t\t\t<\/div>\n\t\t\t\t<\/div>\n\t\t\t\t<\/div>\n\t\t<div class=\"elementor-element elementor-element-519c592 e-con-full e-flex e-con e-child\" data-id=\"519c592\" data-element_type=\"container\" data-e-type=\"container\" data-settings=\"{&quot;jet_parallax_layout_list&quot;:[]}\">\n\t\t<div class=\"elementor-element elementor-element-06da15b e-con-full e-flex e-con e-child\" data-id=\"06da15b\" data-element_type=\"container\" data-e-type=\"container\" data-settings=\"{&quot;jet_parallax_layout_list&quot;:[]}\">\n\t\t\t\t<div class=\"elementor-element elementor-element-192cd29 elementor-hidden-mobile elementor-widget elementor-widget-image\" data-id=\"192cd29\" data-element_type=\"widget\" data-e-type=\"widget\" data-widget_type=\"image.default\">\n\t\t\t\t<div class=\"elementor-widget-container\">\n\t\t\t\t\t\t\t\t\t\t\t\t\t\t\t<img decoding=\"async\" src=\"https:\/\/persolog.com\/wp-content\/uploads\/elementor\/thumbs\/verhaltensbezogene-SF-rsffemw4qksi1z416ncdyo88ubrbmbojjhvctncwti.png\" title=\"Adf\u00e6rdsbaseret selvledelse\" alt=\"Adf\u00e6rdsbaseret selvledelse\" loading=\"lazy\" \/>\t\t\t\t\t\t\t\t\t\t\t\t\t\t\t<\/div>\n\t\t\t\t<\/div>\n\t\t\t\t<\/div>\n\t\t<div class=\"elementor-element elementor-element-0afe3a6 e-con-full e-flex e-con e-child\" data-id=\"0afe3a6\" data-element_type=\"container\" data-e-type=\"container\" data-settings=\"{&quot;jet_parallax_layout_list&quot;:[]}\">\n\t\t\t\t<div class=\"elementor-element elementor-element-af9d9b2 elementor-widget elementor-widget-heading\" data-id=\"af9d9b2\" data-element_type=\"widget\" data-e-type=\"widget\" data-widget_type=\"heading.default\">\n\t\t\t\t<div class=\"elementor-widget-container\">\n\t\t\t\t\t<h3 class=\"elementor-heading-title elementor-size-default\">3. Adf\u00e6rdsorienteret selvledelse<\/h3>\t\t\t\t<\/div>\n\t\t\t\t<\/div>\n\t\t\t\t<div class=\"elementor-element elementor-element-4c3e2f4 elementor-widget__width-initial elementor-widget elementor-widget-text-editor\" data-id=\"4c3e2f4\" data-element_type=\"widget\" data-e-type=\"widget\" data-widget_type=\"text-editor.default\">\n\t\t\t\t<div class=\"elementor-widget-container\">\n\t\t\t\t\t\t\t\t\t<p>Dimensionen \u201cAdf\u00e6rdsfokuseret selvledelse\u201d ser p\u00e5 din egen adf\u00e6rd og de omst\u00e6ndigheder, hvorunder denne adf\u00e6rd udspiller sig. Ud over at tilpasse din egen adf\u00e6rd spiller det ogs\u00e5 en rolle at bevidst forme dit milj\u00f8.<\/p><p>\u00a0<\/p><p>De to strategier inden for dimensionen \u00bbHandling\u00ab er<strong> Milj\u00f8design og selvp\u00e5virkning af adf\u00e6rd<\/strong>.<\/p>\t\t\t\t\t\t\t\t<\/div>\n\t\t\t\t<\/div>\n\t\t\t\t<\/div>\n\t\t\t\t<\/div>\n\t\t<div class=\"elementor-element elementor-element-2eb0c57 e-con-full e-flex e-con e-child\" data-id=\"2eb0c57\" data-element_type=\"container\" data-e-type=\"container\" data-settings=\"{&quot;jet_parallax_layout_list&quot;:[]}\">\n\t\t<div class=\"elementor-element elementor-element-e417a1b e-con-full e-flex e-con e-child\" data-id=\"e417a1b\" data-element_type=\"container\" data-e-type=\"container\" data-settings=\"{&quot;jet_parallax_layout_list&quot;:[]}\">\n\t\t\t\t<div class=\"elementor-element elementor-element-f0d4d3a elementor-hidden-mobile elementor-widget elementor-widget-image\" data-id=\"f0d4d3a\" data-element_type=\"widget\" data-e-type=\"widget\" data-widget_type=\"image.default\">\n\t\t\t\t<div class=\"elementor-widget-container\">\n\t\t\t\t\t\t\t\t\t\t\t\t\t\t\t<img decoding=\"async\" src=\"https:\/\/persolog.com\/wp-content\/uploads\/elementor\/thumbs\/vitale-SF-rsffelyajqr7qd5ec4xre6gs8xvyemkt7d7vcdeazq.png\" title=\"Vitale selvledelse\" alt=\"Vitale selvledelse\" loading=\"lazy\" \/>\t\t\t\t\t\t\t\t\t\t\t\t\t\t\t<\/div>\n\t\t\t\t<\/div>\n\t\t\t\t<\/div>\n\t\t<div class=\"elementor-element elementor-element-2c8ff07 e-con-full e-flex e-con e-child\" data-id=\"2c8ff07\" data-element_type=\"container\" data-e-type=\"container\" data-settings=\"{&quot;jet_parallax_layout_list&quot;:[]}\">\n\t\t\t\t<div class=\"elementor-element elementor-element-d179641 elementor-widget elementor-widget-heading\" data-id=\"d179641\" data-element_type=\"widget\" data-e-type=\"widget\" data-widget_type=\"heading.default\">\n\t\t\t\t<div class=\"elementor-widget-container\">\n\t\t\t\t\t<h3 class=\"elementor-heading-title elementor-size-default\">4. Fysisk selvledelse<\/h3>\t\t\t\t<\/div>\n\t\t\t\t<\/div>\n\t\t\t\t<div class=\"elementor-element elementor-element-4def276 elementor-widget__width-initial elementor-widget elementor-widget-text-editor\" data-id=\"4def276\" data-element_type=\"widget\" data-e-type=\"widget\" data-widget_type=\"text-editor.default\">\n\t\t\t\t<div class=\"elementor-widget-container\">\n\t\t\t\t\t\t\t\t\t<p>Dimensionen \u201cFysisk selvledelse\u201d fokuserer p\u00e5 de fysiske forhold, der underst\u00f8tter selvledelse. Der l\u00e6gges v\u00e6gt p\u00e5 bevidst at styre sin egen energi og overveje, hvordan ens personlige pr\u00e6stationer kan underst\u00f8ttes.<\/p><p>\u00a0<\/p><p>Strategien inden for energidimensionen er <strong>Fysisk vitalitet<\/strong>.<\/p>\t\t\t\t\t\t\t\t<\/div>\n\t\t\t\t<\/div>\n\t\t\t\t<\/div>\n\t\t\t\t<\/div>\n\t\t\t\t\t<\/div>\n\t\t\t\t<\/div>\n\t\t<div class=\"elementor-element elementor-element-f455440 e-flex e-con-boxed e-con e-parent\" data-id=\"f455440\" data-element_type=\"container\" data-e-type=\"container\" data-settings=\"{&quot;jet_parallax_layout_list&quot;:[]}\">\n\t\t\t\t\t<div class=\"e-con-inner\">\n\t\t\t\t<div class=\"elementor-element elementor-element-9038d94 elementor-widget elementor-widget-spacer\" data-id=\"9038d94\" data-element_type=\"widget\" data-e-type=\"widget\" data-widget_type=\"spacer.default\">\n\t\t\t\t<div class=\"elementor-widget-container\">\n\t\t\t\t\t\t\t<div class=\"elementor-spacer\">\n\t\t\t<div class=\"elementor-spacer-inner\"><\/div>\n\t\t<\/div>\n\t\t\t\t\t\t<\/div>\n\t\t\t\t<\/div>\n\t\t\t\t<div class=\"elementor-element elementor-element-365e6c3 elementor-widget elementor-widget-heading\" data-id=\"365e6c3\" data-element_type=\"widget\" data-e-type=\"widget\" data-widget_type=\"heading.default\">\n\t\t\t\t<div class=\"elementor-widget-container\">\n\t\t\t\t\t<h2 class=\"elementor-heading-title elementor-size-default\">Hvor anvendes persolog\u00ae-modellen for selvledelse?<\/h2>\t\t\t\t<\/div>\n\t\t\t\t<\/div>\n\t\t\t\t<div class=\"elementor-element elementor-element-fb287ac elementor-widget__width-initial elementor-widget elementor-widget-text-editor\" data-id=\"fb287ac\" data-element_type=\"widget\" data-e-type=\"widget\" data-widget_type=\"text-editor.default\">\n\t\t\t\t<div class=\"elementor-widget-container\">\n\t\t\t\t\t\t\t\t\t<p>persolog\u00ae-modellen for selvledelse kan anvendes, n\u00e5r man \u00f8nsker at udvikle sine kompetencer inden for selvledelse. Den egner sig b\u00e5de til personlig udvikling og til brug i forbindelse med uddannelse, coaching, ledelse og personaleudvikling.<\/p>\t\t\t\t\t\t\t\t<\/div>\n\t\t\t\t<\/div>\n\t\t\t\t<div class=\"elementor-element elementor-element-4cc15fd elementor-widget elementor-widget-spacer\" data-id=\"4cc15fd\" data-element_type=\"widget\" data-e-type=\"widget\" data-widget_type=\"spacer.default\">\n\t\t\t\t<div class=\"elementor-widget-container\">\n\t\t\t\t\t\t\t<div class=\"elementor-spacer\">\n\t\t\t<div class=\"elementor-spacer-inner\"><\/div>\n\t\t<\/div>\n\t\t\t\t\t\t<\/div>\n\t\t\t\t<\/div>\n\t\t\t\t\t<\/div>\n\t\t\t\t<\/div>\n\t\t<div class=\"elementor-element elementor-element-044f6f8 e-flex e-con-boxed e-con e-parent\" data-id=\"044f6f8\" data-element_type=\"container\" data-e-type=\"container\" data-settings=\"{&quot;jet_parallax_layout_list&quot;:[]}\">\n\t\t\t\t\t<div class=\"e-con-inner\">\n\t\t<div class=\"elementor-element elementor-element-525b9b6 e-con-full e-flex e-con e-child\" data-id=\"525b9b6\" data-element_type=\"container\" data-e-type=\"container\" data-settings=\"{&quot;jet_parallax_layout_list&quot;:[]}\">\n\t\t\t\t<div class=\"elementor-element elementor-element-c7931f2 elementor-widget elementor-widget-heading\" data-id=\"c7931f2\" data-element_type=\"widget\" data-e-type=\"widget\" data-widget_type=\"heading.default\">\n\t\t\t\t<div class=\"elementor-widget-container\">\n\t\t\t\t\t<h2 class=\"elementor-heading-title elementor-size-default\">Personlig udvikling<\/h2>\t\t\t\t<\/div>\n\t\t\t\t<\/div>\n\t\t\t\t<\/div>\n\t\t<div class=\"elementor-element elementor-element-f0b056c e-con-full e-flex e-con e-child\" data-id=\"f0b056c\" data-element_type=\"container\" data-e-type=\"container\" data-settings=\"{&quot;jet_parallax_layout_list&quot;:[]}\">\n\t\t\t\t<div class=\"elementor-element elementor-element-5ef9ffe elementor-widget__width-initial elementor-widget elementor-widget-text-editor\" data-id=\"5ef9ffe\" data-element_type=\"widget\" data-e-type=\"widget\" data-widget_type=\"text-editor.default\">\n\t\t\t\t<div class=\"elementor-widget-container\">\n\t\t\t\t\t\t\t\t\t<p>Modellen hj\u00e6lper mennesker med at se p\u00e5 deres personlige m\u00e5l og p\u00e5, hvordan de h\u00e5ndterer udfordringer. Dette kan give udgangspunkter for at udvikle selvledelse i hverdagen.<\/p>\t\t\t\t\t\t\t\t<\/div>\n\t\t\t\t<\/div>\n\t\t\t\t<\/div>\n\t\t\t\t\t<\/div>\n\t\t\t\t<\/div>\n\t\t<div class=\"elementor-element elementor-element-c17755b e-flex e-con-boxed e-con e-parent\" data-id=\"c17755b\" data-element_type=\"container\" data-e-type=\"container\" data-settings=\"{&quot;jet_parallax_layout_list&quot;:[]}\">\n\t\t\t\t\t<div class=\"e-con-inner\">\n\t\t<div class=\"elementor-element elementor-element-b3b07fe e-con-full e-flex e-con e-child\" data-id=\"b3b07fe\" data-element_type=\"container\" data-e-type=\"container\" data-settings=\"{&quot;jet_parallax_layout_list&quot;:[]}\">\n\t\t\t\t<div class=\"elementor-element elementor-element-108d3d4 elementor-widget elementor-widget-heading\" data-id=\"108d3d4\" data-element_type=\"widget\" data-e-type=\"widget\" data-widget_type=\"heading.default\">\n\t\t\t\t<div class=\"elementor-widget-container\">\n\t\t\t\t\t<h2 class=\"elementor-heading-title elementor-size-default\">Uddannelse og coaching<\/h2>\t\t\t\t<\/div>\n\t\t\t\t<\/div>\n\t\t\t\t<\/div>\n\t\t<div class=\"elementor-element elementor-element-4c62b85 e-con-full e-flex e-con e-child\" data-id=\"4c62b85\" data-element_type=\"container\" data-e-type=\"container\" data-settings=\"{&quot;jet_parallax_layout_list&quot;:[]}\">\n\t\t\t\t<div class=\"elementor-element elementor-element-e0b9a33 elementor-widget__width-initial elementor-widget elementor-widget-text-editor\" data-id=\"e0b9a33\" data-element_type=\"widget\" data-e-type=\"widget\" data-widget_type=\"text-editor.default\">\n\t\t\t\t<div class=\"elementor-widget-container\">\n\t\t\t\t\t\t\t\t\t<p>Undervisere og coaches kan bruge persolog\u00ae-modellen for selvledelse til at st\u00f8tte mennesker med forskellige sp\u00f8rgsm\u00e5l vedr\u00f8rende m\u00e5l, motivation og selvstyring. Modellen giver en struktureret ramme hertil.<\/p>\t\t\t\t\t\t\t\t<\/div>\n\t\t\t\t<\/div>\n\t\t\t\t<\/div>\n\t\t\t\t\t<\/div>\n\t\t\t\t<\/div>\n\t\t<div class=\"elementor-element elementor-element-5f3aed3 e-flex e-con-boxed e-con e-parent\" data-id=\"5f3aed3\" data-element_type=\"container\" data-e-type=\"container\" data-settings=\"{&quot;jet_parallax_layout_list&quot;:[]}\">\n\t\t\t\t\t<div class=\"e-con-inner\">\n\t\t<div class=\"elementor-element elementor-element-edf0315 e-con-full e-flex e-con e-child\" data-id=\"edf0315\" data-element_type=\"container\" data-e-type=\"container\" data-settings=\"{&quot;jet_parallax_layout_list&quot;:[]}\">\n\t\t\t\t<div class=\"elementor-element elementor-element-30c7231 elementor-widget elementor-widget-heading\" data-id=\"30c7231\" data-element_type=\"widget\" data-e-type=\"widget\" data-widget_type=\"heading.default\">\n\t\t\t\t<div class=\"elementor-widget-container\">\n\t\t\t\t\t<h2 class=\"elementor-heading-title elementor-size-default\">Ledelse og personaleudvikling<\/h2>\t\t\t\t<\/div>\n\t\t\t\t<\/div>\n\t\t\t\t<\/div>\n\t\t<div class=\"elementor-element elementor-element-f3404f3 e-con-full e-flex e-con e-child\" data-id=\"f3404f3\" data-element_type=\"container\" data-e-type=\"container\" data-settings=\"{&quot;jet_parallax_layout_list&quot;:[]}\">\n\t\t\t\t<div class=\"elementor-element elementor-element-4c6922c elementor-widget__width-initial elementor-widget elementor-widget-text-editor\" data-id=\"4c6922c\" data-element_type=\"widget\" data-e-type=\"widget\" data-widget_type=\"text-editor.default\">\n\t\t\t\t<div class=\"elementor-widget-container\">\n\t\t\t\t\t\t\t\t\t<p>Selvledelse spiller ogs\u00e5 en vigtig rolle i en professionel sammenh\u00e6ng. Modellen kan anvendes inden for ledelse og personaleudvikling til at st\u00f8tte medarbejdere og ledere i at tage ansvar for deres egne handlinger og bevidst forf\u00f8lge personlige og faglige m\u00e5l.<\/p>\t\t\t\t\t\t\t\t<\/div>\n\t\t\t\t<\/div>\n\t\t\t\t<\/div>\n\t\t\t\t\t<\/div>\n\t\t\t\t<\/div>\n\t\t<div class=\"elementor-element elementor-element-e1cfabb e-flex e-con-boxed e-con e-parent\" data-id=\"e1cfabb\" data-element_type=\"container\" data-e-type=\"container\" data-settings=\"{&quot;jet_parallax_layout_list&quot;:[]}\">\n\t\t\t\t\t<div class=\"e-con-inner\">\n\t\t\t\t<div class=\"elementor-element elementor-element-1445d64 elementor-widget elementor-widget-heading\" data-id=\"1445d64\" data-element_type=\"widget\" data-e-type=\"widget\" data-widget_type=\"heading.default\">\n\t\t\t\t<div class=\"elementor-widget-container\">\n\t\t\t\t\t<h2 class=\"elementor-heading-title elementor-size-default\">Hvordan anvendes persolog\u00ae-modellen for selvledelse i praksis?<\/h2>\t\t\t\t<\/div>\n\t\t\t\t<\/div>\n\t\t<div class=\"elementor-element elementor-element-1543d11 e-con-full e-flex e-con e-child\" data-id=\"1543d11\" data-element_type=\"container\" data-e-type=\"container\" data-settings=\"{&quot;jet_parallax_layout_list&quot;:[]}\">\n\t\t<div class=\"elementor-element elementor-element-b983ffc e-con-full e-flex e-con e-child\" data-id=\"b983ffc\" data-element_type=\"container\" data-e-type=\"container\" data-settings=\"{&quot;jet_parallax_layout_list&quot;:[]}\">\n\t\t\t\t<div class=\"elementor-element elementor-element-2dc7a33 elementor-widget elementor-widget-image\" data-id=\"2dc7a33\" data-element_type=\"widget\" data-e-type=\"widget\" data-widget_type=\"image.default\">\n\t\t\t\t<div class=\"elementor-widget-container\">\n\t\t\t\t\t\t\t\t\t\t\t\t\t\t\t<img decoding=\"async\" src=\"https:\/\/persolog.com\/wp-content\/uploads\/elementor\/thumbs\/DE-IN300_Profil_Selbstfuehrung_1-rrinc8zeicdqbxysk8p9lxed7rsnm6sfdiip0wd9sg.avif\" title=\"DE-IN300_Profil_Selvstyring_1\" alt=\"persolog\u00ae Selbstf\u00fchrungs-Profil\" loading=\"lazy\" \/>\t\t\t\t\t\t\t\t\t\t\t\t\t\t\t<\/div>\n\t\t\t\t<\/div>\n\t\t\t\t<\/div>\n\t\t<div class=\"elementor-element elementor-element-9408842 e-con-full e-flex e-con e-child\" data-id=\"9408842\" data-element_type=\"container\" data-e-type=\"container\" data-settings=\"{&quot;jet_parallax_layout_list&quot;:[]}\">\n\t\t\t\t<div class=\"elementor-element elementor-element-92f0ef2 elementor-widget__width-initial elementor-widget elementor-widget-text-editor\" data-id=\"92f0ef2\" data-element_type=\"widget\" data-e-type=\"widget\" data-widget_type=\"text-editor.default\">\n\t\t\t\t<div class=\"elementor-widget-container\">\n\t\t\t\t\t\t\t\t\t<p>Den <strong>persolog\u00ae-profil for selvledelse<\/strong> giver et n\u00e6rmere indblik i din egen adf\u00e6rd inden for selvledelse. Der anvendes et sp\u00f8rgeskema til at kortl\u00e6gge forskellige omr\u00e5der af selvledelse, som derefter vurderes.<\/p><p>\u00a0<\/p><p>Resultaterne danner grundlag for at reflektere over din egen selvledelse og afklare, hvilke strategier der allerede anvendes effektivt, og hvor der er potentiale for yderligere udvikling.<\/p>\t\t\t\t\t\t\t\t<\/div>\n\t\t\t\t<\/div>\n\t\t\t\t<\/div>\n\t\t\t\t<\/div>\n\t\t\t\t\t<\/div>\n\t\t\t\t<\/div>\n\t\t<div class=\"elementor-element elementor-element-7639679 e-flex e-con-boxed e-con e-parent\" data-id=\"7639679\" data-element_type=\"container\" data-e-type=\"container\" data-settings=\"{&quot;jet_parallax_layout_list&quot;:[]}\">\n\t\t\t\t\t<div class=\"e-con-inner\">\n\t\t\t\t<div class=\"elementor-element elementor-element-6820038 elementor-widget elementor-widget-spacer\" data-id=\"6820038\" data-element_type=\"widget\" data-e-type=\"widget\" data-widget_type=\"spacer.default\">\n\t\t\t\t<div class=\"elementor-widget-container\">\n\t\t\t\t\t\t\t<div class=\"elementor-spacer\">\n\t\t\t<div class=\"elementor-spacer-inner\"><\/div>\n\t\t<\/div>\n\t\t\t\t\t\t<\/div>\n\t\t\t\t<\/div>\n\t\t\t\t<div class=\"elementor-element elementor-element-b65876d elementor-widget elementor-widget-heading\" data-id=\"b65876d\" data-element_type=\"widget\" data-e-type=\"widget\" data-widget_type=\"heading.default\">\n\t\t\t\t<div class=\"elementor-widget-container\">\n\t\t\t\t\t<h2 class=\"elementor-heading-title elementor-size-default\">Professionel anvendelse af persolog\u00ae-modellen for selvledelse<\/h2>\t\t\t\t<\/div>\n\t\t\t\t<\/div>\n\t\t\t\t<div class=\"elementor-element elementor-element-18557a6 elementor-widget__width-initial elementor-widget elementor-widget-text-editor\" data-id=\"18557a6\" data-element_type=\"widget\" data-e-type=\"widget\" data-widget_type=\"text-editor.default\">\n\t\t\t\t<div class=\"elementor-widget-container\">\n\t\t\t\t\t\t\t\t\t<p>Hvis du \u00f8nsker at anvende persolog\u00ae-modellen for selvledelse professionelt i forbindelse med kurser, coaching eller personaleudvikling, kan du blive certificeret i modellen. Under certificeringsforl\u00f8bet l\u00e6rer du om modellen for selvledelse og profilen for selvledelse samt, hvordan du anvender dem i kurser og coaching.<\/p>\t\t\t\t\t\t\t\t<\/div>\n\t\t\t\t<\/div>\n\t\t\t\t<div class=\"elementor-element elementor-element-2b01bce elementor-widget elementor-widget-heading\" data-id=\"2b01bce\" data-element_type=\"widget\" data-e-type=\"widget\" data-widget_type=\"heading.default\">\n\t\t\t\t<div class=\"elementor-widget-container\">\n\t\t\t\t\t<h3 class=\"elementor-heading-title elementor-size-default\">Hvem er certificeringen beregnet til?<\/h3>\t\t\t\t<\/div>\n\t\t\t\t<\/div>\n\t\t\t\t<div class=\"elementor-element elementor-element-98d20d4 elementor-widget elementor-widget-text-editor\" data-id=\"98d20d4\" data-element_type=\"widget\" data-e-type=\"widget\" data-widget_type=\"text-editor.default\">\n\t\t\t\t<div class=\"elementor-widget-container\">\n\t\t\t\t\t\t\t\t\t<p>Uddannelsen henvender sig til personer, der \u00f8nsker at undervise i selvledelse p\u00e5 professionelt niveau og hj\u00e6lpe andre med at udvikle deres kompetencer inden for selvledelse. Det omfatter undervisere, coaches, konsulenter, ledere og fagfolk, der arbejder inden for HR og personaleudvikling.<\/p>\t\t\t\t\t\t\t\t<\/div>\n\t\t\t\t<\/div>\n\t\t\t\t<div class=\"elementor-element elementor-element-7f580f4 elementor-align-left elementor-widget elementor-widget-button\" data-id=\"7f580f4\" data-element_type=\"widget\" data-e-type=\"widget\" data-no-translation=\"\" data-widget_type=\"button.default\">\n\t\t\t\t<div class=\"elementor-widget-container\">\n\t\t\t\t\t<style>.elementor-element-7f580f4{display:none !important}<\/style>\t\t\t\t<\/div>\n\t\t\t\t<\/div>\n\t\t\t\t<div class=\"elementor-element elementor-element-7ee858b elementor-widget elementor-widget-spacer\" data-id=\"7ee858b\" data-element_type=\"widget\" data-e-type=\"widget\" data-widget_type=\"spacer.default\">\n\t\t\t\t<div class=\"elementor-widget-container\">\n\t\t\t\t\t\t\t<div class=\"elementor-spacer\">\n\t\t\t<div class=\"elementor-spacer-inner\"><\/div>\n\t\t<\/div>\n\t\t\t\t\t\t<\/div>\n\t\t\t\t<\/div>\n\t\t\t\t<div class=\"elementor-element elementor-element-2a609e2 elementor-widget elementor-widget-spacer\" data-id=\"2a609e2\" data-element_type=\"widget\" data-e-type=\"widget\" data-widget_type=\"spacer.default\">\n\t\t\t\t<div class=\"elementor-widget-container\">\n\t\t\t\t\t\t\t<div class=\"elementor-spacer\">\n\t\t\t<div class=\"elementor-spacer-inner\"><\/div>\n\t\t<\/div>\n\t\t\t\t\t\t<\/div>\n\t\t\t\t<\/div>\n\t\t\t\t\t<\/div>\n\t\t\t\t<\/div>\n\t\t<div class=\"elementor-element elementor-element-722b114 e-con-full e-flex e-con e-parent\" data-id=\"722b114\" data-element_type=\"container\" data-e-type=\"container\" data-settings=\"{&quot;background_background&quot;:&quot;classic&quot;,&quot;jet_parallax_layout_list&quot;:[]}\">\n\t\t\t\t<div class=\"elementor-element elementor-element-0940c02 elementor-widget elementor-widget-heading\" data-id=\"0940c02\" data-element_type=\"widget\" data-e-type=\"widget\" data-widget_type=\"heading.default\">\n\t\t\t\t<div class=\"elementor-widget-container\">\n\t\t\t\t\t<h2 class=\"elementor-heading-title elementor-size-large\">Hvad vores kunder siger<\/h2>\t\t\t\t<\/div>\n\t\t\t\t<\/div>\n\t\t\t\t<\/div>\n\t\t<div class=\"elementor-element elementor-element-2d9c71b e-flex e-con-boxed e-con e-parent\" data-id=\"2d9c71b\" data-element_type=\"container\" data-e-type=\"container\" data-settings=\"{&quot;background_background&quot;:&quot;classic&quot;,&quot;jet_parallax_layout_list&quot;:[]}\">\n\t\t\t\t\t<div class=\"e-con-inner\">\n\t\t<div class=\"elementor-element elementor-element-f13d144 e-con-full e-flex e-con e-child\" data-id=\"f13d144\" data-element_type=\"container\" data-e-type=\"container\" data-settings=\"{&quot;jet_parallax_layout_list&quot;:[]}\">\n\t\t\t\t<div class=\"elementor-element elementor-element-c881082 elementor-blockquote--skin-quotation elementor-blockquote--align-center elementor-widget elementor-widget-blockquote\" data-id=\"c881082\" data-element_type=\"widget\" data-e-type=\"widget\" data-widget_type=\"blockquote.default\">\n\t\t\t\t<div class=\"elementor-widget-container\">\n\t\t\t\t\t\t\t<blockquote class=\"elementor-blockquote\">\n\t\t\t<p class=\"elementor-blockquote__content\">\n\t\t\t\tUddannelsen om selvledelse var meget interessant for mig, da den netop fokuserede p\u00e5 mine personlige udviklingsomr\u00e5der. Dens interaktivitet og udfordringer gjorde det meget forst\u00e5eligt og underholdende. Jeg var helt sikkert i stand til at videreudvikle mine selvledelsesevner og ved nu, hvad jeg kan v\u00e6re bedre opm\u00e6rksom p\u00e5 i min hverdag i fremtiden.\t\t\t<\/p>\n\t\t\t\t\t\t\t<div class=\"e-q-footer\">\n\t\t\t\t\t\t\t\t\t\t\t<cite class=\"elementor-blockquote__author\">Andrea Pitz<\/cite>\n\t\t\t\t\t\t\t\t\t\t\t\t\t\t<\/div>\n\t\t\t\t\t<\/blockquote>\n\t\t\t\t\t\t<\/div>\n\t\t\t\t<\/div>\n\t\t\t\t<\/div>\n\t\t<div class=\"elementor-element elementor-element-ef3075e e-con-full e-flex e-con e-child\" data-id=\"ef3075e\" data-element_type=\"container\" data-e-type=\"container\" data-settings=\"{&quot;jet_parallax_layout_list&quot;:[]}\">\n\t\t\t\t<div class=\"elementor-element elementor-element-892469c elementor-blockquote--skin-quotation elementor-blockquote--align-center elementor-widget elementor-widget-blockquote\" data-id=\"892469c\" data-element_type=\"widget\" data-e-type=\"widget\" data-widget_type=\"blockquote.default\">\n\t\t\t\t<div class=\"elementor-widget-container\">\n\t\t\t\t\t\t\t<blockquote class=\"elementor-blockquote\">\n\t\t\t<p class=\"elementor-blockquote__content\">\n\t\t\t\t\"Jeg deltog i online-certificeringen \"Self Leadership Model\" og kan kun anbefale den til alle. Alt indholdet blev pr\u00e6senteret meget tydeligt, og jeg fandt nemt rundt i materialet. Der bliver svaret p\u00e5 kommentarer og bem\u00e6rkninger: Derfor havde jeg aldrig fornemmelsen af, at jeg var \"alene\u00ab eller at jeg ikke kunne stille sp\u00f8rgsm\u00e5l. Tv\u00e6rtimod. Indholdsm\u00e6ssigt fik jeg masser af eksempler og metoder, som er gode at anvende 1:1. (Selvf\u00f8lgelig kan jeg stadig supplere eller udskifte dem p\u00e5 egen h\u00e5nd, afh\u00e6ngigt af hvad jeg personligt \u00f8nsker at tilbyde). Seminarkonceptet er super!!! Jeg er meget taknemmelig for dette, for jeg beh\u00f8ver simpelthen ikke at g\u00f8re noget mere \ud83d\ude42 Underviserne er super sjove... Jeg elsker deres humor. Den perfekte blanding af professionalisme og sjov. Man kan m\u00e6rke, hvor meget de elsker deres arbejde, og deres korte personlige historier g\u00f8r dem im\u00f8dekommende og autentiske. Tusind tak!!!\"\t\t\t<\/p>\n\t\t\t\t\t\t\t<div class=\"e-q-footer\">\n\t\t\t\t\t\t\t\t\t\t\t<cite class=\"elementor-blockquote__author\">Shabnam Ramzani, Personal &amp; Training<\/cite>\n\t\t\t\t\t\t\t\t\t\t\t\t\t\t<\/div>\n\t\t\t\t\t<\/blockquote>\n\t\t\t\t\t\t<\/div>\n\t\t\t\t<\/div>\n\t\t\t\t<\/div>\n\t\t\t\t\t<\/div>\n\t\t\t\t<\/div>\n\t\t<div class=\"elementor-element elementor-element-03d943a e-flex e-con-boxed e-con e-parent\" data-id=\"03d943a\" data-element_type=\"container\" data-e-type=\"container\" data-settings=\"{&quot;jet_parallax_layout_list&quot;:[]}\">\n\t\t\t\t\t<div class=\"e-con-inner\">\n\t\t<div class=\"elementor-element elementor-element-716fe83 e-con-full e-flex e-con e-child\" data-id=\"716fe83\" data-element_type=\"container\" data-e-type=\"container\" data-settings=\"{&quot;jet_parallax_layout_list&quot;:[]}\">\n\t\t<div class=\"elementor-element elementor-element-6aa3994 e-con-full e-flex e-con e-child\" data-id=\"6aa3994\" data-element_type=\"container\" data-e-type=\"container\" data-settings=\"{&quot;jet_parallax_layout_list&quot;:[]}\">\n\t\t\t\t<div class=\"elementor-element elementor-element-cf775ca elementor-widget elementor-widget-heading\" data-id=\"cf775ca\" data-element_type=\"widget\" data-e-type=\"widget\" data-widget_type=\"heading.default\">\n\t\t\t\t<div class=\"elementor-widget-container\">\n\t\t\t\t\t<h2 class=\"elementor-heading-title elementor-size-default\">Ofte stillede sp\u00f8rgsm\u00e5l om persolog\u00ae-modellen for selvledelse<\/h2>\t\t\t\t<\/div>\n\t\t\t\t<\/div>\n\t\t\t\t<\/div>\n\t\t<div class=\"elementor-element elementor-element-045c261 e-con-full e-flex e-con e-child\" data-id=\"045c261\" data-element_type=\"container\" data-e-type=\"container\" data-settings=\"{&quot;jet_parallax_layout_list&quot;:[]}\">\n\t\t\t\t<div class=\"elementor-element elementor-element-eb74333 elementor-widget elementor-widget-n-accordion\" data-id=\"eb74333\" data-element_type=\"widget\" data-e-type=\"widget\" data-settings=\"{&quot;default_state&quot;:&quot;all_collapsed&quot;,&quot;max_items_expended&quot;:&quot;one&quot;,&quot;n_accordion_animation_duration&quot;:{&quot;unit&quot;:&quot;ms&quot;,&quot;size&quot;:400,&quot;sizes&quot;:[]}}\" data-widget_type=\"nested-accordion.default\">\n\t\t\t\t<div class=\"elementor-widget-container\">\n\t\t\t\t\t\t\t<div class=\"e-n-accordion\" aria-label=\"Accordeon. \u00c5bn links med Enter eller Space, luk med Escape, og naviger med piletasterne.\">\n\t\t\t\t\t\t<details id=\"e-n-accordion-item-2460\" class=\"e-n-accordion-item\" >\n\t\t\t\t<summary class=\"e-n-accordion-item-title\" data-accordion-index=\"1\" tabindex=\"0\" aria-expanded=\"false\" aria-controls=\"e-n-accordion-item-2460\" >\n\t\t\t\t\t<span class='e-n-accordion-item-title-header'><h3 class=\"e-n-accordion-item-title-text\"> Hvad er forskellen mellem selvledelse og selvstyring? <\/h3><\/span>\n\t\t\t\t\t\t\t<span class='e-n-accordion-item-title-icon'>\n\t\t\t<span class='e-opened' ><svg aria-hidden=\"true\" class=\"e-font-icon-svg e-fas-minus\" viewbox=\"0 0 448 512\" xmlns=\"http:\/\/www.w3.org\/2000\/svg\"><path d=\"M416 208H32c-17.67 0-32 14.33-32 32v32c0 17.67 14.33 32 32 32h384c17.67 0 32-14.33 32-32v-32c0-17.67-14.33-32-32-32z\"><\/path><\/svg><\/span>\n\t\t\t<span class='e-closed'><svg aria-hidden=\"true\" class=\"e-font-icon-svg e-fas-plus\" viewbox=\"0 0 448 512\" xmlns=\"http:\/\/www.w3.org\/2000\/svg\"><path d=\"M416 208H272V64c0-17.67-14.33-32-32-32h-32c-17.67 0-32 14.33-32 32v144H32c-17.67 0-32 14.33-32 32v32c0 17.67 14.33 32 32 32h144v144c0 17.67 14.33 32 32 32h32c17.67 0 32-14.33 32-32V304h144c17.67 0 32-14.33 32-32v-32c0-17.67-14.33-32-32-32z\"><\/path><\/svg><\/span>\n\t\t<\/span>\n\n\t\t\t\t\t\t<\/summary>\n\t\t\t\t<div role=\"region\" aria-labelledby=\"e-n-accordion-item-2460\" class=\"elementor-element elementor-element-ef5c661 e-con-full e-flex e-con e-child\" data-id=\"ef5c661\" data-element_type=\"container\" data-e-type=\"container\" data-settings=\"{&quot;jet_parallax_layout_list&quot;:[]}\">\n\t\t<div role=\"region\" aria-labelledby=\"e-n-accordion-item-2460\" class=\"elementor-element elementor-element-a010095 e-flex e-con-boxed e-con e-child\" data-id=\"a010095\" data-element_type=\"container\" data-e-type=\"container\" data-settings=\"{&quot;jet_parallax_layout_list&quot;:[]}\">\n\t\t\t\t\t<div class=\"e-con-inner\">\n\t\t\t\t<div class=\"elementor-element elementor-element-a373906 elementor-widget elementor-widget-text-editor\" data-id=\"a373906\" data-element_type=\"widget\" data-e-type=\"widget\" data-widget_type=\"text-editor.default\">\n\t\t\t\t<div class=\"elementor-widget-container\">\n\t\t\t\t\t\t\t\t\t<p>Selvledelse fokuserer p\u00e5, hvordan mennesker p\u00e5virker deres tanker, f\u00f8lelser og handlinger for at n\u00e5 personlige m\u00e5l. Selvstyring forbindes ofte i h\u00f8jere grad med at organisere sine egne handlinger og de ressourcer, man har til r\u00e5dighed. Persolog\u00ae-modellen for selvledelse tager derfor ud over adf\u00e6rd ogs\u00e5 h\u00f8jde for t\u00e6nkning, f\u00f8lelser og energi.<\/p>\t\t\t\t\t\t\t\t<\/div>\n\t\t\t\t<\/div>\n\t\t\t\t\t<\/div>\n\t\t\t\t<\/div>\n\t\t\t\t<\/div>\n\t\t\t\t\t<\/details>\n\t\t\t\t\t\t<details id=\"e-n-accordion-item-2461\" class=\"e-n-accordion-item\" >\n\t\t\t\t<summary class=\"e-n-accordion-item-title\" data-accordion-index=\"2\" tabindex=\"-1\" aria-expanded=\"false\" aria-controls=\"e-n-accordion-item-2461\" >\n\t\t\t\t\t<span class='e-n-accordion-item-title-header'><h3 class=\"e-n-accordion-item-title-text\"> Hvorfor er selvledelse vigtig for ledere? <\/h3><\/span>\n\t\t\t\t\t\t\t<span class='e-n-accordion-item-title-icon'>\n\t\t\t<span class='e-opened' ><svg aria-hidden=\"true\" class=\"e-font-icon-svg e-fas-minus\" viewbox=\"0 0 448 512\" xmlns=\"http:\/\/www.w3.org\/2000\/svg\"><path d=\"M416 208H32c-17.67 0-32 14.33-32 32v32c0 17.67 14.33 32 32 32h384c17.67 0 32-14.33 32-32v-32c0-17.67-14.33-32-32-32z\"><\/path><\/svg><\/span>\n\t\t\t<span class='e-closed'><svg aria-hidden=\"true\" class=\"e-font-icon-svg e-fas-plus\" viewbox=\"0 0 448 512\" xmlns=\"http:\/\/www.w3.org\/2000\/svg\"><path d=\"M416 208H272V64c0-17.67-14.33-32-32-32h-32c-17.67 0-32 14.33-32 32v144H32c-17.67 0-32 14.33-32 32v32c0 17.67 14.33 32 32 32h144v144c0 17.67 14.33 32 32 32h32c17.67 0 32-14.33 32-32V304h144c17.67 0 32-14.33 32-32v-32c0-17.67-14.33-32-32-32z\"><\/path><\/svg><\/span>\n\t\t<\/span>\n\n\t\t\t\t\t\t<\/summary>\n\t\t\t\t<div role=\"region\" aria-labelledby=\"e-n-accordion-item-2461\" class=\"elementor-element elementor-element-f53b654 e-con-full e-flex e-con e-child\" data-id=\"f53b654\" data-element_type=\"container\" data-e-type=\"container\" data-settings=\"{&quot;jet_parallax_layout_list&quot;:[]}\">\n\t\t<div role=\"region\" aria-labelledby=\"e-n-accordion-item-2461\" class=\"elementor-element elementor-element-0335563 e-flex e-con-boxed e-con e-child\" data-id=\"0335563\" data-element_type=\"container\" data-e-type=\"container\" data-settings=\"{&quot;jet_parallax_layout_list&quot;:[]}\">\n\t\t\t\t\t<div class=\"e-con-inner\">\n\t\t\t\t<div class=\"elementor-element elementor-element-38bf124 elementor-widget elementor-widget-text-editor\" data-id=\"38bf124\" data-element_type=\"widget\" data-e-type=\"widget\" data-widget_type=\"text-editor.default\">\n\t\t\t\t<div class=\"elementor-widget-container\">\n\t\t\t\t\t\t\t\t\t<p>Selvledelse hj\u00e6lper ledere med bevidst at reflektere over deres egne handlinger, personlige m\u00e5l og den m\u00e5de, de h\u00e5ndterer udfordringer p\u00e5. Motivation og den m\u00e5de, de forvalter deres egne ressourcer p\u00e5, spiller ogs\u00e5 en rolle. At udvikle kompetencer inden for selvledelse kan derfor v\u00e6re en del af ledelsesudviklingen.<\/p>\t\t\t\t\t\t\t\t<\/div>\n\t\t\t\t<\/div>\n\t\t\t\t\t<\/div>\n\t\t\t\t<\/div>\n\t\t\t\t<\/div>\n\t\t\t\t\t<\/details>\n\t\t\t\t\t\t<details id=\"e-n-accordion-item-2462\" class=\"e-n-accordion-item\" >\n\t\t\t\t<summary class=\"e-n-accordion-item-title\" data-accordion-index=\"3\" tabindex=\"-1\" aria-expanded=\"false\" aria-controls=\"e-n-accordion-item-2462\" >\n\t\t\t\t\t<span class='e-n-accordion-item-title-header'><h3 class=\"e-n-accordion-item-title-text\"> Hvordan kan selvledelse v\u00e6re en hj\u00e6lp i det daglige arbejde? <\/h3><\/span>\n\t\t\t\t\t\t\t<span class='e-n-accordion-item-title-icon'>\n\t\t\t<span class='e-opened' ><svg aria-hidden=\"true\" class=\"e-font-icon-svg e-fas-minus\" viewbox=\"0 0 448 512\" xmlns=\"http:\/\/www.w3.org\/2000\/svg\"><path d=\"M416 208H32c-17.67 0-32 14.33-32 32v32c0 17.67 14.33 32 32 32h384c17.67 0 32-14.33 32-32v-32c0-17.67-14.33-32-32-32z\"><\/path><\/svg><\/span>\n\t\t\t<span class='e-closed'><svg aria-hidden=\"true\" class=\"e-font-icon-svg e-fas-plus\" viewbox=\"0 0 448 512\" xmlns=\"http:\/\/www.w3.org\/2000\/svg\"><path d=\"M416 208H272V64c0-17.67-14.33-32-32-32h-32c-17.67 0-32 14.33-32 32v144H32c-17.67 0-32 14.33-32 32v32c0 17.67 14.33 32 32 32h144v144c0 17.67 14.33 32 32 32h32c17.67 0 32-14.33 32-32V304h144c17.67 0 32-14.33 32-32v-32c0-17.67-14.33-32-32-32z\"><\/path><\/svg><\/span>\n\t\t<\/span>\n\n\t\t\t\t\t\t<\/summary>\n\t\t\t\t<div role=\"region\" aria-labelledby=\"e-n-accordion-item-2462\" class=\"elementor-element elementor-element-9410693 e-con-full e-flex e-con e-child\" data-id=\"9410693\" data-element_type=\"container\" data-e-type=\"container\" data-settings=\"{&quot;jet_parallax_layout_list&quot;:[]}\">\n\t\t<div role=\"region\" aria-labelledby=\"e-n-accordion-item-2462\" class=\"elementor-element elementor-element-f015cbc e-flex e-con-boxed e-con e-child\" data-id=\"f015cbc\" data-element_type=\"container\" data-e-type=\"container\" data-settings=\"{&quot;jet_parallax_layout_list&quot;:[]}\">\n\t\t\t\t\t<div class=\"e-con-inner\">\n\t\t\t\t<div class=\"elementor-element elementor-element-a6234f1 elementor-widget elementor-widget-text-editor\" data-id=\"a6234f1\" data-element_type=\"widget\" data-e-type=\"widget\" data-widget_type=\"text-editor.default\">\n\t\t\t\t<div class=\"elementor-widget-container\">\n\t\t\t\t\t\t\t\t\t<p>Selvledelse kan hj\u00e6lpe dig med at tilpasse din adf\u00e6rd mere bevidst i det daglige arbejde og forts\u00e6tte med at forf\u00f8lge personlige eller professionelle m\u00e5l, selv n\u00e5r der opst\u00e5r udfordringer. Hvilke omr\u00e5der der er s\u00e6rligt relevante, afh\u00e6nger af situationen og de konkrete udfordringer.<\/p>\t\t\t\t\t\t\t\t<\/div>\n\t\t\t\t<\/div>\n\t\t\t\t\t<\/div>\n\t\t\t\t<\/div>\n\t\t\t\t<\/div>\n\t\t\t\t\t<\/details>\n\t\t\t\t\t\t<details id=\"e-n-accordion-item-2463\" class=\"e-n-accordion-item\" >\n\t\t\t\t<summary class=\"e-n-accordion-item-title\" data-accordion-index=\"4\" tabindex=\"-1\" aria-expanded=\"false\" aria-controls=\"e-n-accordion-item-2463\" >\n\t\t\t\t\t<span class='e-n-accordion-item-title-header'><h3 class=\"e-n-accordion-item-title-text\"> Hvilken rolle spiller personligt ansvar i selvledelse? <\/h3><\/span>\n\t\t\t\t\t\t\t<span class='e-n-accordion-item-title-icon'>\n\t\t\t<span class='e-opened' ><svg aria-hidden=\"true\" class=\"e-font-icon-svg e-fas-minus\" viewbox=\"0 0 448 512\" xmlns=\"http:\/\/www.w3.org\/2000\/svg\"><path d=\"M416 208H32c-17.67 0-32 14.33-32 32v32c0 17.67 14.33 32 32 32h384c17.67 0 32-14.33 32-32v-32c0-17.67-14.33-32-32-32z\"><\/path><\/svg><\/span>\n\t\t\t<span class='e-closed'><svg aria-hidden=\"true\" class=\"e-font-icon-svg e-fas-plus\" viewbox=\"0 0 448 512\" xmlns=\"http:\/\/www.w3.org\/2000\/svg\"><path d=\"M416 208H272V64c0-17.67-14.33-32-32-32h-32c-17.67 0-32 14.33-32 32v144H32c-17.67 0-32 14.33-32 32v32c0 17.67 14.33 32 32 32h144v144c0 17.67 14.33 32 32 32h32c17.67 0 32-14.33 32-32V304h144c17.67 0 32-14.33 32-32v-32c0-17.67-14.33-32-32-32z\"><\/path><\/svg><\/span>\n\t\t<\/span>\n\n\t\t\t\t\t\t<\/summary>\n\t\t\t\t<div role=\"region\" aria-labelledby=\"e-n-accordion-item-2463\" class=\"elementor-element elementor-element-d95f1b5 e-flex e-con-boxed e-con e-child\" data-id=\"d95f1b5\" data-element_type=\"container\" data-e-type=\"container\" data-settings=\"{&quot;jet_parallax_layout_list&quot;:[]}\">\n\t\t\t\t\t<div class=\"e-con-inner\">\n\t\t<div role=\"region\" aria-labelledby=\"e-n-accordion-item-2463\" class=\"elementor-element elementor-element-99e5511 e-con-full e-flex e-con e-child\" data-id=\"99e5511\" data-element_type=\"container\" data-e-type=\"container\" data-settings=\"{&quot;jet_parallax_layout_list&quot;:[]}\">\n\t\t\t\t<div class=\"elementor-element elementor-element-4f11fb9 elementor-widget elementor-widget-text-editor\" data-id=\"4f11fb9\" data-element_type=\"widget\" data-e-type=\"widget\" data-widget_type=\"text-editor.default\">\n\t\t\t\t<div class=\"elementor-widget-container\">\n\t\t\t\t\t\t\t\t\t<p>Personligt ansvar betyder, at man tager ansvar for sine egne handlinger og bevidst udnytter de omr\u00e5der, man kan p\u00e5virke. Det er relevant for selvledelse, fordi personlige m\u00e5l skal forf\u00f8lges gennem egne handlinger og ikke blot defineres. Det indeb\u00e6rer, at man er bevidst om sin egen rolle og de handlinger, man har til r\u00e5dighed.<\/p>\t\t\t\t\t\t\t\t<\/div>\n\t\t\t\t<\/div>\n\t\t\t\t<\/div>\n\t\t\t\t\t<\/div>\n\t\t\t\t<\/div>\n\t\t\t\t\t<\/details>\n\t\t\t\t\t\t<details id=\"e-n-accordion-item-2464\" class=\"e-n-accordion-item\" >\n\t\t\t\t<summary class=\"e-n-accordion-item-title\" data-accordion-index=\"5\" tabindex=\"-1\" aria-expanded=\"false\" aria-controls=\"e-n-accordion-item-2464\" >\n\t\t\t\t\t<span class='e-n-accordion-item-title-header'><h3 class=\"e-n-accordion-item-title-text\"> Hvad kan g\u00f8re det sv\u00e6rt at ud\u00f8ve selvledelse? <\/h3><\/span>\n\t\t\t\t\t\t\t<span class='e-n-accordion-item-title-icon'>\n\t\t\t<span class='e-opened' ><svg aria-hidden=\"true\" class=\"e-font-icon-svg e-fas-minus\" viewbox=\"0 0 448 512\" xmlns=\"http:\/\/www.w3.org\/2000\/svg\"><path d=\"M416 208H32c-17.67 0-32 14.33-32 32v32c0 17.67 14.33 32 32 32h384c17.67 0 32-14.33 32-32v-32c0-17.67-14.33-32-32-32z\"><\/path><\/svg><\/span>\n\t\t\t<span class='e-closed'><svg aria-hidden=\"true\" class=\"e-font-icon-svg e-fas-plus\" viewbox=\"0 0 448 512\" xmlns=\"http:\/\/www.w3.org\/2000\/svg\"><path d=\"M416 208H272V64c0-17.67-14.33-32-32-32h-32c-17.67 0-32 14.33-32 32v144H32c-17.67 0-32 14.33-32 32v32c0 17.67 14.33 32 32 32h144v144c0 17.67 14.33 32 32 32h32c17.67 0 32-14.33 32-32V304h144c17.67 0 32-14.33 32-32v-32c0-17.67-14.33-32-32-32z\"><\/path><\/svg><\/span>\n\t\t<\/span>\n\n\t\t\t\t\t\t<\/summary>\n\t\t\t\t<div role=\"region\" aria-labelledby=\"e-n-accordion-item-2464\" class=\"elementor-element elementor-element-46fbc8d e-flex e-con-boxed e-con e-child\" data-id=\"46fbc8d\" data-element_type=\"container\" data-e-type=\"container\" data-settings=\"{&quot;jet_parallax_layout_list&quot;:[]}\">\n\t\t\t\t\t<div class=\"e-con-inner\">\n\t\t<div role=\"region\" aria-labelledby=\"e-n-accordion-item-2464\" class=\"elementor-element elementor-element-a0c5b84 e-con-full e-flex e-con e-child\" data-id=\"a0c5b84\" data-element_type=\"container\" data-e-type=\"container\" data-settings=\"{&quot;jet_parallax_layout_list&quot;:[]}\">\n\t\t\t\t<div class=\"elementor-element elementor-element-aaf0146 elementor-widget elementor-widget-text-editor\" data-id=\"aaf0146\" data-element_type=\"widget\" data-e-type=\"widget\" data-widget_type=\"text-editor.default\">\n\t\t\t\t<div class=\"elementor-widget-container\">\n\t\t\t\t\t\t\t\t\t<p>Selvledelse kan blive sv\u00e6rere, n\u00e5r m\u00e5lene er uklare, eller n\u00e5r motivation og viljestyrke mangler. Din egen adf\u00e6rd, dine f\u00f8lelser, dit personlige milj\u00f8 og din tilg\u00e6ngelige energi kan ogs\u00e5 p\u00e5virke, hvor godt du form\u00e5r at holde fast i et m\u00e5l. Persolog\u00ae-modellen for selvledelse tager h\u00f8jde for disse forskellige omr\u00e5der inden for sine fire dimensioner.<\/p>\t\t\t\t\t\t\t\t<\/div>\n\t\t\t\t<\/div>\n\t\t\t\t<\/div>\n\t\t\t\t\t<\/div>\n\t\t\t\t<\/div>\n\t\t\t\t\t<\/details>\n\t\t\t\t\t<\/div>\n\t\t\t\t\t\t<\/div>\n\t\t\t\t<\/div>\n\t\t\t\t<div class=\"elementor-element elementor-element-4311303 elementor-widget elementor-widget-spacer\" data-id=\"4311303\" data-element_type=\"widget\" data-e-type=\"widget\" data-widget_type=\"spacer.default\">\n\t\t\t\t<div class=\"elementor-widget-container\">\n\t\t\t\t\t\t\t<div class=\"elementor-spacer\">\n\t\t\t<div class=\"elementor-spacer-inner\"><\/div>\n\t\t<\/div>\n\t\t\t\t\t\t<\/div>\n\t\t\t\t<\/div>\n\t\t\t\t<\/div>\n\t\t\t\t<\/div>\n\t\t\t\t\t<\/div>\n\t\t\t\t<\/div>\n\t\t\t\t<\/div>","protected":false},"excerpt":{"rendered":"<p>Lead yourself and consciously pursue your personal goals persolog\u00ae Self-Leadership Model Achieving personal goals is not just about knowing what you want to accomplish. Motivation, willpower, your own behavior and how you manage your personal energy also play a role. The persolog\u00ae Self-Leadership Model helps you look at your self-leadership from different perspectives and develop [&hellip;]<\/p>\n","protected":false},"author":3,"featured_media":0,"parent":0,"menu_order":7,"comment_status":"closed","ping_status":"closed","template":"","meta":{"_acf_changed":false,"site-sidebar-layout":"no-sidebar","site-content-layout":"page-builder","ast-site-content-layout":"default","site-content-style":"default","site-sidebar-style":"default","ast-global-header-display":"","ast-banner-title-visibility":"","ast-main-header-display":"","ast-hfb-above-header-display":"","ast-hfb-below-header-display":"","ast-hfb-mobile-header-display":"","site-post-title":"disabled","ast-breadcrumbs-content":"","ast-featured-img":"disabled","footer-sml-layout":"","ast-disable-related-posts":"","theme-transparent-header-meta":"","adv-header-id-meta":"","stick-header-meta":"","header-above-stick-meta":"","header-main-stick-meta":"","header-below-stick-meta":"","astra-migrate-meta-layouts":"default","ast-page-background-enabled":"default","ast-page-background-meta":{"desktop":{"background-color":"var(--ast-global-color-4)","background-image":"","background-repeat":"repeat","background-position":"center center","background-size":"auto","background-attachment":"scroll","background-type":"","background-media":"","overlay-type":"","overlay-color":"","overlay-opacity":"","overlay-gradient":""},"tablet":{"background-color":"","background-image":"","background-repeat":"repeat","background-position":"center center","background-size":"auto","background-attachment":"scroll","background-type":"","background-media":"","overlay-type":"","overlay-color":"","overlay-opacity":"","overlay-gradient":""},"mobile":{"background-color":"","background-image":"","background-repeat":"repeat","background-position":"center center","background-size":"auto","background-attachment":"scroll","background-type":"","background-media":"","overlay-type":"","overlay-color":"","overlay-opacity":"","overlay-gradient":""}},"ast-content-background-meta":{"desktop":{"background-color":"var(--ast-global-color-5)","background-image":"","background-repeat":"repeat","background-position":"center center","background-size":"auto","background-attachment":"scroll","background-type":"","background-media":"","overlay-type":"","overlay-color":"","overlay-opacity":"","overlay-gradient":""},"tablet":{"background-color":"var(--ast-global-color-5)","background-image":"","background-repeat":"repeat","background-position":"center center","background-size":"auto","background-attachment":"scroll","background-type":"","background-media":"","overlay-type":"","overlay-color":"","overlay-opacity":"","overlay-gradient":""},"mobile":{"background-color":"var(--ast-global-color-5)","background-image":"","background-repeat":"repeat","background-position":"center center","background-size":"auto","background-attachment":"scroll","background-type":"","background-media":"","overlay-type":"","overlay-color":"","overlay-opacity":"","overlay-gradient":""}},"footnotes":""},"class_list":["post-3562","page","type-page","status-publish","hentry"],"acf":[],"yoast_head":"<!-- This site is optimized with the Yoast SEO Premium plugin v28.2 (Yoast SEO v28.3) - https:\/\/yoast.com\/product\/yoast-seo-premium-wordpress\/ -->\n<title>persolog\u00ae Self Leadership Model - persolog Homepage<\/title>\n<meta name=\"description\" content=\"Take control of your life with the persolog\u00ae self-leadership model. Develop self-reflection, motivation and self-responsibility to achieve your goals and live a fulfilled life.\" \/>\n<meta name=\"robots\" content=\"index, follow, max-snippet:-1, max-image-preview:large, max-video-preview:-1\" \/>\n<link rel=\"canonical\" href=\"https:\/\/persolog.com\/da\/persolog-self-leadership-model\/\" \/>\n<meta property=\"og:locale\" content=\"da_DK\" \/>\n<meta property=\"og:type\" content=\"article\" \/>\n<meta property=\"og:title\" content=\"persolog\u00ae Self Leadership Model\" \/>\n<meta property=\"og:description\" content=\"Take control of your life with the persolog\u00ae self-leadership model. Develop self-reflection, motivation and self-responsibility to achieve your goals and live a fulfilled life.\" \/>\n<meta property=\"og:url\" content=\"https:\/\/persolog.com\/da\/persolog-self-leadership-model\/\" \/>\n<meta property=\"og:site_name\" content=\"persolog Homepage\" \/>\n<meta property=\"article:publisher\" content=\"https:\/\/www.facebook.com\/persolog.persoenlichkeitsentwicklung\/?locale=de_DE\" \/>\n<meta property=\"article:modified_time\" content=\"2026-08-28T10:42:38+00:00\" \/>\n<meta name=\"twitter:card\" content=\"summary_large_image\" \/>\n<meta name=\"twitter:label1\" content=\"Estimeret l\u00e6setid\" \/>\n\t<meta name=\"twitter:data1\" content=\"9 minutter\" \/>\n<script type=\"application\/ld+json\" class=\"yoast-schema-graph\">{\"@context\":\"https:\\\/\\\/schema.org\",\"@graph\":[{\"@type\":\"WebPage\",\"@id\":\"https:\\\/\\\/persolog.com\\\/persolog-self-leadership-model\\\/\",\"url\":\"https:\\\/\\\/persolog.com\\\/persolog-self-leadership-model\\\/\",\"name\":\"persolog\u00ae Self Leadership Model - persolog Homepage\",\"isPartOf\":{\"@id\":\"https:\\\/\\\/persolog.com\\\/#website\"},\"primaryImageOfPage\":{\"@id\":\"https:\\\/\\\/persolog.com\\\/persolog-self-leadership-model\\\/#primaryimage\"},\"image\":{\"@id\":\"https:\\\/\\\/persolog.com\\\/persolog-self-leadership-model\\\/#primaryimage\"},\"thumbnailUrl\":\"https:\\\/\\\/persolog.com\\\/wp-content\\\/uploads\\\/2025\\\/03\\\/AdobeStock_284618179-scaled.avif\",\"datePublished\":\"2023-06-28T09:11:14+00:00\",\"dateModified\":\"2026-08-28T10:42:38+00:00\",\"description\":\"Take control of your life with the persolog\u00ae self-leadership model. Develop self-reflection, motivation and self-responsibility to achieve your goals and live a fulfilled life.\",\"breadcrumb\":{\"@id\":\"https:\\\/\\\/persolog.com\\\/persolog-self-leadership-model\\\/#breadcrumb\"},\"inLanguage\":\"da-DK\",\"potentialAction\":[{\"@type\":\"ReadAction\",\"target\":[\"https:\\\/\\\/persolog.com\\\/persolog-self-leadership-model\\\/\"]}]},{\"@type\":\"ImageObject\",\"inLanguage\":\"da-DK\",\"@id\":\"https:\\\/\\\/persolog.com\\\/persolog-self-leadership-model\\\/#primaryimage\",\"url\":\"https:\\\/\\\/persolog.com\\\/wp-content\\\/uploads\\\/2025\\\/03\\\/AdobeStock_284618179-scaled.avif\",\"contentUrl\":\"https:\\\/\\\/persolog.com\\\/wp-content\\\/uploads\\\/2025\\\/03\\\/AdobeStock_284618179-scaled.avif\"},{\"@type\":\"BreadcrumbList\",\"@id\":\"https:\\\/\\\/persolog.com\\\/persolog-self-leadership-model\\\/#breadcrumb\",\"itemListElement\":[{\"@type\":\"ListItem\",\"position\":1,\"name\":\"Startseite\",\"item\":\"https:\\\/\\\/persolog.com\\\/\"},{\"@type\":\"ListItem\",\"position\":2,\"name\":\"persolog\u00ae Self Leadership Model\"}]},{\"@type\":\"WebSite\",\"@id\":\"https:\\\/\\\/persolog.com\\\/#website\",\"url\":\"https:\\\/\\\/persolog.com\\\/\",\"name\":\"persolog\u00ae Homepage\",\"description\":\"Develop organizations through people\",\"publisher\":{\"@id\":\"https:\\\/\\\/persolog.com\\\/#organization\"},\"potentialAction\":[{\"@type\":\"SearchAction\",\"target\":{\"@type\":\"EntryPoint\",\"urlTemplate\":\"https:\\\/\\\/persolog.com\\\/?s={search_term_string}\"},\"query-input\":{\"@type\":\"PropertyValueSpecification\",\"valueRequired\":true,\"valueName\":\"search_term_string\"}}],\"inLanguage\":\"da-DK\"},{\"@type\":\"Organization\",\"@id\":\"https:\\\/\\\/persolog.com\\\/#organization\",\"name\":\"persolog\u00ae GmbH\",\"url\":\"https:\\\/\\\/persolog.com\\\/\",\"logo\":{\"@type\":\"ImageObject\",\"inLanguage\":\"da-DK\",\"@id\":\"https:\\\/\\\/persolog.com\\\/#\\\/schema\\\/logo\\\/image\\\/\",\"url\":\"https:\\\/\\\/persolog.com\\\/wp-content\\\/uploads\\\/2023\\\/05\\\/persolog-logo-refreshed.svg\",\"contentUrl\":\"https:\\\/\\\/persolog.com\\\/wp-content\\\/uploads\\\/2023\\\/05\\\/persolog-logo-refreshed.svg\",\"width\":150,\"height\":36,\"caption\":\"persolog\u00ae GmbH\"},\"image\":{\"@id\":\"https:\\\/\\\/persolog.com\\\/#\\\/schema\\\/logo\\\/image\\\/\"},\"sameAs\":[\"https:\\\/\\\/www.facebook.com\\\/persolog.persoenlichkeitsentwicklung\\\/?locale=de_DE\",\"https:\\\/\\\/de.linkedin.com\\\/company\\\/persolog-gmbh\",\"https:\\\/\\\/www.instagram.com\\\/persolog_\\\/\"]}]}<\/script>\n<!-- \/ Yoast SEO Premium plugin. -->","yoast_head_json":{"title":"persolog\u00ae Self Leadership Model - persolog Hjemmeside","description":"Tag kontrol over dit liv med persolog\u00ae selvledelsesmodellen. Udvikl selvrefleksion, motivation og selvansvar for at n\u00e5 dine m\u00e5l og leve et opfyldt liv.","robots":{"index":"index","follow":"follow","max-snippet":"max-snippet:-1","max-image-preview":"max-image-preview:large","max-video-preview":"max-video-preview:-1"},"canonical":"https:\/\/persolog.com\/da\/persolog-self-leadership-model\/","og_locale":"da_DK","og_type":"article","og_title":"persolog\u00ae Self Leadership Model","og_description":"Take control of your life with the persolog\u00ae self-leadership model. Develop self-reflection, motivation and self-responsibility to achieve your goals and live a fulfilled life.","og_url":"https:\/\/persolog.com\/da\/persolog-self-leadership-model\/","og_site_name":"persolog Homepage","article_publisher":"https:\/\/www.facebook.com\/persolog.persoenlichkeitsentwicklung\/?locale=de_DE","article_modified_time":"2026-08-28T10:42:38+00:00","twitter_card":"summary_large_image","twitter_misc":{"Estimeret l\u00e6setid":"9 minutter"},"schema":{"@context":"https:\/\/schema.org","@graph":[{"@type":"WebPage","@id":"https:\/\/persolog.com\/persolog-self-leadership-model\/","url":"https:\/\/persolog.com\/persolog-self-leadership-model\/","name":"persolog\u00ae Self Leadership Model - persolog Hjemmeside","isPartOf":{"@id":"https:\/\/persolog.com\/#website"},"primaryImageOfPage":{"@id":"https:\/\/persolog.com\/persolog-self-leadership-model\/#primaryimage"},"image":{"@id":"https:\/\/persolog.com\/persolog-self-leadership-model\/#primaryimage"},"thumbnailUrl":"https:\/\/persolog.com\/wp-content\/uploads\/2025\/03\/AdobeStock_284618179-scaled.avif","datePublished":"2023-06-28T09:11:14+00:00","dateModified":"2026-08-28T10:42:38+00:00","description":"Tag kontrol over dit liv med persolog\u00ae selvledelsesmodellen. Udvikl selvrefleksion, motivation og selvansvar for at n\u00e5 dine m\u00e5l og leve et opfyldt liv.","breadcrumb":{"@id":"https:\/\/persolog.com\/persolog-self-leadership-model\/#breadcrumb"},"inLanguage":"da-DK","potentialAction":[{"@type":"ReadAction","target":["https:\/\/persolog.com\/persolog-self-leadership-model\/"]}]},{"@type":"ImageObject","inLanguage":"da-DK","@id":"https:\/\/persolog.com\/persolog-self-leadership-model\/#primaryimage","url":"https:\/\/persolog.com\/wp-content\/uploads\/2025\/03\/AdobeStock_284618179-scaled.avif","contentUrl":"https:\/\/persolog.com\/wp-content\/uploads\/2025\/03\/AdobeStock_284618179-scaled.avif"},{"@type":"BreadcrumbList","@id":"https:\/\/persolog.com\/persolog-self-leadership-model\/#breadcrumb","itemListElement":[{"@type":"ListItem","position":1,"name":"Startseite","item":"https:\/\/persolog.com\/"},{"@type":"ListItem","position":2,"name":"persolog\u00ae Self Leadership Model"}]},{"@type":"WebSite","@id":"https:\/\/persolog.com\/#website","url":"https:\/\/persolog.com\/","name":"persolog\u00ae Hjemmeside","description":"Udvikle organisationer gennem mennesker","publisher":{"@id":"https:\/\/persolog.com\/#organization"},"potentialAction":[{"@type":"SearchAction","target":{"@type":"EntryPoint","urlTemplate":"https:\/\/persolog.com\/?s={search_term_string}"},"query-input":{"@type":"PropertyValueSpecification","valueRequired":true,"valueName":"search_term_string"}}],"inLanguage":"da-DK"},{"@type":"Organization","@id":"https:\/\/persolog.com\/#organization","name":"persolog\u00ae GmbH","url":"https:\/\/persolog.com\/","logo":{"@type":"ImageObject","inLanguage":"da-DK","@id":"https:\/\/persolog.com\/#\/schema\/logo\/image\/","url":"https:\/\/persolog.com\/wp-content\/uploads\/2023\/05\/persolog-logo-refreshed.svg","contentUrl":"https:\/\/persolog.com\/wp-content\/uploads\/2023\/05\/persolog-logo-refreshed.svg","width":150,"height":36,"caption":"persolog\u00ae GmbH"},"image":{"@id":"https:\/\/persolog.com\/#\/schema\/logo\/image\/"},"sameAs":["https:\/\/www.facebook.com\/persolog.persoenlichkeitsentwicklung\/?locale=de_DE","https:\/\/de.linkedin.com\/company\/persolog-gmbh","https:\/\/www.instagram.com\/persolog_\/"]}]}},"_links":{"self":[{"href":"https:\/\/persolog.com\/da\/wp-json\/wp\/v2\/pages\/3562","targetHints":{"allow":["GET"]}}],"collection":[{"href":"https:\/\/persolog.com\/da\/wp-json\/wp\/v2\/pages"}],"about":[{"href":"https:\/\/persolog.com\/da\/wp-json\/wp\/v2\/types\/page"}],"author":[{"embeddable":true,"href":"https:\/\/persolog.com\/da\/wp-json\/wp\/v2\/users\/3"}],"replies":[{"embeddable":true,"href":"https:\/\/persolog.com\/da\/wp-json\/wp\/v2\/comments?post=3562"}],"version-history":[{"count":97,"href":"https:\/\/persolog.com\/da\/wp-json\/wp\/v2\/pages\/3562\/revisions"}],"predecessor-version":[{"id":36721,"href":"https:\/\/persolog.com\/da\/wp-json\/wp\/v2\/pages\/3562\/revisions\/36721"}],"wp:attachment":[{"href":"https:\/\/persolog.com\/da\/wp-json\/wp\/v2\/media?parent=3562"}],"curies":[{"name":"wp","href":"https:\/\/api.w.org\/{rel}","templated":true}]}}