{"id":3528,"date":"2023-06-28T09:35:08","date_gmt":"2023-06-28T07:35:08","guid":{"rendered":"https:\/\/beta.persolog.de\/?page_id=3528"},"modified":"2026-08-24T15:45:04","modified_gmt":"2026-08-24T13:45:04","slug":"persolog-resilience-organization-model","status":"publish","type":"page","link":"https:\/\/persolog.com\/fr\/persolog-resilience-organization-model\/","title":{"rendered":"Mod\u00e8le d&#039;organisation de r\u00e9silience persolog\u00ae"},"content":{"rendered":"<div data-elementor-type=\"wp-page\" data-elementor-id=\"3528\" class=\"elementor elementor-3528\" data-elementor-post-type=\"page\">\n\t\t\t\t<div class=\"elementor-element elementor-element-7f0f22b e-flex e-con-boxed e-con e-parent\" data-id=\"7f0f22b\" data-element_type=\"container\" data-e-type=\"container\" data-settings=\"{&quot;jet_parallax_layout_list&quot;:[]}\">\n\t\t\t\t\t<div class=\"e-con-inner\">\n\t\t<div class=\"elementor-element elementor-element-531f0cc e-con-full e-flex e-con e-child\" data-id=\"531f0cc\" data-element_type=\"container\" data-e-type=\"container\" data-settings=\"{&quot;jet_parallax_layout_list&quot;:[]}\">\n\t\t\t\t<div class=\"elementor-element elementor-element-f87539a elementor-widget elementor-widget-image\" data-id=\"f87539a\" data-element_type=\"widget\" data-e-type=\"widget\" data-widget_type=\"image.default\">\n\t\t\t\t<div class=\"elementor-widget-container\">\n\t\t\t\t\t\t\t\t\t\t\t\t\t\t\t<img fetchpriority=\"high\" decoding=\"async\" width=\"2560\" height=\"929\" src=\"https:\/\/persolog.com\/wp-content\/uploads\/2023\/06\/persolog_organization_resilience-model-small-scaled.avif\" class=\"attachment-full size-full wp-image-3531\" alt=\"\" srcset=\"https:\/\/persolog.com\/wp-content\/uploads\/2023\/06\/persolog_organization_resilience-model-small-scaled.avif 2560w, https:\/\/persolog.com\/wp-content\/uploads\/2023\/06\/persolog_organization_resilience-model-small-300x109.avif 300w, https:\/\/persolog.com\/wp-content\/uploads\/2023\/06\/persolog_organization_resilience-model-small-1024x372.avif 1024w, https:\/\/persolog.com\/wp-content\/uploads\/2023\/06\/persolog_organization_resilience-model-small-768x279.avif 768w, https:\/\/persolog.com\/wp-content\/uploads\/2023\/06\/persolog_organization_resilience-model-small-1536x558.avif 1536w, https:\/\/persolog.com\/wp-content\/uploads\/2023\/06\/persolog_organization_resilience-model-small-2048x743.avif 2048w, https:\/\/persolog.com\/wp-content\/uploads\/2023\/06\/persolog_organization_resilience-model-small-18x7.avif 18w\" sizes=\"(max-width: 2560px) 100vw, 2560px\" \/>\t\t\t\t\t\t\t\t\t\t\t\t\t\t\t<\/div>\n\t\t\t\t<\/div>\n\t\t<div class=\"elementor-element elementor-element-a8e0820 e-con-full e-flex e-con e-child\" data-id=\"a8e0820\" data-element_type=\"container\" data-e-type=\"container\" data-settings=\"{&quot;background_background&quot;:&quot;classic&quot;,&quot;jet_parallax_layout_list&quot;:[]}\">\n\t\t\t\t<div class=\"elementor-element elementor-element-e507d36 uael-heading-align-center elementor-widget elementor-widget-uael-advanced-heading\" data-id=\"e507d36\" data-element_type=\"widget\" data-e-type=\"widget\" data-widget_type=\"uael-advanced-heading.default\">\n\t\t\t\t<div class=\"elementor-widget-container\">\n\t\t\t\t\t\n\t\t<div class=\"uael-module-content uael-heading-wrapper\">\n\t\t\t\t\t\t\t\t\t\t<div class=\"uael-sub-heading elementor-inline-editing\" data-elementor-setting-key=\"sub_heading\" data-elementor-inline-editing-toolbar=\"advanced\" >Comprendre et d\u00e9velopper la r\u00e9silience organisationnelle<\/div>\n\t\t\t\n\t\t\t<h1 class=\"uael-heading\">\n\t\t\t\t\t\t\t\t\t\t<span class=\"uael-heading-text elementor-inline-editing uael-size--default\" data-elementor-setting-key=\"heading_title\" data-elementor-inline-editing-toolbar=\"basic\">Mod\u00e8le d&#039;organisation de r\u00e9silience persolog\u00ae<\/span>\n\t\t\t\t\t\t\t<\/h1>\n\n\t\t\t\n\t\t\t\n\t\t\t\n\t\t\t\t\t\t<\/div>\n\t\t\t\t\t\t<\/div>\n\t\t\t\t<\/div>\n\t\t\t\t<div class=\"elementor-element elementor-element-57b9863 elementor-widget elementor-widget-text-editor\" data-id=\"57b9863\" data-element_type=\"widget\" data-e-type=\"widget\" data-widget_type=\"text-editor.default\">\n\t\t\t\t<div class=\"elementor-widget-container\">\n\t\t\t\t\t\t\t\t\t<p>Les changements, les crises et les d\u00e9fis inattendus font partie du quotidien des organisations. Le mod\u00e8le d\u2019organisation r\u00e9siliente persolog\u00ae permet de mettre en \u00e9vidence la r\u00e9silience organisationnelle et de la d\u00e9velopper davantage. Il s\u2019articule autour de neuf facteurs qui influencent la r\u00e9silience et la capacit\u00e9 d\u2019adaptation d\u2019une organisation.<\/p>\t\t\t\t\t\t\t\t<\/div>\n\t\t\t\t<\/div>\n\t\t\t\t<div class=\"elementor-element elementor-element-b3928ed elementor-align-left elementor-widget elementor-widget-button\" data-id=\"b3928ed\" data-element_type=\"widget\" data-e-type=\"widget\" data-widget_type=\"button.default\">\n\t\t\t\t<div class=\"elementor-widget-container\">\n\t\t\t\t\t\t\t\t\t<div class=\"elementor-button-wrapper\">\n\t\t\t\t\t<a class=\"elementor-button elementor-button-link elementor-size-xl\" href=\"https:\/\/academy.persolog.de\/en-certification-roe-digital?utm_source=homepage&#038;utm_medium=button\" target=\"_blank\">\n\t\t\t\t\t\t<span class=\"elementor-button-content-wrapper\">\n\t\t\t\t\t\t\t\t\t<span class=\"elementor-button-text\">En savoir plus sur la certification<\/span>\n\t\t\t\t\t<\/span>\n\t\t\t\t\t<\/a>\n\t\t\t\t<\/div>\n\t\t\t\t\t\t\t\t<\/div>\n\t\t\t\t<\/div>\n\t\t\t\t<\/div>\n\t\t\t\t<\/div>\n\t\t\t\t\t<\/div>\n\t\t\t\t<\/div>\n\t\t<div class=\"elementor-element elementor-element-e45aa05 e-flex e-con-boxed e-con e-parent\" data-id=\"e45aa05\" data-element_type=\"container\" data-e-type=\"container\" data-settings=\"{&quot;jet_parallax_layout_list&quot;:[]}\">\n\t\t\t\t\t<div class=\"e-con-inner\">\n\t\t\t\t<div class=\"elementor-element elementor-element-b225939 elementor-widget elementor-widget-spacer\" data-id=\"b225939\" data-element_type=\"widget\" data-e-type=\"widget\" data-widget_type=\"spacer.default\">\n\t\t\t\t<div class=\"elementor-widget-container\">\n\t\t\t\t\t\t\t<div class=\"elementor-spacer\">\n\t\t\t<div class=\"elementor-spacer-inner\"><\/div>\n\t\t<\/div>\n\t\t\t\t\t\t<\/div>\n\t\t\t\t<\/div>\n\t\t\t\t<div class=\"elementor-element elementor-element-1cf919a elementor-widget elementor-widget-heading\" data-id=\"1cf919a\" data-element_type=\"widget\" data-e-type=\"widget\" data-widget_type=\"heading.default\">\n\t\t\t\t<div class=\"elementor-widget-container\">\n\t\t\t\t\t<h2 class=\"elementor-heading-title elementor-size-default\">Qu'est-ce que la r\u00e9silience organisationnelle ?<\/h2>\t\t\t\t<\/div>\n\t\t\t\t<\/div>\n\t\t\t\t<div class=\"elementor-element elementor-element-db3585f elementor-widget__width-initial elementor-widget elementor-widget-text-editor\" data-id=\"db3585f\" data-element_type=\"widget\" data-e-type=\"widget\" data-widget_type=\"text-editor.default\">\n\t\t\t\t<div class=\"elementor-widget-container\">\n\t\t\t\t\t\t\t\t\t<p>La r\u00e9silience organisationnelle d\u00e9signe une <strong>la capacit\u00e9 de l'organisation \u00e0 faire face au changement, aux crises et aux d\u00e9fis impr\u00e9vus, \u00e0 conserver sa capacit\u00e9 d'action et \u00e0 s'adapter \u00e0 de nouvelles conditions.<\/strong> Il ne s'agit pas seulement de surmonter des situations difficiles. Les organisations r\u00e9silientes identifient les changements qui surviennent dans leur environnement, y r\u00e9agissent et tirent les le\u00e7ons de leurs exp\u00e9riences.<\/p>\t\t\t\t\t\t\t\t<\/div>\n\t\t\t\t<\/div>\n\t\t\t\t<div class=\"elementor-element elementor-element-ca15900 elementor-widget elementor-widget-heading\" data-id=\"ca15900\" data-element_type=\"widget\" data-e-type=\"widget\" data-widget_type=\"heading.default\">\n\t\t\t\t<div class=\"elementor-widget-container\">\n\t\t\t\t\t<h3 class=\"elementor-heading-title elementor-size-default\">La r\u00e9silience organisationnelle va au-del\u00e0 de la r\u00e9silience individuelle et de la r\u00e9silience d'\u00e9quipe.<\/h3>\t\t\t\t<\/div>\n\t\t\t\t<\/div>\n\t\t\t\t<div class=\"elementor-element elementor-element-9cbff99 elementor-widget__width-initial elementor-widget elementor-widget-text-editor\" data-id=\"9cbff99\" data-element_type=\"widget\" data-e-type=\"widget\" data-widget_type=\"text-editor.default\">\n\t\t\t\t<div class=\"elementor-widget-container\">\n\t\t\t\t\t\t\t\t\t<p><strong><a href=\"https:\/\/persolog.com\/fr\/persolog-resilience-model\/\">R\u00e9silience personnelle<\/a><\/strong>, <strong><a href=\"https:\/\/persolog.com\/fr\/persolog-team-resilience-model\/\">la r\u00e9silience de l'\u00e9quipe<\/a><\/strong> et la r\u00e9silience organisationnelle mettent l'accent sur <strong>diff\u00e9rents niveaux de r\u00e9silience<\/strong>. La r\u00e9silience personnelle concerne l'individu, la r\u00e9silience d'\u00e9quipe porte sur la mani\u00e8re dont une \u00e9quipe rel\u00e8ve collectivement les d\u00e9fis, et la r\u00e9silience organisationnelle concerne l'organisation dans son ensemble.<\/p><p>Des collaborateurs et des \u00e9quipes r\u00e9silients peuvent contribuer \u00e0 la r\u00e9silience d\u2019une organisation. Cependant, cela ne rend pas automatiquement l\u2019organisation r\u00e9siliente. Au niveau organisationnel, d\u2019autres facteurs tels que <strong>le leadership, la culture d'entreprise, les relations avec le march\u00e9, les ressources, le partage des connaissances et la capacit\u00e9 \u00e0 \u00e9voluer<\/strong> jouent un r\u00f4le important.<\/p>\t\t\t\t\t\t\t\t<\/div>\n\t\t\t\t<\/div>\n\t\t\t\t\t<\/div>\n\t\t\t\t<\/div>\n\t\t<div class=\"elementor-element elementor-element-1675024 e-flex e-con-boxed e-con e-parent\" data-id=\"1675024\" data-element_type=\"container\" data-e-type=\"container\" data-settings=\"{&quot;jet_parallax_layout_list&quot;:[]}\">\n\t\t\t\t\t<div class=\"e-con-inner\">\n\t\t\t\t<div class=\"elementor-element elementor-element-70465a7 elementor-widget elementor-widget-spacer\" data-id=\"70465a7\" data-element_type=\"widget\" data-e-type=\"widget\" data-widget_type=\"spacer.default\">\n\t\t\t\t<div class=\"elementor-widget-container\">\n\t\t\t\t\t\t\t<div class=\"elementor-spacer\">\n\t\t\t<div class=\"elementor-spacer-inner\"><\/div>\n\t\t<\/div>\n\t\t\t\t\t\t<\/div>\n\t\t\t\t<\/div>\n\t\t\t\t<div class=\"elementor-element elementor-element-3a83c00 elementor-widget elementor-widget-heading\" data-id=\"3a83c00\" data-element_type=\"widget\" data-e-type=\"widget\" data-widget_type=\"heading.default\">\n\t\t\t\t<div class=\"elementor-widget-container\">\n\t\t\t\t\t<h2 class=\"elementor-heading-title elementor-size-default\">Qu'est-ce que le mod\u00e8le d'organisation r\u00e9siliente persolog\u00ae ?<\/h2>\t\t\t\t<\/div>\n\t\t\t\t<\/div>\n\t\t<div class=\"elementor-element elementor-element-3ad1ab5 e-con-full e-flex e-con e-child\" data-id=\"3ad1ab5\" data-element_type=\"container\" data-e-type=\"container\" data-settings=\"{&quot;jet_parallax_layout_list&quot;:[]}\">\n\t\t<div class=\"elementor-element elementor-element-f1321c2 e-con-full e-flex e-con e-child\" data-id=\"f1321c2\" data-element_type=\"container\" data-e-type=\"container\" data-settings=\"{&quot;jet_parallax_layout_list&quot;:[]}\">\n\t\t\t\t<div class=\"elementor-element elementor-element-4fd9690 elementor-widget__width-initial elementor-widget elementor-widget-image\" data-id=\"4fd9690\" data-element_type=\"widget\" data-e-type=\"widget\" data-widget_type=\"image.default\">\n\t\t\t\t<div class=\"elementor-widget-container\">\n\t\t\t\t\t\t\t\t\t\t\t\t\t\t\t\t<a href=\"https:\/\/persolog.com\/wp-content\/uploads\/2023\/06\/US_Organisationale-Resilienz_Grafik-Windmuehle-copyright.avif\" data-elementor-open-lightbox=\"yes\" data-elementor-lightbox-title=\"US_Organisationale Resilienz_Grafik Windm\u00fchle-copyright\" data-e-action-hash=\"#elementor-action%3Aaction%3Dlightbox%26settings%3DeyJpZCI6MzUzMiwidXJsIjoiaHR0cHM6XC9cL3BlcnNvbG9nLmNvbVwvd3AtY29udGVudFwvdXBsb2Fkc1wvMjAyM1wvMDZcL1VTX09yZ2FuaXNhdGlvbmFsZS1SZXNpbGllbnpfR3JhZmlrLVdpbmRtdWVobGUtY29weXJpZ2h0LmF2aWYifQ%3D%3D\">\n\t\t\t\t\t\t\t<img decoding=\"async\" width=\"247\" height=\"300\" src=\"https:\/\/persolog.com\/wp-content\/uploads\/2023\/06\/US_Organisationale-Resilienz_Grafik-Windmuehle-copyright-247x300.avif\" class=\"attachment-medium size-medium wp-image-3532\" alt=\"\" srcset=\"https:\/\/persolog.com\/wp-content\/uploads\/2023\/06\/US_Organisationale-Resilienz_Grafik-Windmuehle-copyright-247x300.avif 247w, https:\/\/persolog.com\/wp-content\/uploads\/2023\/06\/US_Organisationale-Resilienz_Grafik-Windmuehle-copyright-10x12.png 10w, https:\/\/persolog.com\/wp-content\/uploads\/2023\/06\/US_Organisationale-Resilienz_Grafik-Windmuehle-copyright.avif 487w\" sizes=\"(max-width: 247px) 100vw, 247px\" \/>\t\t\t\t\t\t\t\t<\/a>\n\t\t\t\t\t\t\t\t\t\t\t\t\t\t\t<\/div>\n\t\t\t\t<\/div>\n\t\t\t\t<div class=\"elementor-element elementor-element-a5f520d elementor-widget__width-initial elementor-widget elementor-widget-image\" data-id=\"a5f520d\" data-element_type=\"widget\" data-e-type=\"widget\" data-no-translation=\"\" data-widget_type=\"image.default\">\n\t\t\t\t<div class=\"elementor-widget-container\">\n\t\t\t\t\t<style>.elementor-element-a5f520d{display:none !important}<\/style>\t\t\t\t<\/div>\n\t\t\t\t<\/div>\n\t\t\t\t<\/div>\n\t\t<div class=\"elementor-element elementor-element-96c9328 e-con-full e-flex e-con e-child\" data-id=\"96c9328\" data-element_type=\"container\" data-e-type=\"container\" data-settings=\"{&quot;jet_parallax_layout_list&quot;:[]}\">\n\t\t\t\t<div class=\"elementor-element elementor-element-2fcb407 elementor-widget__width-initial elementor-widget elementor-widget-text-editor\" data-id=\"2fcb407\" data-element_type=\"widget\" data-e-type=\"widget\" data-widget_type=\"text-editor.default\">\n\t\t\t\t<div class=\"elementor-widget-container\">\n\t\t\t\t\t\t\t\t\t<p>Le mod\u00e8le d\u2019organisation \u00ab Resilience \u00bb de persolog\u00ae permet d\u2019examiner de plus pr\u00e8s la r\u00e9silience et la capacit\u00e9 d\u2019adaptation d\u2019une organisation. Il montre comment une organisation se positionne dans diff\u00e9rents domaines de la r\u00e9silience organisationnelle.<\/p><p>Ce mod\u00e8le s'inscrit dans le cadre de <strong>ISO 22316 \u201c S\u00e9curit\u00e9 et r\u00e9silience \u2013 R\u00e9silience organisationnelle \u2013 Principes et caract\u00e9ristiques \u201d<\/strong>. Elle d\u00e9crit les principes et les caract\u00e9ristiques essentiels de la r\u00e9silience organisationnelle. Sur la base de cette norme ISO, nous avons d\u00e9fini la <strong>les neuf facteurs du mod\u00e8le d'organisation de la r\u00e9silience persolog\u00ae<\/strong> et ont \u00e9labor\u00e9 un questionnaire permettant d'\u00e9valuer la r\u00e9silience d'une organisation et de mener une r\u00e9flexion \u00e0 ce sujet.<\/p>\t\t\t\t\t\t\t\t<\/div>\n\t\t\t\t<\/div>\n\t\t\t\t<\/div>\n\t\t\t\t<\/div>\n\t\t\t\t\t<\/div>\n\t\t\t\t<\/div>\n\t\t<div class=\"elementor-element elementor-element-adde09c e-flex e-con-boxed e-con e-parent\" data-id=\"adde09c\" data-element_type=\"container\" data-e-type=\"container\" data-settings=\"{&quot;jet_parallax_layout_list&quot;:[]}\">\n\t\t\t\t\t<div class=\"e-con-inner\">\n\t\t\t\t<div class=\"elementor-element elementor-element-eb5995d elementor-widget elementor-widget-heading\" data-id=\"eb5995d\" data-element_type=\"widget\" data-e-type=\"widget\" data-widget_type=\"heading.default\">\n\t\t\t\t<div class=\"elementor-widget-container\">\n\t\t\t\t\t<h2 class=\"elementor-heading-title elementor-size-default\">Les 9 facteurs du mod\u00e8le d'organisation r\u00e9siliente persolog\u00ae<\/h2>\t\t\t\t<\/div>\n\t\t\t\t<\/div>\n\t\t\t\t<div class=\"elementor-element elementor-element-910034f elementor-widget__width-initial elementor-widget elementor-widget-text-editor\" data-id=\"910034f\" data-element_type=\"widget\" data-e-type=\"widget\" data-widget_type=\"text-editor.default\">\n\t\t\t\t<div class=\"elementor-widget-container\">\n\t\t\t\t\t\t\t\t\t<p>Ces neuf facteurs couvrent diff\u00e9rents domaines d'une organisation, allant de la vision et des objectifs au leadership et \u00e0 la culture, en passant par les connaissances, les ressources et la gestion du changement.<\/p>\t\t\t\t\t\t\t\t<\/div>\n\t\t\t\t<\/div>\n\t\t<div class=\"elementor-element elementor-element-b1ff375 e-con-full e-flex e-con e-child\" data-id=\"b1ff375\" data-element_type=\"container\" data-e-type=\"container\" data-settings=\"{&quot;jet_parallax_layout_list&quot;:[]}\">\n\t\t<div class=\"elementor-element elementor-element-036ba79 e-con-full e-flex e-con e-child\" data-id=\"036ba79\" data-element_type=\"container\" data-e-type=\"container\" data-settings=\"{&quot;background_background&quot;:&quot;classic&quot;,&quot;jet_parallax_layout_list&quot;:[]}\">\n\t\t\t\t<div class=\"elementor-element elementor-element-caa0292 elementor-widget elementor-widget-image\" data-id=\"caa0292\" data-element_type=\"widget\" data-e-type=\"widget\" data-widget_type=\"image.default\">\n\t\t\t\t<div class=\"elementor-widget-container\">\n\t\t\t\t\t\t\t\t\t\t\t\t\t\t\t<img decoding=\"async\" src=\"https:\/\/persolog.com\/wp-content\/uploads\/elementor\/thumbs\/Icon1_OrgaResilienzProfil_VisionZieleLeben-rsdg8qttrjm097ik1knmraz7zasrjp9wnc77j6hxbc.png\" title=\"Icon1_Profil_de_r\u00e9silience_organisationnelle_Vision_Objectifs_Vie\" alt=\"Facteur de r\u00e9silience organisationnelle n\u00b0 1\" loading=\"lazy\" \/>\t\t\t\t\t\t\t\t\t\t\t\t\t\t\t<\/div>\n\t\t\t\t<\/div>\n\t\t\t\t<div class=\"elementor-element elementor-element-a745e42 elementor-widget elementor-widget-heading\" data-id=\"a745e42\" data-element_type=\"widget\" data-e-type=\"widget\" data-widget_type=\"heading.default\">\n\t\t\t\t<div class=\"elementor-widget-container\">\n\t\t\t\t\t<h3 class=\"elementor-heading-title elementor-size-medium\">1. Vision et objectifs concrets<\/h3>\t\t\t\t<\/div>\n\t\t\t\t<\/div>\n\t\t\t\t<div class=\"elementor-element elementor-element-5e9f3dd elementor-widget elementor-widget-text-editor\" data-id=\"5e9f3dd\" data-element_type=\"widget\" data-e-type=\"widget\" data-widget_type=\"text-editor.default\">\n\t\t\t\t<div class=\"elementor-widget-container\">\n\t\t\t\t\t\t\t\t\t<p>Mettre en pratique une vision et des objectifs signifie qu\u2019une organisation a une id\u00e9e claire de son avenir et que cette vision guide son travail au quotidien. Ce qui importe, c\u2019est que la vision et les objectifs ne soient pas seulement d\u00e9finis, mais qu\u2019ils soient \u00e9galement compris par les collaborateurs et se refl\u00e8tent dans leurs actions quotidiennes.<\/p>\t\t\t\t\t\t\t\t<\/div>\n\t\t\t\t<\/div>\n\t\t\t\t<\/div>\n\t\t<div class=\"elementor-element elementor-element-ba6fc71 e-con-full e-flex e-con e-child\" data-id=\"ba6fc71\" data-element_type=\"container\" data-e-type=\"container\" data-settings=\"{&quot;background_background&quot;:&quot;classic&quot;,&quot;jet_parallax_layout_list&quot;:[]}\">\n\t\t\t\t<div class=\"elementor-element elementor-element-3f3cba1 elementor-widget elementor-widget-image\" data-id=\"3f3cba1\" data-element_type=\"widget\" data-e-type=\"widget\" data-widget_type=\"image.default\">\n\t\t\t\t<div class=\"elementor-widget-container\">\n\t\t\t\t\t\t\t\t\t\t\t\t\t\t\t<img decoding=\"async\" src=\"https:\/\/persolog.com\/wp-content\/uploads\/elementor\/thumbs\/Icon2_OrgaResilienzProfil_MarktbeziehungenStaerken-rsdgc6witobutqibx2adwfo2e5t7rqyh4ebavpdyi0.png\" title=\"Icon2_Profil de r\u00e9silience organisationnelle_Relations avec le march\u00e9_Points forts\" alt=\"Facteur de r\u00e9silience organisationnelle n\u00b0 2\" loading=\"lazy\" \/>\t\t\t\t\t\t\t\t\t\t\t\t\t\t\t<\/div>\n\t\t\t\t<\/div>\n\t\t\t\t<div class=\"elementor-element elementor-element-002c123 elementor-widget elementor-widget-heading\" data-id=\"002c123\" data-element_type=\"widget\" data-e-type=\"widget\" data-widget_type=\"heading.default\">\n\t\t\t\t<div class=\"elementor-widget-container\">\n\t\t\t\t\t<h3 class=\"elementor-heading-title elementor-size-medium\">2. Renforcement des relations avec les march\u00e9s<\/h3>\t\t\t\t<\/div>\n\t\t\t\t<\/div>\n\t\t\t\t<div class=\"elementor-element elementor-element-b8cc568 elementor-widget elementor-widget-text-editor\" data-id=\"b8cc568\" data-element_type=\"widget\" data-e-type=\"widget\" data-widget_type=\"text-editor.default\">\n\t\t\t\t<div class=\"elementor-widget-container\">\n\t\t\t\t\t\t\t\t\t<p>Renforcer les relations avec le march\u00e9 implique d\u2019identifier les \u00e9volutions pertinentes dans l\u2019environnement de l\u2019organisation et d\u2019entretenir des relations avec les principaux partenaires et parties prenantes externes. Cela peut permettre d\u2019identifier tr\u00e8s t\u00f4t les changements, les opportunit\u00e9s et les d\u00e9fis potentiels, et d\u2019en tenir compte lors de la prise de d\u00e9cision.<\/p>\t\t\t\t\t\t\t\t<\/div>\n\t\t\t\t<\/div>\n\t\t\t\t<\/div>\n\t\t<div class=\"elementor-element elementor-element-c17faec e-con-full e-flex e-con e-child\" data-id=\"c17faec\" data-element_type=\"container\" data-e-type=\"container\" data-settings=\"{&quot;background_background&quot;:&quot;classic&quot;,&quot;jet_parallax_layout_list&quot;:[]}\">\n\t\t\t\t<div class=\"elementor-element elementor-element-e72d623 elementor-widget elementor-widget-image\" data-id=\"e72d623\" data-element_type=\"widget\" data-e-type=\"widget\" data-widget_type=\"image.default\">\n\t\t\t\t<div class=\"elementor-widget-container\">\n\t\t\t\t\t\t\t\t\t\t\t\t\t\t\t<img decoding=\"async\" src=\"https:\/\/persolog.com\/wp-content\/uploads\/elementor\/thumbs\/Icon3_OrgaResilienzProfil_BefaehigendFuehren-rsdgdnjhgebwvwdvdp1hs2dvnqlrqsrfzmuhr77wtk.png\" title=\"Icon3_Profil_de_r\u00e9silience_organisationnelle_Un_leadership_qui_donne_les_moyens\" alt=\"Facteur de r\u00e9silience organisationnelle n\u00b0 3\" loading=\"lazy\" \/>\t\t\t\t\t\t\t\t\t\t\t\t\t\t\t<\/div>\n\t\t\t\t<\/div>\n\t\t\t\t<div class=\"elementor-element elementor-element-0e9c3e4 elementor-widget elementor-widget-heading\" data-id=\"0e9c3e4\" data-element_type=\"widget\" data-e-type=\"widget\" data-widget_type=\"heading.default\">\n\t\t\t\t<div class=\"elementor-widget-container\">\n\t\t\t\t\t<h3 class=\"elementor-heading-title elementor-size-medium\">3. Un leadership qui valorise les responsabilit\u00e9s<\/h3>\t\t\t\t<\/div>\n\t\t\t\t<\/div>\n\t\t\t\t<div class=\"elementor-element elementor-element-0b7835b elementor-widget elementor-widget-text-editor\" data-id=\"0b7835b\" data-element_type=\"widget\" data-e-type=\"widget\" data-widget_type=\"text-editor.default\">\n\t\t\t\t<div class=\"elementor-widget-container\">\n\t\t\t\t\t\t\t\t\t<p>Un leadership responsabilisant cr\u00e9e les conditions permettant aux collaborateurs d\u2019assumer leurs responsabilit\u00e9s et de mettre \u00e0 profit leurs comp\u00e9tences. Cela implique de leur donner des orientations tout en leur laissant une marge de man\u0153uvre suffisante pour agir de mani\u00e8re autonome, afin qu\u2019ils puissent continuer \u00e0 faire preuve d\u2019initiative m\u00eame en p\u00e9riode de changement et d\u2019incertitude.<\/p>\t\t\t\t\t\t\t\t<\/div>\n\t\t\t\t<\/div>\n\t\t\t\t<\/div>\n\t\t\t\t<\/div>\n\t\t<div class=\"elementor-element elementor-element-55e36a3 e-con-full e-flex e-con e-child\" data-id=\"55e36a3\" data-element_type=\"container\" data-e-type=\"container\" data-settings=\"{&quot;jet_parallax_layout_list&quot;:[]}\">\n\t\t<div class=\"elementor-element elementor-element-6541abe e-con-full e-flex e-con e-child\" data-id=\"6541abe\" data-element_type=\"container\" data-e-type=\"container\" data-settings=\"{&quot;background_background&quot;:&quot;classic&quot;,&quot;jet_parallax_layout_list&quot;:[]}\">\n\t\t\t\t<div class=\"elementor-element elementor-element-edd0bf6 elementor-widget elementor-widget-image\" data-id=\"edd0bf6\" data-element_type=\"widget\" data-e-type=\"widget\" data-widget_type=\"image.default\">\n\t\t\t\t<div class=\"elementor-widget-container\">\n\t\t\t\t\t\t\t\t\t\t\t\t\t\t\t<img decoding=\"async\" src=\"https:\/\/persolog.com\/wp-content\/uploads\/elementor\/thumbs\/Icon4_OrgaResilienzProfil_KulturSchaffen-rsdgfxbfyzfuxz3346e1azqzc9epcgs3avlqi9uns8.png\" title=\"Icon4_Profil_de_r\u00e9silience_organisationnelle_Cr\u00e9er_une_culture\" alt=\"Facteur de r\u00e9silience organisationnelle n\u00b0 4\" loading=\"lazy\" \/>\t\t\t\t\t\t\t\t\t\t\t\t\t\t\t<\/div>\n\t\t\t\t<\/div>\n\t\t\t\t<div class=\"elementor-element elementor-element-6ecf7ec elementor-widget elementor-widget-heading\" data-id=\"6ecf7ec\" data-element_type=\"widget\" data-e-type=\"widget\" data-widget_type=\"heading.default\">\n\t\t\t\t<div class=\"elementor-widget-container\">\n\t\t\t\t\t<h3 class=\"elementor-heading-title elementor-size-medium\">4. Cr\u00e9er une culture d'entreprise<\/h3>\t\t\t\t<\/div>\n\t\t\t\t<\/div>\n\t\t\t\t<div class=\"elementor-element elementor-element-b055cb0 elementor-widget elementor-widget-text-editor\" data-id=\"b055cb0\" data-element_type=\"widget\" data-e-type=\"widget\" data-widget_type=\"text-editor.default\">\n\t\t\t\t<div class=\"elementor-widget-container\">\n\t\t\t\t\t\t\t\t\t<p>Une culture qui favorise la r\u00e9silience influence la mani\u00e8re dont les membres d'une organisation travaillent ensemble et g\u00e8rent le changement. Des valeurs communes, la confiance et une approche constructive du travail en \u00e9quipe peuvent contribuer \u00e0 garantir que les d\u00e9fis soient abord\u00e9s ouvertement et relev\u00e9s collectivement.<\/p>\t\t\t\t\t\t\t\t<\/div>\n\t\t\t\t<\/div>\n\t\t\t\t<\/div>\n\t\t<div class=\"elementor-element elementor-element-5e02312 e-con-full e-flex e-con e-child\" data-id=\"5e02312\" data-element_type=\"container\" data-e-type=\"container\" data-settings=\"{&quot;background_background&quot;:&quot;classic&quot;,&quot;jet_parallax_layout_list&quot;:[]}\">\n\t\t\t\t<div class=\"elementor-element elementor-element-255ea8a elementor-widget elementor-widget-image\" data-id=\"255ea8a\" data-element_type=\"widget\" data-e-type=\"widget\" data-widget_type=\"image.default\">\n\t\t\t\t<div class=\"elementor-widget-container\">\n\t\t\t\t\t\t\t\t\t\t\t\t\t\t\t<img decoding=\"async\" src=\"https:\/\/persolog.com\/wp-content\/uploads\/elementor\/thumbs\/Icon5_OrgaResilienzProfil_WissenTeilen-rsdghc2q81dccx1cvsbw1mxvf2giw4dlhutyf7reg8.png\" title=\"Icon5_Profil_de_r\u00e9silience_organisationnelle_Partage_des_connaissances\" alt=\"Facteur de r\u00e9silience organisationnelle n\u00b0 5\" loading=\"lazy\" \/>\t\t\t\t\t\t\t\t\t\t\t\t\t\t\t<\/div>\n\t\t\t\t<\/div>\n\t\t\t\t<div class=\"elementor-element elementor-element-58443b0 elementor-widget elementor-widget-heading\" data-id=\"58443b0\" data-element_type=\"widget\" data-e-type=\"widget\" data-widget_type=\"heading.default\">\n\t\t\t\t<div class=\"elementor-widget-container\">\n\t\t\t\t\t<h3 class=\"elementor-heading-title elementor-size-medium\">5. Partage des connaissances<\/h3>\t\t\t\t<\/div>\n\t\t\t\t<\/div>\n\t\t\t\t<div class=\"elementor-element elementor-element-8ac5fe4 elementor-widget elementor-widget-text-editor\" data-id=\"8ac5fe4\" data-element_type=\"widget\" data-e-type=\"widget\" data-widget_type=\"text-editor.default\">\n\t\t\t\t<div class=\"elementor-widget-container\">\n\t\t\t\t\t\t\t\t\t<p>Le partage des connaissances consiste \u00e0 rendre accessibles les connaissances pertinentes au sein de l'organisation et \u00e0 encourager les \u00e9changes entre les collaborateurs et les services. Cela \u00e9vite que des connaissances importantes ne restent l'apanage de certaines personnes et permet de les mettre \u00e0 profit dans des situations nouvelles ou complexes.<\/p>\t\t\t\t\t\t\t\t<\/div>\n\t\t\t\t<\/div>\n\t\t\t\t<\/div>\n\t\t<div class=\"elementor-element elementor-element-b4e90af e-con-full e-flex e-con e-child\" data-id=\"b4e90af\" data-element_type=\"container\" data-e-type=\"container\" data-settings=\"{&quot;background_background&quot;:&quot;classic&quot;,&quot;jet_parallax_layout_list&quot;:[]}\">\n\t\t\t\t<div class=\"elementor-element elementor-element-f3b72df elementor-widget elementor-widget-image\" data-id=\"f3b72df\" data-element_type=\"widget\" data-e-type=\"widget\" data-widget_type=\"image.default\">\n\t\t\t\t<div class=\"elementor-widget-container\">\n\t\t\t\t\t\t\t\t\t\t\t\t\t\t\t<img decoding=\"async\" src=\"https:\/\/persolog.com\/wp-content\/uploads\/elementor\/thumbs\/Icon6_OrgaResilienzProfil_RessourcenSicherstellen-rsdgil6zc333u77tkbtzdbjzxka55lcpo259ghwi5k.png\" title=\"Icon6_Profil de r\u00e9silience organisationnelle_Garantir les ressources\" alt=\"Facteur de r\u00e9silience organisationnelle n\u00b0 6\" loading=\"lazy\" \/>\t\t\t\t\t\t\t\t\t\t\t\t\t\t\t<\/div>\n\t\t\t\t<\/div>\n\t\t\t\t<div class=\"elementor-element elementor-element-b890ab4 elementor-widget elementor-widget-heading\" data-id=\"b890ab4\" data-element_type=\"widget\" data-e-type=\"widget\" data-widget_type=\"heading.default\">\n\t\t\t\t<div class=\"elementor-widget-container\">\n\t\t\t\t\t<h3 class=\"elementor-heading-title elementor-size-medium\">6. Obtenir des ressources<\/h3>\t\t\t\t<\/div>\n\t\t\t\t<\/div>\n\t\t\t\t<div class=\"elementor-element elementor-element-b5e1c4e elementor-widget elementor-widget-text-editor\" data-id=\"b5e1c4e\" data-element_type=\"widget\" data-e-type=\"widget\" data-widget_type=\"text-editor.default\">\n\t\t\t\t<div class=\"elementor-widget-container\">\n\t\t\t\t\t\t\t\t\t<p>Garantir les ressources, c'est cr\u00e9er les conditions dont une organisation a besoin pour mener \u00e0 bien ses missions et relever les d\u00e9fis. Cela implique notamment de recenser les ressources disponibles et de les affecter l\u00e0 o\u00f9 elles sont n\u00e9cessaires.<\/p>\t\t\t\t\t\t\t\t<\/div>\n\t\t\t\t<\/div>\n\t\t\t\t<\/div>\n\t\t\t\t<\/div>\n\t\t<div class=\"elementor-element elementor-element-0c28ce8 e-con-full e-flex e-con e-child\" data-id=\"0c28ce8\" data-element_type=\"container\" data-e-type=\"container\" data-settings=\"{&quot;jet_parallax_layout_list&quot;:[]}\">\n\t\t<div class=\"elementor-element elementor-element-9097904 e-con-full e-flex e-con e-child\" data-id=\"9097904\" data-element_type=\"container\" data-e-type=\"container\" data-settings=\"{&quot;background_background&quot;:&quot;classic&quot;,&quot;jet_parallax_layout_list&quot;:[]}\">\n\t\t\t\t<div class=\"elementor-element elementor-element-c43b496 elementor-widget elementor-widget-image\" data-id=\"c43b496\" data-element_type=\"widget\" data-e-type=\"widget\" data-widget_type=\"image.default\">\n\t\t\t\t<div class=\"elementor-widget-container\">\n\t\t\t\t\t\t\t\t\t\t\t\t\t\t\t<img decoding=\"async\" src=\"https:\/\/persolog.com\/wp-content\/uploads\/elementor\/thumbs\/Icon7_OrgaResilienzProfil_InterdisziplinaerKooperieren-rsdgk5laq58b6sxwf07lixbnkok5zfklvtae93kvs8.png\" title=\"Icon7_Profil_de_r\u00e9silience_organisationnelle_Coop\u00e9ration_interdisciplinaire\" alt=\"Facteur de r\u00e9silience organisationnelle n\u00b0 7\" loading=\"lazy\" \/>\t\t\t\t\t\t\t\t\t\t\t\t\t\t\t<\/div>\n\t\t\t\t<\/div>\n\t\t\t\t<div class=\"elementor-element elementor-element-14d7a88 elementor-widget elementor-widget-heading\" data-id=\"14d7a88\" data-element_type=\"widget\" data-e-type=\"widget\" data-widget_type=\"heading.default\">\n\t\t\t\t<div class=\"elementor-widget-container\">\n\t\t\t\t\t<h3 class=\"elementor-heading-title elementor-size-medium\">7. La collaboration interdisciplinaire<\/h3>\t\t\t\t<\/div>\n\t\t\t\t<\/div>\n\t\t\t\t<div class=\"elementor-element elementor-element-82680ba elementor-widget elementor-widget-text-editor\" data-id=\"82680ba\" data-element_type=\"widget\" data-e-type=\"widget\" data-widget_type=\"text-editor.default\">\n\t\t\t\t<div class=\"elementor-widget-container\">\n\t\t\t\t\t\t\t\t\t<p>La collaboration interdisciplinaire rassemble diff\u00e9rentes perspectives, comp\u00e9tences et exp\u00e9riences au sein d'une organisation. Lorsque les services et les fonctions travaillent ensemble au-del\u00e0 des fronti\u00e8res organisationnelles, les d\u00e9fis complexes peuvent \u00eatre examin\u00e9s et relev\u00e9s conjointement.<\/p>\t\t\t\t\t\t\t\t<\/div>\n\t\t\t\t<\/div>\n\t\t\t\t<\/div>\n\t\t<div class=\"elementor-element elementor-element-208ece1 e-con-full e-flex e-con e-child\" data-id=\"208ece1\" data-element_type=\"container\" data-e-type=\"container\" data-settings=\"{&quot;background_background&quot;:&quot;classic&quot;,&quot;jet_parallax_layout_list&quot;:[]}\">\n\t\t\t\t<div class=\"elementor-element elementor-element-84a19a7 elementor-widget elementor-widget-image\" data-id=\"84a19a7\" data-element_type=\"widget\" data-e-type=\"widget\" data-widget_type=\"image.default\">\n\t\t\t\t<div class=\"elementor-widget-container\">\n\t\t\t\t\t\t\t\t\t\t\t\t\t\t\t<img decoding=\"async\" src=\"https:\/\/persolog.com\/wp-content\/uploads\/elementor\/thumbs\/Icon8_OrgaResilienzProfil_KontinuierlichVerbessern-rsdgl0lyzoertxoudvmab7hv6eba1fzr02tf38aw2w.png\" title=\"Icon8_Profil_de_r\u00e9silience_organisationnelle_Am\u00e9lioration_continue\" alt=\"Facteur de r\u00e9silience organisationnelle n\u00b0 8\" loading=\"lazy\" \/>\t\t\t\t\t\t\t\t\t\t\t\t\t\t\t<\/div>\n\t\t\t\t<\/div>\n\t\t\t\t<div class=\"elementor-element elementor-element-4ae0f4f elementor-widget elementor-widget-heading\" data-id=\"4ae0f4f\" data-element_type=\"widget\" data-e-type=\"widget\" data-widget_type=\"heading.default\">\n\t\t\t\t<div class=\"elementor-widget-container\">\n\t\t\t\t\t<h3 class=\"elementor-heading-title elementor-size-medium\">8. Am\u00e9lioration continue<\/h3>\t\t\t\t<\/div>\n\t\t\t\t<\/div>\n\t\t\t\t<div class=\"elementor-element elementor-element-8d4e0af elementor-widget elementor-widget-text-editor\" data-id=\"8d4e0af\" data-element_type=\"widget\" data-e-type=\"widget\" data-widget_type=\"text-editor.default\">\n\t\t\t\t<div class=\"elementor-widget-container\">\n\t\t\t\t\t\t\t\t\t<p>L'am\u00e9lioration continue consiste \u00e0 r\u00e9examiner r\u00e9guli\u00e8rement les processus et les m\u00e9thodes de travail existants, et \u00e0 tirer les le\u00e7ons de l'exp\u00e9rience. Les enseignements tir\u00e9s des r\u00e9ussites, des erreurs et des d\u00e9fis peuvent \u00eatre mis \u00e0 profit pour adapter les processus et faire \u00e9voluer l'organisation.<\/p>\t\t\t\t\t\t\t\t<\/div>\n\t\t\t\t<\/div>\n\t\t\t\t<\/div>\n\t\t<div class=\"elementor-element elementor-element-c6d907f e-con-full e-flex e-con e-child\" data-id=\"c6d907f\" data-element_type=\"container\" data-e-type=\"container\" data-settings=\"{&quot;background_background&quot;:&quot;classic&quot;,&quot;jet_parallax_layout_list&quot;:[]}\">\n\t\t\t\t<div class=\"elementor-element elementor-element-b1fba57 elementor-widget elementor-widget-image\" data-id=\"b1fba57\" data-element_type=\"widget\" data-e-type=\"widget\" data-widget_type=\"image.default\">\n\t\t\t\t<div class=\"elementor-widget-container\">\n\t\t\t\t\t\t\t\t\t\t\t\t\t\t\t<img decoding=\"async\" src=\"https:\/\/persolog.com\/wp-content\/uploads\/elementor\/thumbs\/Icon9_OrgaResilienzProfil_ProaktivVeraendern-rsdgm436ypwtdk3hzcom7xj84kwp0qch5i7t8uoctk.png\" title=\"Icon9_Profil_de_r\u00e9silience_organisationnelle_Changer_de_mani\u00e8re_proactive\" alt=\"Facteur de r\u00e9silience organisationnelle n\u00b0 9\" loading=\"lazy\" \/>\t\t\t\t\t\t\t\t\t\t\t\t\t\t\t<\/div>\n\t\t\t\t<\/div>\n\t\t\t\t<div class=\"elementor-element elementor-element-eb8d4e7 elementor-widget elementor-widget-heading\" data-id=\"eb8d4e7\" data-element_type=\"widget\" data-e-type=\"widget\" data-widget_type=\"heading.default\">\n\t\t\t\t<div class=\"elementor-widget-container\">\n\t\t\t\t\t<h3 class=\"elementor-heading-title elementor-size-medium\">9. Changer de mani\u00e8re proactive<\/h3>\t\t\t\t<\/div>\n\t\t\t\t<\/div>\n\t\t\t\t<div class=\"elementor-element elementor-element-f56d57f elementor-widget elementor-widget-text-editor\" data-id=\"f56d57f\" data-element_type=\"widget\" data-e-type=\"widget\" data-widget_type=\"text-editor.default\">\n\t\t\t\t<div class=\"elementor-widget-container\">\n\t\t\t\t\t\t\t\t\t<p>Une approche proactive du changement consiste \u00e0 ne pas consid\u00e9rer celui-ci uniquement comme une r\u00e9action \u00e0 des pressions ext\u00e9rieures. Les \u00e9volutions et les d\u00e9fis potentiels sont identifi\u00e9s \u00e0 un stade pr\u00e9coce afin que l'organisation puisse fa\u00e7onner activement le changement et s'adapter aux nouvelles conditions.<\/p>\t\t\t\t\t\t\t\t<\/div>\n\t\t\t\t<\/div>\n\t\t\t\t<\/div>\n\t\t\t\t<\/div>\n\t\t\t\t\t<\/div>\n\t\t\t\t<\/div>\n\t\t<div class=\"elementor-element elementor-element-3df065f e-flex e-con-boxed e-con e-parent\" data-id=\"3df065f\" data-element_type=\"container\" data-e-type=\"container\" data-settings=\"{&quot;jet_parallax_layout_list&quot;:[]}\">\n\t\t\t\t\t<div class=\"e-con-inner\">\n\t\t\t\t<div class=\"elementor-element elementor-element-130fe53 elementor-widget elementor-widget-spacer\" data-id=\"130fe53\" data-element_type=\"widget\" data-e-type=\"widget\" data-widget_type=\"spacer.default\">\n\t\t\t\t<div class=\"elementor-widget-container\">\n\t\t\t\t\t\t\t<div class=\"elementor-spacer\">\n\t\t\t<div class=\"elementor-spacer-inner\"><\/div>\n\t\t<\/div>\n\t\t\t\t\t\t<\/div>\n\t\t\t\t<\/div>\n\t\t\t\t<div class=\"elementor-element elementor-element-f1ccbe0 elementor-widget elementor-widget-heading\" data-id=\"f1ccbe0\" data-element_type=\"widget\" data-e-type=\"widget\" data-widget_type=\"heading.default\">\n\t\t\t\t<div class=\"elementor-widget-container\">\n\t\t\t\t\t<h2 class=\"elementor-heading-title elementor-size-default\">Dans quels contextes le mod\u00e8le d'organisation \u00ab Resilience \u00bb de persolog\u00ae est-il utilis\u00e9 ?<\/h2>\t\t\t\t<\/div>\n\t\t\t\t<\/div>\n\t\t\t\t<div class=\"elementor-element elementor-element-3d0f4c6 elementor-widget__width-initial elementor-widget elementor-widget-text-editor\" data-id=\"3d0f4c6\" data-element_type=\"widget\" data-e-type=\"widget\" data-widget_type=\"text-editor.default\">\n\t\t\t\t<div class=\"elementor-widget-container\">\n\t\t\t\t\t\t\t\t\t<p>Le mod\u00e8le d'organisation \u00ab Resilience \u00bb de persolog\u00ae peut \u00eatre utilis\u00e9 dans diff\u00e9rentes situations o\u00f9 les organisations souhaitent mener une r\u00e9flexion sur leur r\u00e9silience et leur capacit\u00e9 d'adaptation, et les d\u00e9velopper. Il peut \u00eatre mis en \u0153uvre dans le cadre du d\u00e9veloppement organisationnel, des processus de changement, ainsi que dans le travail des dirigeants, des professionnels des ressources humaines, des formateurs, des coachs et des consultants.<\/p>\t\t\t\t\t\t\t\t<\/div>\n\t\t\t\t<\/div>\n\t\t\t\t<div class=\"elementor-element elementor-element-57c5cec elementor-widget elementor-widget-spacer\" data-id=\"57c5cec\" data-element_type=\"widget\" data-e-type=\"widget\" data-widget_type=\"spacer.default\">\n\t\t\t\t<div class=\"elementor-widget-container\">\n\t\t\t\t\t\t\t<div class=\"elementor-spacer\">\n\t\t\t<div class=\"elementor-spacer-inner\"><\/div>\n\t\t<\/div>\n\t\t\t\t\t\t<\/div>\n\t\t\t\t<\/div>\n\t\t<div class=\"elementor-element elementor-element-c7e6066 e-con-full e-flex e-con e-child\" data-id=\"c7e6066\" data-element_type=\"container\" data-e-type=\"container\" data-settings=\"{&quot;jet_parallax_layout_list&quot;:[]}\">\n\t\t<div class=\"elementor-element elementor-element-933e973 e-con-full e-flex e-con e-child\" data-id=\"933e973\" data-element_type=\"container\" data-e-type=\"container\" data-settings=\"{&quot;jet_parallax_layout_list&quot;:[]}\">\n\t\t\t\t<div class=\"elementor-element elementor-element-db7d983 elementor-widget elementor-widget-heading\" data-id=\"db7d983\" data-element_type=\"widget\" data-e-type=\"widget\" data-widget_type=\"heading.default\">\n\t\t\t\t<div class=\"elementor-widget-container\">\n\t\t\t\t\t<h2 class=\"elementor-heading-title elementor-size-default\">D\u00e9veloppement organisationnel<\/h2>\t\t\t\t<\/div>\n\t\t\t\t<\/div>\n\t\t\t\t<\/div>\n\t\t<div class=\"elementor-element elementor-element-f046f64 e-con-full e-flex e-con e-child\" data-id=\"f046f64\" data-element_type=\"container\" data-e-type=\"container\" data-settings=\"{&quot;jet_parallax_layout_list&quot;:[]}\">\n\t\t\t\t<div class=\"elementor-element elementor-element-1d383e6 elementor-widget__width-initial elementor-widget elementor-widget-text-editor\" data-id=\"1d383e6\" data-element_type=\"widget\" data-e-type=\"widget\" data-widget_type=\"text-editor.default\">\n\t\t\t\t<div class=\"elementor-widget-container\">\n\t\t\t\t\t\t\t\t\t<p>Dans le domaine du d\u00e9veloppement organisationnel, ce mod\u00e8le permet d'examiner de plus pr\u00e8s diff\u00e9rents aspects de la r\u00e9silience organisationnelle. Cela peut mettre en \u00e9vidence des th\u00e8mes particuli\u00e8rement pertinents pour le d\u00e9veloppement futur de l'organisation.<\/p>\t\t\t\t\t\t\t\t<\/div>\n\t\t\t\t<\/div>\n\t\t\t\t<\/div>\n\t\t\t\t<\/div>\n\t\t<div class=\"elementor-element elementor-element-c3588e6 e-con-full e-flex e-con e-child\" data-id=\"c3588e6\" data-element_type=\"container\" data-e-type=\"container\" data-settings=\"{&quot;jet_parallax_layout_list&quot;:[]}\">\n\t\t<div class=\"elementor-element elementor-element-194edbf e-con-full e-flex e-con e-child\" data-id=\"194edbf\" data-element_type=\"container\" data-e-type=\"container\" data-settings=\"{&quot;jet_parallax_layout_list&quot;:[]}\">\n\t\t\t\t<div class=\"elementor-element elementor-element-b4a6b49 elementor-widget elementor-widget-heading\" data-id=\"b4a6b49\" data-element_type=\"widget\" data-e-type=\"widget\" data-widget_type=\"heading.default\">\n\t\t\t\t<div class=\"elementor-widget-container\">\n\t\t\t\t\t<h2 class=\"elementor-heading-title elementor-size-default\">Gestion du changement et transformation<\/h2>\t\t\t\t<\/div>\n\t\t\t\t<\/div>\n\t\t\t\t<\/div>\n\t\t<div class=\"elementor-element elementor-element-98a2b4d e-con-full e-flex e-con e-child\" data-id=\"98a2b4d\" data-element_type=\"container\" data-e-type=\"container\" data-settings=\"{&quot;jet_parallax_layout_list&quot;:[]}\">\n\t\t\t\t<div class=\"elementor-element elementor-element-b724d63 elementor-widget__width-initial elementor-widget elementor-widget-text-editor\" data-id=\"b724d63\" data-element_type=\"widget\" data-e-type=\"widget\" data-widget_type=\"text-editor.default\">\n\t\t\t\t<div class=\"elementor-widget-container\">\n\t\t\t\t\t\t\t\t\t<p>Les processus de changement et de transformation imposent de nouvelles exigences aux organisations. Ce mod\u00e8le peut aider les organisations \u00e0 analyser la mani\u00e8re dont elles g\u00e8rent le changement, \u00e0 identifier les domaines dans lesquels les conditions sont d\u00e9j\u00e0 favorables et ceux qui n\u00e9cessitent davantage d\u2019attention.<\/p>\t\t\t\t\t\t\t\t<\/div>\n\t\t\t\t<\/div>\n\t\t\t\t<\/div>\n\t\t\t\t<\/div>\n\t\t<div class=\"elementor-element elementor-element-b541244 e-con-full e-flex e-con e-child\" data-id=\"b541244\" data-element_type=\"container\" data-e-type=\"container\" data-settings=\"{&quot;jet_parallax_layout_list&quot;:[]}\">\n\t\t<div class=\"elementor-element elementor-element-a97a301 e-con-full e-flex e-con e-child\" data-id=\"a97a301\" data-element_type=\"container\" data-e-type=\"container\" data-settings=\"{&quot;jet_parallax_layout_list&quot;:[]}\">\n\t\t\t\t<div class=\"elementor-element elementor-element-c93cb0e elementor-widget elementor-widget-heading\" data-id=\"c93cb0e\" data-element_type=\"widget\" data-e-type=\"widget\" data-widget_type=\"heading.default\">\n\t\t\t\t<div class=\"elementor-widget-container\">\n\t\t\t\t\t<h2 class=\"elementor-heading-title elementor-size-default\">Leadership et d\u00e9veloppement du personnel<\/h2>\t\t\t\t<\/div>\n\t\t\t\t<\/div>\n\t\t\t\t<\/div>\n\t\t<div class=\"elementor-element elementor-element-2c1f35a e-con-full e-flex e-con e-child\" data-id=\"2c1f35a\" data-element_type=\"container\" data-e-type=\"container\" data-settings=\"{&quot;jet_parallax_layout_list&quot;:[]}\">\n\t\t\t\t<div class=\"elementor-element elementor-element-e9c561b elementor-widget__width-initial elementor-widget elementor-widget-text-editor\" data-id=\"e9c561b\" data-element_type=\"widget\" data-e-type=\"widget\" data-widget_type=\"text-editor.default\">\n\t\t\t\t<div class=\"elementor-widget-container\">\n\t\t\t\t\t\t\t\t\t<p>Le leadership et le d\u00e9veloppement du personnel influencent les conditions dans lesquelles les collaborateurs font face au changement et aux d\u00e9fis. Ce mod\u00e8le permet d'examiner ces conditions au niveau organisationnel et d'identifier les axes \u00e0 approfondir.<\/p>\t\t\t\t\t\t\t\t<\/div>\n\t\t\t\t<\/div>\n\t\t\t\t<\/div>\n\t\t\t\t<\/div>\n\t\t<div class=\"elementor-element elementor-element-ca8971d e-con-full e-flex e-con e-child\" data-id=\"ca8971d\" data-element_type=\"container\" data-e-type=\"container\" data-settings=\"{&quot;jet_parallax_layout_list&quot;:[]}\">\n\t\t<div class=\"elementor-element elementor-element-73f51a9 e-con-full e-flex e-con e-child\" data-id=\"73f51a9\" data-element_type=\"container\" data-e-type=\"container\" data-settings=\"{&quot;jet_parallax_layout_list&quot;:[]}\">\n\t\t\t\t<div class=\"elementor-element elementor-element-bfdc460 elementor-widget elementor-widget-heading\" data-id=\"bfdc460\" data-element_type=\"widget\" data-e-type=\"widget\" data-widget_type=\"heading.default\">\n\t\t\t\t<div class=\"elementor-widget-container\">\n\t\t\t\t\t<h2 class=\"elementor-heading-title elementor-size-default\">Crises et situations difficiles<\/h2>\t\t\t\t<\/div>\n\t\t\t\t<\/div>\n\t\t\t\t<\/div>\n\t\t<div class=\"elementor-element elementor-element-8387d26 e-con-full e-flex e-con e-child\" data-id=\"8387d26\" data-element_type=\"container\" data-e-type=\"container\" data-settings=\"{&quot;jet_parallax_layout_list&quot;:[]}\">\n\t\t\t\t<div class=\"elementor-element elementor-element-c482e1d elementor-widget__width-initial elementor-widget elementor-widget-text-editor\" data-id=\"c482e1d\" data-element_type=\"widget\" data-e-type=\"widget\" data-widget_type=\"text-editor.default\">\n\t\t\t\t<div class=\"elementor-widget-container\">\n\t\t\t\t\t\t\t\t\t<p>Les crises et les p\u00e9riodes de forte incertitude mettent souvent en \u00e9vidence les points forts des organisations en mati\u00e8re de r\u00e9silience, mais aussi les sources de difficult\u00e9s. Ce mod\u00e8le peut \u00eatre utilis\u00e9 pour mener une r\u00e9flexion sur ces exp\u00e9riences et en tirer des enseignements utiles pour relever les d\u00e9fis \u00e0 venir.<\/p>\t\t\t\t\t\t\t\t<\/div>\n\t\t\t\t<\/div>\n\t\t\t\t<\/div>\n\t\t\t\t<\/div>\n\t\t<div class=\"elementor-element elementor-element-d683e9b e-con-full e-flex e-con e-child\" data-id=\"d683e9b\" data-element_type=\"container\" data-e-type=\"container\" data-settings=\"{&quot;jet_parallax_layout_list&quot;:[]}\">\n\t\t<div class=\"elementor-element elementor-element-21af563 e-con-full e-flex e-con e-child\" data-id=\"21af563\" data-element_type=\"container\" data-e-type=\"container\" data-settings=\"{&quot;jet_parallax_layout_list&quot;:[]}\">\n\t\t\t\t<div class=\"elementor-element elementor-element-31f8566 elementor-widget elementor-widget-heading\" data-id=\"31f8566\" data-element_type=\"widget\" data-e-type=\"widget\" data-widget_type=\"heading.default\">\n\t\t\t\t<div class=\"elementor-widget-container\">\n\t\t\t\t\t<h2 class=\"elementor-heading-title elementor-size-default\">Formation, accompagnement et conseil<\/h2>\t\t\t\t<\/div>\n\t\t\t\t<\/div>\n\t\t\t\t<\/div>\n\t\t<div class=\"elementor-element elementor-element-741c6fd e-con-full e-flex e-con e-child\" data-id=\"741c6fd\" data-element_type=\"container\" data-e-type=\"container\" data-settings=\"{&quot;jet_parallax_layout_list&quot;:[]}\">\n\t\t\t\t<div class=\"elementor-element elementor-element-f38727f elementor-widget__width-initial elementor-widget elementor-widget-text-editor\" data-id=\"f38727f\" data-element_type=\"widget\" data-e-type=\"widget\" data-widget_type=\"text-editor.default\">\n\t\t\t\t<div class=\"elementor-widget-container\">\n\t\t\t\t\t\t\t\t\t<p>Les formateurs, les coachs et les consultants peuvent utiliser le mod\u00e8le d\u2019organisation de la r\u00e9silience persolog\u00ae pour aider les organisations \u00e0 mener une r\u00e9flexion sur leur r\u00e9silience organisationnelle. Ces neuf facteurs servent de cadre de r\u00e9f\u00e9rence pour les ateliers, les s\u00e9ances de coaching et d\u2019autres mesures de d\u00e9veloppement.<\/p>\t\t\t\t\t\t\t\t<\/div>\n\t\t\t\t<\/div>\n\t\t\t\t<\/div>\n\t\t\t\t<\/div>\n\t\t\t\t\t<\/div>\n\t\t\t\t<\/div>\n\t\t<div class=\"elementor-element elementor-element-7b18de8 e-flex e-con-boxed e-con e-parent\" data-id=\"7b18de8\" data-element_type=\"container\" data-e-type=\"container\" data-settings=\"{&quot;jet_parallax_layout_list&quot;:[]}\">\n\t\t\t\t\t<div class=\"e-con-inner\">\n\t\t\t\t<div class=\"elementor-element elementor-element-2a859d9 elementor-widget elementor-widget-spacer\" data-id=\"2a859d9\" data-element_type=\"widget\" data-e-type=\"widget\" data-widget_type=\"spacer.default\">\n\t\t\t\t<div class=\"elementor-widget-container\">\n\t\t\t\t\t\t\t<div class=\"elementor-spacer\">\n\t\t\t<div class=\"elementor-spacer-inner\"><\/div>\n\t\t<\/div>\n\t\t\t\t\t\t<\/div>\n\t\t\t\t<\/div>\n\t\t\t\t<div class=\"elementor-element elementor-element-9e3214f elementor-widget elementor-widget-heading\" data-id=\"9e3214f\" data-element_type=\"widget\" data-e-type=\"widget\" data-widget_type=\"heading.default\">\n\t\t\t\t<div class=\"elementor-widget-container\">\n\t\t\t\t\t<h2 class=\"elementor-heading-title elementor-size-default\">Comment le mod\u00e8le d'organisation \u00ab r\u00e9silience \u00bb de persolog\u00ae est-il mis en \u0153uvre dans la pratique ?<\/h2>\t\t\t\t<\/div>\n\t\t\t\t<\/div>\n\t\t<div class=\"elementor-element elementor-element-d76d673 e-con-full e-flex e-con e-child\" data-id=\"d76d673\" data-element_type=\"container\" data-e-type=\"container\" data-settings=\"{&quot;jet_parallax_layout_list&quot;:[]}\">\n\t\t<div class=\"elementor-element elementor-element-03e4540 e-con-full e-flex e-con e-child\" data-id=\"03e4540\" data-element_type=\"container\" data-e-type=\"container\" data-settings=\"{&quot;jet_parallax_layout_list&quot;:[]}\">\n\t\t\t\t<div class=\"elementor-element elementor-element-8b591df elementor-widget elementor-widget-image\" data-id=\"8b591df\" data-element_type=\"widget\" data-e-type=\"widget\" data-widget_type=\"image.default\">\n\t\t\t\t<div class=\"elementor-widget-container\">\n\t\t\t\t\t\t\t\t\t\t\t\t\t\t\t\t<a href=\"https:\/\/persolog.com\/wp-content\/uploads\/2026\/08\/Bilder-freigestellt10.png\" data-elementor-open-lightbox=\"yes\" data-elementor-lightbox-title=\"persolog Resilienz-Organisations_Profil englisch\" data-elementor-lightbox-description=\"persolog Resilienz-Organisations_Profil englisch\" data-e-action-hash=\"#elementor-action%3Aaction%3Dlightbox%26settings%3DeyJpZCI6MzY2MTksInVybCI6Imh0dHBzOlwvXC9wZXJzb2xvZy5jb21cL3dwLWNvbnRlbnRcL3VwbG9hZHNcLzIwMjZcLzA4XC9CaWxkZXItZnJlaWdlc3RlbGx0MTAucG5nIn0%3D\">\n\t\t\t\t\t\t\t<img decoding=\"async\" src=\"https:\/\/persolog.com\/wp-content\/uploads\/elementor\/thumbs\/Bilder-freigestellt10-rsdh8mc5njn2sd3wf3pcckrfflxgilt976sv7inpyk.png\" title=\"Profil organisationnel \u00ab Resilienz \u00bb de persolog (en anglais)\" alt=\"Profil organisationnel \u00ab Resilienz \u00bb de persolog (en anglais)\" loading=\"lazy\" \/>\t\t\t\t\t\t\t\t<\/a>\n\t\t\t\t\t\t\t\t\t\t\t\t\t\t\t<\/div>\n\t\t\t\t<\/div>\n\t\t\t\t<div class=\"elementor-element elementor-element-7b42440 elementor-widget elementor-widget-image\" data-id=\"7b42440\" data-element_type=\"widget\" data-e-type=\"widget\" data-no-translation=\"\" data-widget_type=\"image.default\">\n\t\t\t\t<div class=\"elementor-widget-container\">\n\t\t\t\t\t<style>.elementor-element-7b42440{display:none !important}<\/style>\t\t\t\t<\/div>\n\t\t\t\t<\/div>\n\t\t\t\t<\/div>\n\t\t<div class=\"elementor-element elementor-element-ece332c e-con-full e-flex e-con e-child\" data-id=\"ece332c\" data-element_type=\"container\" data-e-type=\"container\" data-settings=\"{&quot;jet_parallax_layout_list&quot;:[]}\">\n\t\t\t\t<div class=\"elementor-element elementor-element-71dcfbd elementor-widget__width-initial elementor-widget elementor-widget-text-editor\" data-id=\"71dcfbd\" data-element_type=\"widget\" data-e-type=\"widget\" data-widget_type=\"text-editor.default\">\n\t\t\t\t<div class=\"elementor-widget-container\">\n\t\t\t\t\t\t\t\t\t<p>Les <strong>Profil d'organisation \u00ab Resilience \u00bb de persolog\u00ae<\/strong> peut \u00eatre utilis\u00e9 pour \u00e9valuer la mani\u00e8re dont la r\u00e9silience organisationnelle est per\u00e7ue \u00e0 travers ces neuf facteurs. Il repose sur un questionnaire dont les r\u00e9sultats indiquent les domaines dans lesquels une organisation est d\u00e9j\u00e0 bien positionn\u00e9e et ceux o\u00f9 il existe un potentiel d'am\u00e9lioration.<\/p><p>\u00a0<\/p><p>Afin d'offrir une vision commune, les r\u00e9sultats peuvent \u00eatre regroup\u00e9s dans le <strong>Organigramme \u00ab persolog\u00ae Resilience \u00bb<\/strong>. Cela permet de mettre en lumi\u00e8re les diff\u00e9rentes perspectives au sein de l'organisation afin de pouvoir y r\u00e9fl\u00e9chir ensemble.<\/p><p>\u00a0<\/p><p>Sur la base de ces r\u00e9sultats, il est possible d'identifier les domaines d'action pertinents et d'\u00e9laborer des mesures adapt\u00e9es. En fonction de l'objectif vis\u00e9, ce mod\u00e8le peut \u00eatre utilis\u00e9 dans <strong>ateliers, s\u00e9ances de coaching ou enqu\u00eates au sein des \u00e9quipes et des organisations<\/strong>.<\/p>\t\t\t\t\t\t\t\t<\/div>\n\t\t\t\t<\/div>\n\t\t\t\t<\/div>\n\t\t\t\t<\/div>\n\t\t\t\t\t<\/div>\n\t\t\t\t<\/div>\n\t\t<div class=\"elementor-element elementor-element-de5dead e-flex e-con-boxed e-con e-parent\" data-id=\"de5dead\" data-element_type=\"container\" data-e-type=\"container\" data-settings=\"{&quot;jet_parallax_layout_list&quot;:[]}\">\n\t\t\t\t\t<div class=\"e-con-inner\">\n\t\t\t\t<div class=\"elementor-element elementor-element-e516331 elementor-widget elementor-widget-heading\" data-id=\"e516331\" data-element_type=\"widget\" data-e-type=\"widget\" data-widget_type=\"heading.default\">\n\t\t\t\t<div class=\"elementor-widget-container\">\n\t\t\t\t\t<h2 class=\"elementor-heading-title elementor-size-default\">Utilisez de mani\u00e8re professionnelle le mod\u00e8le d'organisation \u00ab Resilience \u00bb de persolog\u00ae<\/h2>\t\t\t\t<\/div>\n\t\t\t\t<\/div>\n\t\t\t\t<div class=\"elementor-element elementor-element-671f881 elementor-widget__width-initial elementor-widget elementor-widget-text-editor\" data-id=\"671f881\" data-element_type=\"widget\" data-e-type=\"widget\" data-widget_type=\"text-editor.default\">\n\t\t\t\t<div class=\"elementor-widget-container\">\n\t\t\t\t\t\t\t\t\t<p>Si vous souhaitez utiliser le mod\u00e8le d'organisation \u00ab Resilience \u00bb de persolog\u00ae dans un cadre professionnel dans <strong>formation, accompagnement ou d\u00e9veloppement organisationnel<\/strong>, vous pouvez obtenir une certification relative \u00e0 ce mod\u00e8le. Au cours de cette formation, vous d\u00e9couvrirez les neuf facteurs de r\u00e9silience organisationnelle et apprendrez \u00e0 utiliser le profil d'organisation \u00ab persolog\u00ae Resilience \u00bb ainsi que l'organigramme de r\u00e9silience.<\/p>\t\t\t\t\t\t\t\t<\/div>\n\t\t\t\t<\/div>\n\t\t\t\t<div class=\"elementor-element elementor-element-e26560b elementor-widget elementor-widget-heading\" data-id=\"e26560b\" data-element_type=\"widget\" data-e-type=\"widget\" data-widget_type=\"heading.default\">\n\t\t\t\t<div class=\"elementor-widget-container\">\n\t\t\t\t\t<h3 class=\"elementor-heading-title elementor-size-default\">\u00c0 qui s'adresse cette certification ?<\/h3>\t\t\t\t<\/div>\n\t\t\t\t<\/div>\n\t\t\t\t<div class=\"elementor-element elementor-element-202d119 elementor-widget elementor-widget-text-editor\" data-id=\"202d119\" data-element_type=\"widget\" data-e-type=\"widget\" data-widget_type=\"text-editor.default\">\n\t\t\t\t<div class=\"elementor-widget-container\">\n\t\t\t\t\t\t\t\t\t<p>Cette certification s'adresse aux personnes qui <strong>accompagner et d\u00e9velopper les organisations de mani\u00e8re professionnelle<\/strong>. Cela inclut les formateurs, les coachs, les consultants, les dirigeants et les professionnels travaillant dans les domaines des ressources humaines, du d\u00e9veloppement du personnel et du d\u00e9veloppement organisationnel.<\/p>\t\t\t\t\t\t\t\t<\/div>\n\t\t\t\t<\/div>\n\t\t\t\t<div class=\"elementor-element elementor-element-e3ba6f6 elementor-align-left elementor-mobile-align-center elementor-widget elementor-widget-button\" data-id=\"e3ba6f6\" data-element_type=\"widget\" data-e-type=\"widget\" data-widget_type=\"button.default\">\n\t\t\t\t<div class=\"elementor-widget-container\">\n\t\t\t\t\t\t\t\t\t<div class=\"elementor-button-wrapper\">\n\t\t\t\t\t<a class=\"elementor-button elementor-button-link elementor-size-xl\" href=\"https:\/\/academy.persolog.de\/en-certification-roe-digital?utm_source=homepage&#038;utm_medium=button\" target=\"_blank\">\n\t\t\t\t\t\t<span class=\"elementor-button-content-wrapper\">\n\t\t\t\t\t\t\t\t\t<span class=\"elementor-button-text\">En savoir plus sur la certification<\/span>\n\t\t\t\t\t<\/span>\n\t\t\t\t\t<\/a>\n\t\t\t\t<\/div>\n\t\t\t\t\t\t\t\t<\/div>\n\t\t\t\t<\/div>\n\t\t\t\t<div class=\"elementor-element elementor-element-91ea032 elementor-widget elementor-widget-spacer\" data-id=\"91ea032\" data-element_type=\"widget\" data-e-type=\"widget\" data-widget_type=\"spacer.default\">\n\t\t\t\t<div class=\"elementor-widget-container\">\n\t\t\t\t\t\t\t<div class=\"elementor-spacer\">\n\t\t\t<div class=\"elementor-spacer-inner\"><\/div>\n\t\t<\/div>\n\t\t\t\t\t\t<\/div>\n\t\t\t\t<\/div>\n\t\t\t\t\t<\/div>\n\t\t\t\t<\/div>\n\t\t<div class=\"elementor-element elementor-element-04afb66 e-flex e-con-boxed e-con e-parent\" data-id=\"04afb66\" data-element_type=\"container\" data-e-type=\"container\" data-settings=\"{&quot;background_background&quot;:&quot;classic&quot;,&quot;jet_parallax_layout_list&quot;:[]}\">\n\t\t\t\t\t<div class=\"e-con-inner\">\n\t\t\t\t<div class=\"elementor-element elementor-element-0dc5e59 elementor-widget elementor-widget-heading\" data-id=\"0dc5e59\" data-element_type=\"widget\" data-e-type=\"widget\" data-widget_type=\"heading.default\">\n\t\t\t\t<div class=\"elementor-widget-container\">\n\t\t\t\t\t<h2 class=\"elementor-heading-title elementor-size-large\">Ce que disent nos clients<\/h2>\t\t\t\t<\/div>\n\t\t\t\t<\/div>\n\t\t\t\t\t<\/div>\n\t\t\t\t<\/div>\n\t\t<div class=\"elementor-element elementor-element-e758aaf e-flex e-con-boxed e-con e-parent\" data-id=\"e758aaf\" data-element_type=\"container\" data-e-type=\"container\" data-settings=\"{&quot;background_background&quot;:&quot;classic&quot;,&quot;jet_parallax_layout_list&quot;:[]}\">\n\t\t\t\t\t<div class=\"e-con-inner\">\n\t\t<div class=\"elementor-element elementor-element-5231104 e-con-full e-flex e-con e-child\" data-id=\"5231104\" data-element_type=\"container\" data-e-type=\"container\" data-settings=\"{&quot;jet_parallax_layout_list&quot;:[]}\">\n\t\t\t\t<div class=\"elementor-element elementor-element-0c1b857 elementor-blockquote--skin-quotation elementor-blockquote--align-center elementor-widget elementor-widget-blockquote\" data-id=\"0c1b857\" data-element_type=\"widget\" data-e-type=\"widget\" data-widget_type=\"blockquote.default\">\n\t\t\t\t<div class=\"elementor-widget-container\">\n\t\t\t\t\t\t\t<blockquote class=\"elementor-blockquote\">\n\t\t\t<p class=\"elementor-blockquote__content\">\n\t\t\t\tJe suis enthousiasm\u00e9 par la mani\u00e8re dont sont v\u00e9hicul\u00e9s les contenus de la formation sur la r\u00e9silience organisationnelle. Les mat\u00e9riaux sont matures. Le contenu vid\u00e9o est hautement professionnel. Mon horizon de coaching s\u2019est ainsi consid\u00e9rablement \u00e9largi.\t\t\t<\/p>\n\t\t\t\t\t\t\t<div class=\"e-q-footer\">\n\t\t\t\t\t\t\t\t\t\t\t<cite class=\"elementor-blockquote__author\">Udo Kollodzinski <br>Owner Udokollo - conseil et coaching<\/cite>\n\t\t\t\t\t\t\t\t\t\t\t\t\t\t<\/div>\n\t\t\t\t\t<\/blockquote>\n\t\t\t\t\t\t<\/div>\n\t\t\t\t<\/div>\n\t\t\t\t<\/div>\n\t\t<div class=\"elementor-element elementor-element-39ca9f2 e-con-full e-flex e-con e-child\" data-id=\"39ca9f2\" data-element_type=\"container\" data-e-type=\"container\" data-settings=\"{&quot;jet_parallax_layout_list&quot;:[]}\">\n\t\t\t\t<div class=\"elementor-element elementor-element-768ca88 elementor-blockquote--skin-quotation elementor-blockquote--align-center elementor-widget elementor-widget-blockquote\" data-id=\"768ca88\" data-element_type=\"widget\" data-e-type=\"widget\" data-widget_type=\"blockquote.default\">\n\t\t\t\t<div class=\"elementor-widget-container\">\n\t\t\t\t\t\t\t<blockquote class=\"elementor-blockquote\">\n\t\t\t<p class=\"elementor-blockquote__content\">\n\t\t\t\tToute personne qui s'inscrit \u00e0 la certification en ligne \" R\u00e9silience organisationnelle \" peut s'attendre \u00e0 un parcours d'apprentissage passionnant, tr\u00e8s bien structur\u00e9 et extr\u00eamement vari\u00e9 ! Les vid\u00e9os p\u00e9dagogiques sont claires et divertissantes, les exercices sont tr\u00e8s bien expliqu\u00e9s et parfaitement applicables gr\u00e2ce au support p\u00e9dagogique complet. Les entretiens avec des experts viennent compl\u00e9ter le sujet et les sessions en direct offrent une excellente occasion de poser les questions qui se posent. Mais l\u2019accompagnement tout au long de la formation en ligne est \u00e9galement exceptionnel : chaque question et chaque commentaire ont re\u00e7u une r\u00e9ponse imm\u00e9diate et comp\u00e9tente. De plus, la plateforme Slack offre une excellente occasion de nouer des contacts et d\u2019\u00e9changer avec les autres participants. Persolog a une fois de plus mis sur pied une formation exceptionnelle.\t\t\t<\/p>\n\t\t\t\t\t\t\t<div class=\"e-q-footer\">\n\t\t\t\t\t\t\t\t\t\t\t<cite class=\"elementor-blockquote__author\">Christina Matt, formatrice et coach<\/cite>\n\t\t\t\t\t\t\t\t\t\t\t\t\t\t<\/div>\n\t\t\t\t\t<\/blockquote>\n\t\t\t\t\t\t<\/div>\n\t\t\t\t<\/div>\n\t\t\t\t<\/div>\n\t\t\t\t\t<\/div>\n\t\t\t\t<\/div>\n\t\t<div class=\"elementor-element elementor-element-b2b7c3c e-flex e-con-boxed e-con e-parent\" data-id=\"b2b7c3c\" data-element_type=\"container\" data-e-type=\"container\" data-settings=\"{&quot;jet_parallax_layout_list&quot;:[]}\">\n\t\t\t\t\t<div class=\"e-con-inner\">\n\t\t<div class=\"elementor-element elementor-element-06dfe59 e-con-full e-flex e-con e-child\" data-id=\"06dfe59\" data-element_type=\"container\" data-e-type=\"container\" data-settings=\"{&quot;jet_parallax_layout_list&quot;:[]}\">\n\t\t<div class=\"elementor-element elementor-element-00ef921 e-con-full e-flex e-con e-child\" data-id=\"00ef921\" data-element_type=\"container\" data-e-type=\"container\" data-settings=\"{&quot;jet_parallax_layout_list&quot;:[]}\">\n\t\t\t\t<div class=\"elementor-element elementor-element-3158072 elementor-widget elementor-widget-heading\" data-id=\"3158072\" data-element_type=\"widget\" data-e-type=\"widget\" data-widget_type=\"heading.default\">\n\t\t\t\t<div class=\"elementor-widget-container\">\n\t\t\t\t\t<h2 class=\"elementor-heading-title elementor-size-default\">Foire aux questions sur la r\u00e9silience organisationnelle<\/h2>\t\t\t\t<\/div>\n\t\t\t\t<\/div>\n\t\t\t\t<\/div>\n\t\t<div class=\"elementor-element elementor-element-4a72930 e-con-full e-flex e-con e-child\" data-id=\"4a72930\" data-element_type=\"container\" data-e-type=\"container\" data-settings=\"{&quot;jet_parallax_layout_list&quot;:[]}\">\n\t\t\t\t<div class=\"elementor-element elementor-element-8985f5a elementor-widget elementor-widget-n-accordion\" data-id=\"8985f5a\" data-element_type=\"widget\" data-e-type=\"widget\" data-settings=\"{&quot;default_state&quot;:&quot;all_collapsed&quot;,&quot;max_items_expended&quot;:&quot;one&quot;,&quot;n_accordion_animation_duration&quot;:{&quot;unit&quot;:&quot;ms&quot;,&quot;size&quot;:400,&quot;sizes&quot;:[]}}\" data-widget_type=\"nested-accordion.default\">\n\t\t\t\t<div class=\"elementor-widget-container\">\n\t\t\t\t\t\t\t<div class=\"e-n-accordion\" aria-label=\"Accord\u00e9on. Ouvrez les liens avec Enter ou Space, fermez-les avec Escape et naviguez avec les touches fl\u00e9ch\u00e9es.\">\n\t\t\t\t\t\t<details id=\"e-n-accordion-item-1440\" class=\"e-n-accordion-item\" >\n\t\t\t\t<summary class=\"e-n-accordion-item-title\" data-accordion-index=\"1\" tabindex=\"0\" aria-expanded=\"false\" aria-controls=\"e-n-accordion-item-1440\" >\n\t\t\t\t\t<span class='e-n-accordion-item-title-header'><h3 class=\"e-n-accordion-item-title-text\"> Comment d\u00e9velopper la r\u00e9silience organisationnelle ? <\/h3><\/span>\n\t\t\t\t\t\t\t<span class='e-n-accordion-item-title-icon'>\n\t\t\t<span class='e-opened' ><svg aria-hidden=\"true\" class=\"e-font-icon-svg e-fas-minus\" viewbox=\"0 0 448 512\" xmlns=\"http:\/\/www.w3.org\/2000\/svg\"><path d=\"M416 208H32c-17.67 0-32 14.33-32 32v32c0 17.67 14.33 32 32 32h384c17.67 0 32-14.33 32-32v-32c0-17.67-14.33-32-32-32z\"><\/path><\/svg><\/span>\n\t\t\t<span class='e-closed'><svg aria-hidden=\"true\" class=\"e-font-icon-svg e-fas-plus\" viewbox=\"0 0 448 512\" xmlns=\"http:\/\/www.w3.org\/2000\/svg\"><path d=\"M416 208H272V64c0-17.67-14.33-32-32-32h-32c-17.67 0-32 14.33-32 32v144H32c-17.67 0-32 14.33-32 32v32c0 17.67 14.33 32 32 32h144v144c0 17.67 14.33 32 32 32h32c17.67 0 32-14.33 32-32V304h144c17.67 0 32-14.33 32-32v-32c0-17.67-14.33-32-32-32z\"><\/path><\/svg><\/span>\n\t\t<\/span>\n\n\t\t\t\t\t\t<\/summary>\n\t\t\t\t<div role=\"region\" aria-labelledby=\"e-n-accordion-item-1440\" class=\"elementor-element elementor-element-ca9c4f0 e-con-full e-flex e-con e-child\" data-id=\"ca9c4f0\" data-element_type=\"container\" data-e-type=\"container\" data-settings=\"{&quot;jet_parallax_layout_list&quot;:[]}\">\n\t\t<div role=\"region\" aria-labelledby=\"e-n-accordion-item-1440\" class=\"elementor-element elementor-element-ec2403a e-flex e-con-boxed e-con e-child\" data-id=\"ec2403a\" data-element_type=\"container\" data-e-type=\"container\" data-settings=\"{&quot;jet_parallax_layout_list&quot;:[]}\">\n\t\t\t\t\t<div class=\"e-con-inner\">\n\t\t\t\t<div class=\"elementor-element elementor-element-bc5bc88 elementor-widget elementor-widget-text-editor\" data-id=\"bc5bc88\" data-element_type=\"widget\" data-e-type=\"widget\" data-widget_type=\"text-editor.default\">\n\t\t\t\t<div class=\"elementor-widget-container\">\n\t\t\t\t\t\t\t\t\t<p>Les organisations doivent r\u00e9guli\u00e8rement prendre en compte les \u00e9volutions de leur environnement, r\u00e9examiner leurs structures et leurs m\u00e9thodes de travail existantes, et en d\u00e9duire les mesures appropri\u00e9es. La r\u00e9silience organisationnelle ne se d\u00e9veloppe pas par le biais de mesures individuelles, mais \u00e0 travers un processus continu. Les th\u00e8mes particuli\u00e8rement pertinents d\u00e9pendent de l\u2019organisation, de sa situation actuelle et des d\u00e9fis auxquels elle est confront\u00e9e.<\/p>\t\t\t\t\t\t\t\t<\/div>\n\t\t\t\t<\/div>\n\t\t\t\t\t<\/div>\n\t\t\t\t<\/div>\n\t\t\t\t<\/div>\n\t\t\t\t\t<\/details>\n\t\t\t\t\t\t<details id=\"e-n-accordion-item-1441\" class=\"e-n-accordion-item\" >\n\t\t\t\t<summary class=\"e-n-accordion-item-title\" data-accordion-index=\"2\" tabindex=\"-1\" aria-expanded=\"false\" aria-controls=\"e-n-accordion-item-1441\" >\n\t\t\t\t\t<span class='e-n-accordion-item-title-header'><h3 class=\"e-n-accordion-item-title-text\"> Quelle est la diff\u00e9rence entre la r\u00e9silience individuelle, la r\u00e9silience d'\u00e9quipe et la r\u00e9silience organisationnelle ? <\/h3><\/span>\n\t\t\t\t\t\t\t<span class='e-n-accordion-item-title-icon'>\n\t\t\t<span class='e-opened' ><svg aria-hidden=\"true\" class=\"e-font-icon-svg e-fas-minus\" viewbox=\"0 0 448 512\" xmlns=\"http:\/\/www.w3.org\/2000\/svg\"><path d=\"M416 208H32c-17.67 0-32 14.33-32 32v32c0 17.67 14.33 32 32 32h384c17.67 0 32-14.33 32-32v-32c0-17.67-14.33-32-32-32z\"><\/path><\/svg><\/span>\n\t\t\t<span class='e-closed'><svg aria-hidden=\"true\" class=\"e-font-icon-svg e-fas-plus\" viewbox=\"0 0 448 512\" xmlns=\"http:\/\/www.w3.org\/2000\/svg\"><path d=\"M416 208H272V64c0-17.67-14.33-32-32-32h-32c-17.67 0-32 14.33-32 32v144H32c-17.67 0-32 14.33-32 32v32c0 17.67 14.33 32 32 32h144v144c0 17.67 14.33 32 32 32h32c17.67 0 32-14.33 32-32V304h144c17.67 0 32-14.33 32-32v-32c0-17.67-14.33-32-32-32z\"><\/path><\/svg><\/span>\n\t\t<\/span>\n\n\t\t\t\t\t\t<\/summary>\n\t\t\t\t<div role=\"region\" aria-labelledby=\"e-n-accordion-item-1441\" class=\"elementor-element elementor-element-7ac78d9 e-con-full e-flex e-con e-child\" data-id=\"7ac78d9\" data-element_type=\"container\" data-e-type=\"container\" data-settings=\"{&quot;jet_parallax_layout_list&quot;:[]}\">\n\t\t<div role=\"region\" aria-labelledby=\"e-n-accordion-item-1441\" class=\"elementor-element elementor-element-85b6ef8 e-flex e-con-boxed e-con e-child\" data-id=\"85b6ef8\" data-element_type=\"container\" data-e-type=\"container\" data-settings=\"{&quot;jet_parallax_layout_list&quot;:[]}\">\n\t\t\t\t\t<div class=\"e-con-inner\">\n\t\t\t\t<div class=\"elementor-element elementor-element-4519ba3 elementor-widget elementor-widget-text-editor\" data-id=\"4519ba3\" data-element_type=\"widget\" data-e-type=\"widget\" data-widget_type=\"text-editor.default\">\n\t\t\t\t<div class=\"elementor-widget-container\">\n\t\t\t\t\t\t\t\t\t<p>Ces trois notions abordent la r\u00e9silience \u00e0 diff\u00e9rents niveaux. La r\u00e9silience personnelle se concentre sur l'individu, la r\u00e9silience d'\u00e9quipe porte sur la r\u00e9silience et la capacit\u00e9 d'adaptation communes \u00e0 une \u00e9quipe, tandis que la r\u00e9silience organisationnelle concerne l'organisation dans son ensemble. Au niveau organisationnel, des aspects tels que les structures, le leadership, la culture et les ressources jouent \u00e9galement un r\u00f4le important.<\/p>\t\t\t\t\t\t\t\t<\/div>\n\t\t\t\t<\/div>\n\t\t\t\t\t<\/div>\n\t\t\t\t<\/div>\n\t\t\t\t<\/div>\n\t\t\t\t\t<\/details>\n\t\t\t\t\t\t<details id=\"e-n-accordion-item-1442\" class=\"e-n-accordion-item\" >\n\t\t\t\t<summary class=\"e-n-accordion-item-title\" data-accordion-index=\"3\" tabindex=\"-1\" aria-expanded=\"false\" aria-controls=\"e-n-accordion-item-1442\" >\n\t\t\t\t\t<span class='e-n-accordion-item-title-header'><h3 class=\"e-n-accordion-item-title-text\"> Quelle est la diff\u00e9rence entre la r\u00e9silience organisationnelle et la gestion de crise ? <\/h3><\/span>\n\t\t\t\t\t\t\t<span class='e-n-accordion-item-title-icon'>\n\t\t\t<span class='e-opened' ><svg aria-hidden=\"true\" class=\"e-font-icon-svg e-fas-minus\" viewbox=\"0 0 448 512\" xmlns=\"http:\/\/www.w3.org\/2000\/svg\"><path d=\"M416 208H32c-17.67 0-32 14.33-32 32v32c0 17.67 14.33 32 32 32h384c17.67 0 32-14.33 32-32v-32c0-17.67-14.33-32-32-32z\"><\/path><\/svg><\/span>\n\t\t\t<span class='e-closed'><svg aria-hidden=\"true\" class=\"e-font-icon-svg e-fas-plus\" viewbox=\"0 0 448 512\" xmlns=\"http:\/\/www.w3.org\/2000\/svg\"><path d=\"M416 208H272V64c0-17.67-14.33-32-32-32h-32c-17.67 0-32 14.33-32 32v144H32c-17.67 0-32 14.33-32 32v32c0 17.67 14.33 32 32 32h144v144c0 17.67 14.33 32 32 32h32c17.67 0 32-14.33 32-32V304h144c17.67 0 32-14.33 32-32v-32c0-17.67-14.33-32-32-32z\"><\/path><\/svg><\/span>\n\t\t<\/span>\n\n\t\t\t\t\t\t<\/summary>\n\t\t\t\t<div role=\"region\" aria-labelledby=\"e-n-accordion-item-1442\" class=\"elementor-element elementor-element-8413377 e-con-full e-flex e-con e-child\" data-id=\"8413377\" data-element_type=\"container\" data-e-type=\"container\" data-settings=\"{&quot;jet_parallax_layout_list&quot;:[]}\">\n\t\t<div role=\"region\" aria-labelledby=\"e-n-accordion-item-1442\" class=\"elementor-element elementor-element-2cd5e9d e-flex e-con-boxed e-con e-child\" data-id=\"2cd5e9d\" data-element_type=\"container\" data-e-type=\"container\" data-settings=\"{&quot;jet_parallax_layout_list&quot;:[]}\">\n\t\t\t\t\t<div class=\"e-con-inner\">\n\t\t\t\t<div class=\"elementor-element elementor-element-e4d47ad elementor-widget elementor-widget-text-editor\" data-id=\"e4d47ad\" data-element_type=\"widget\" data-e-type=\"widget\" data-widget_type=\"text-editor.default\">\n\t\t\t\t<div class=\"elementor-widget-container\">\n\t\t\t\t\t\t\t\t\t<p>La gestion de crise vise principalement \u00e0 se pr\u00e9parer \u00e0 des situations de crise sp\u00e9cifiques et \u00e0 y faire face, tandis que la r\u00e9silience organisationnelle adopte une perspective plus large. La r\u00e9silience organisationnelle examine la mani\u00e8re dont une organisation conserve sa capacit\u00e9 \u00e0 agir et \u00e0 s'adapter face au changement et aux d\u00e9fis impr\u00e9vus. La gestion de crise peut constituer un \u00e9l\u00e9ment important d'une organisation r\u00e9siliente, mais elle ne se confond pas avec la r\u00e9silience organisationnelle.<\/p>\t\t\t\t\t\t\t\t<\/div>\n\t\t\t\t<\/div>\n\t\t\t\t\t<\/div>\n\t\t\t\t<\/div>\n\t\t\t\t<\/div>\n\t\t\t\t\t<\/details>\n\t\t\t\t\t\t<details id=\"e-n-accordion-item-1443\" class=\"e-n-accordion-item\" >\n\t\t\t\t<summary class=\"e-n-accordion-item-title\" data-accordion-index=\"4\" tabindex=\"-1\" aria-expanded=\"false\" aria-controls=\"e-n-accordion-item-1443\" >\n\t\t\t\t\t<span class='e-n-accordion-item-title-header'><h3 class=\"e-n-accordion-item-title-text\"> Quel r\u00f4le le leadership joue-t-il dans la r\u00e9silience organisationnelle ? <\/h3><\/span>\n\t\t\t\t\t\t\t<span class='e-n-accordion-item-title-icon'>\n\t\t\t<span class='e-opened' ><svg aria-hidden=\"true\" class=\"e-font-icon-svg e-fas-minus\" viewbox=\"0 0 448 512\" xmlns=\"http:\/\/www.w3.org\/2000\/svg\"><path d=\"M416 208H32c-17.67 0-32 14.33-32 32v32c0 17.67 14.33 32 32 32h384c17.67 0 32-14.33 32-32v-32c0-17.67-14.33-32-32-32z\"><\/path><\/svg><\/span>\n\t\t\t<span class='e-closed'><svg aria-hidden=\"true\" class=\"e-font-icon-svg e-fas-plus\" viewbox=\"0 0 448 512\" xmlns=\"http:\/\/www.w3.org\/2000\/svg\"><path d=\"M416 208H272V64c0-17.67-14.33-32-32-32h-32c-17.67 0-32 14.33-32 32v144H32c-17.67 0-32 14.33-32 32v32c0 17.67 14.33 32 32 32h144v144c0 17.67 14.33 32 32 32h32c17.67 0 32-14.33 32-32V304h144c17.67 0 32-14.33 32-32v-32c0-17.67-14.33-32-32-32z\"><\/path><\/svg><\/span>\n\t\t<\/span>\n\n\t\t\t\t\t\t<\/summary>\n\t\t\t\t<div role=\"region\" aria-labelledby=\"e-n-accordion-item-1443\" class=\"elementor-element elementor-element-92166d4 e-flex e-con-boxed e-con e-child\" data-id=\"92166d4\" data-element_type=\"container\" data-e-type=\"container\" data-settings=\"{&quot;jet_parallax_layout_list&quot;:[]}\">\n\t\t\t\t\t<div class=\"e-con-inner\">\n\t\t<div role=\"region\" aria-labelledby=\"e-n-accordion-item-1443\" class=\"elementor-element elementor-element-9d09c59 e-con-full e-flex e-con e-child\" data-id=\"9d09c59\" data-element_type=\"container\" data-e-type=\"container\" data-settings=\"{&quot;jet_parallax_layout_list&quot;:[]}\">\n\t\t\t\t<div class=\"elementor-element elementor-element-a7e7ee5 elementor-widget elementor-widget-text-editor\" data-id=\"a7e7ee5\" data-element_type=\"widget\" data-e-type=\"widget\" data-widget_type=\"text-editor.default\">\n\t\t\t\t<div class=\"elementor-widget-container\">\n\t\t\t\t\t\t\t\t\t<p>Le leadership exerce une influence consid\u00e9rable sur la mani\u00e8re dont une organisation g\u00e8re le changement et rel\u00e8ve les d\u00e9fis. Les dirigeants peuvent donner une orientation, permettre aux collaborateurs d\u2019assumer leurs responsabilit\u00e9s et cr\u00e9er les conditions leur permettant de mettre \u00e0 profit leurs comp\u00e9tences. Le mod\u00e8le d\u2019organisation r\u00e9siliente persolog\u00ae aborde cet aspect \u00e0 travers le facteur \u201c Leadership responsabilisant \u201d.<\/p>\t\t\t\t\t\t\t\t<\/div>\n\t\t\t\t<\/div>\n\t\t\t\t<\/div>\n\t\t\t\t\t<\/div>\n\t\t\t\t<\/div>\n\t\t\t\t\t<\/details>\n\t\t\t\t\t\t<details id=\"e-n-accordion-item-1444\" class=\"e-n-accordion-item\" >\n\t\t\t\t<summary class=\"e-n-accordion-item-title\" data-accordion-index=\"5\" tabindex=\"-1\" aria-expanded=\"false\" aria-controls=\"e-n-accordion-item-1444\" >\n\t\t\t\t\t<span class='e-n-accordion-item-title-header'><h3 class=\"e-n-accordion-item-title-text\"> Une organisation est-elle r\u00e9siliente si ses collaborateurs le sont ? <\/h3><\/span>\n\t\t\t\t\t\t\t<span class='e-n-accordion-item-title-icon'>\n\t\t\t<span class='e-opened' ><svg aria-hidden=\"true\" class=\"e-font-icon-svg e-fas-minus\" viewbox=\"0 0 448 512\" xmlns=\"http:\/\/www.w3.org\/2000\/svg\"><path d=\"M416 208H32c-17.67 0-32 14.33-32 32v32c0 17.67 14.33 32 32 32h384c17.67 0 32-14.33 32-32v-32c0-17.67-14.33-32-32-32z\"><\/path><\/svg><\/span>\n\t\t\t<span class='e-closed'><svg aria-hidden=\"true\" class=\"e-font-icon-svg e-fas-plus\" viewbox=\"0 0 448 512\" xmlns=\"http:\/\/www.w3.org\/2000\/svg\"><path d=\"M416 208H272V64c0-17.67-14.33-32-32-32h-32c-17.67 0-32 14.33-32 32v144H32c-17.67 0-32 14.33-32 32v32c0 17.67 14.33 32 32 32h144v144c0 17.67 14.33 32 32 32h32c17.67 0 32-14.33 32-32V304h144c17.67 0 32-14.33 32-32v-32c0-17.67-14.33-32-32-32z\"><\/path><\/svg><\/span>\n\t\t<\/span>\n\n\t\t\t\t\t\t<\/summary>\n\t\t\t\t<div role=\"region\" aria-labelledby=\"e-n-accordion-item-1444\" class=\"elementor-element elementor-element-2fa79a5 e-flex e-con-boxed e-con e-child\" data-id=\"2fa79a5\" data-element_type=\"container\" data-e-type=\"container\" data-settings=\"{&quot;jet_parallax_layout_list&quot;:[]}\">\n\t\t\t\t\t<div class=\"e-con-inner\">\n\t\t<div role=\"region\" aria-labelledby=\"e-n-accordion-item-1444\" class=\"elementor-element elementor-element-f59cd58 e-con-full e-flex e-con e-child\" data-id=\"f59cd58\" data-element_type=\"container\" data-e-type=\"container\" data-settings=\"{&quot;jet_parallax_layout_list&quot;:[]}\">\n\t\t\t\t<div class=\"elementor-element elementor-element-9972bd0 elementor-widget elementor-widget-text-editor\" data-id=\"9972bd0\" data-element_type=\"widget\" data-e-type=\"widget\" data-widget_type=\"text-editor.default\">\n\t\t\t\t<div class=\"elementor-widget-container\">\n\t\t\t\t\t\t\t\t\t<p>Les collaborateurs r\u00e9silients peuvent contribuer \u00e0 la r\u00e9silience organisationnelle, mais ils ne suffisent pas \u00e0 eux seuls \u00e0 rendre une organisation r\u00e9siliente. Des facteurs organisationnels tels que le leadership, la culture, les structures, les ressources, les connaissances et la capacit\u00e9 \u00e0 \u00e9voluer jouent \u00e9galement un r\u00f4le important. La r\u00e9silience personnelle et la r\u00e9silience organisationnelle portent donc sur des niveaux diff\u00e9rents, m\u00eame si elles sont li\u00e9es.<\/p>\t\t\t\t\t\t\t\t<\/div>\n\t\t\t\t<\/div>\n\t\t\t\t<\/div>\n\t\t\t\t\t<\/div>\n\t\t\t\t<\/div>\n\t\t\t\t\t<\/details>\n\t\t\t\t\t<\/div>\n\t\t\t\t\t\t<\/div>\n\t\t\t\t<\/div>\n\t\t\t\t<div class=\"elementor-element elementor-element-0ffdbe0 elementor-widget elementor-widget-spacer\" data-id=\"0ffdbe0\" data-element_type=\"widget\" data-e-type=\"widget\" data-widget_type=\"spacer.default\">\n\t\t\t\t<div class=\"elementor-widget-container\">\n\t\t\t\t\t\t\t<div class=\"elementor-spacer\">\n\t\t\t<div class=\"elementor-spacer-inner\"><\/div>\n\t\t<\/div>\n\t\t\t\t\t\t<\/div>\n\t\t\t\t<\/div>\n\t\t\t\t<\/div>\n\t\t\t\t<\/div>\n\t\t\t\t\t<\/div>\n\t\t\t\t<\/div>\n\t\t\t\t<\/div>","protected":false},"excerpt":{"rendered":"<p>Understanding and developing organizational resilience persolog\u00ae Resilience Organization Model Change, crises and unexpected challenges are part of everyday life for organizations. The persolog\u00ae Resilience Organization Model helps to make organizational resilience visible and develop it further. It focuses on nine factors that influence an organization\u2019s resilience and adaptability. Discover more about the certification What is [&hellip;]<\/p>\n","protected":false},"author":3,"featured_media":0,"parent":0,"menu_order":3,"comment_status":"closed","ping_status":"closed","template":"","meta":{"_acf_changed":false,"site-sidebar-layout":"no-sidebar","site-content-layout":"page-builder","ast-site-content-layout":"full-width-container","site-content-style":"unboxed","site-sidebar-style":"unboxed","ast-global-header-display":"","ast-banner-title-visibility":"","ast-main-header-display":"","ast-hfb-above-header-display":"","ast-hfb-below-header-display":"","ast-hfb-mobile-header-display":"","site-post-title":"disabled","ast-breadcrumbs-content":"","ast-featured-img":"disabled","footer-sml-layout":"","ast-disable-related-posts":"","theme-transparent-header-meta":"","adv-header-id-meta":"","stick-header-meta":"","header-above-stick-meta":"","header-main-stick-meta":"","header-below-stick-meta":"","astra-migrate-meta-layouts":"set","ast-page-background-enabled":"default","ast-page-background-meta":{"desktop":{"background-color":"var(--ast-global-color-4)","background-image":"","background-repeat":"repeat","background-position":"center center","background-size":"auto","background-attachment":"scroll","background-type":"","background-media":"","overlay-type":"","overlay-color":"","overlay-opacity":"","overlay-gradient":""},"tablet":{"background-color":"","background-image":"","background-repeat":"repeat","background-position":"center center","background-size":"auto","background-attachment":"scroll","background-type":"","background-media":"","overlay-type":"","overlay-color":"","overlay-opacity":"","overlay-gradient":""},"mobile":{"background-color":"","background-image":"","background-repeat":"repeat","background-position":"center center","background-size":"auto","background-attachment":"scroll","background-type":"","background-media":"","overlay-type":"","overlay-color":"","overlay-opacity":"","overlay-gradient":""}},"ast-content-background-meta":{"desktop":{"background-color":"var(--ast-global-color-5)","background-image":"","background-repeat":"repeat","background-position":"center center","background-size":"auto","background-attachment":"scroll","background-type":"","background-media":"","overlay-type":"","overlay-color":"","overlay-opacity":"","overlay-gradient":""},"tablet":{"background-color":"var(--ast-global-color-5)","background-image":"","background-repeat":"repeat","background-position":"center center","background-size":"auto","background-attachment":"scroll","background-type":"","background-media":"","overlay-type":"","overlay-color":"","overlay-opacity":"","overlay-gradient":""},"mobile":{"background-color":"var(--ast-global-color-5)","background-image":"","background-repeat":"repeat","background-position":"center center","background-size":"auto","background-attachment":"scroll","background-type":"","background-media":"","overlay-type":"","overlay-color":"","overlay-opacity":"","overlay-gradient":""}},"footnotes":""},"class_list":["post-3528","page","type-page","status-publish","hentry"],"acf":[],"yoast_head":"<!-- This site is optimized with the Yoast SEO Premium plugin v28.2 (Yoast SEO v28.3) - https:\/\/yoast.com\/product\/yoast-seo-premium-wordpress\/ -->\n<title>persolog\u00ae Resilience Organization Model - persolog Homepage<\/title>\n<meta name=\"description\" content=\"Elevate organizational resilience with persolog\u00ae Resilience Organization Model. Gain certification, training, and coaching tools to help businesses thrive in an uncertain world. Assess and enhance organizational resilience with expert insights.\" \/>\n<meta name=\"robots\" content=\"index, follow, max-snippet:-1, max-image-preview:large, max-video-preview:-1\" \/>\n<link rel=\"canonical\" href=\"https:\/\/persolog.com\/fr\/persolog-resilience-organization-model\/\" \/>\n<meta property=\"og:locale\" content=\"fr_FR\" \/>\n<meta property=\"og:type\" content=\"article\" \/>\n<meta property=\"og:title\" content=\"persolog\u00ae Resilience Organization Model\" \/>\n<meta property=\"og:description\" content=\"Elevate organizational resilience with persolog\u00ae Resilience Organization Model. Gain certification, training, and coaching tools to help businesses thrive in an uncertain world. Assess and enhance organizational resilience with expert insights.\" \/>\n<meta property=\"og:url\" content=\"https:\/\/persolog.com\/fr\/persolog-resilience-organization-model\/\" \/>\n<meta property=\"og:site_name\" content=\"persolog Homepage\" \/>\n<meta property=\"article:publisher\" content=\"https:\/\/www.facebook.com\/persolog.persoenlichkeitsentwicklung\/?locale=de_DE\" \/>\n<meta property=\"article:modified_time\" content=\"2026-08-24T13:45:04+00:00\" \/>\n<meta name=\"twitter:card\" content=\"summary_large_image\" \/>\n<meta name=\"twitter:label1\" content=\"Dur\u00e9e de lecture estim\u00e9e\" \/>\n\t<meta name=\"twitter:data1\" content=\"13 minutes\" \/>\n<script type=\"application\/ld+json\" class=\"yoast-schema-graph\">{\"@context\":\"https:\\\/\\\/schema.org\",\"@graph\":[{\"@type\":\"WebPage\",\"@id\":\"https:\\\/\\\/persolog.com\\\/persolog-resilience-organization-model\\\/\",\"url\":\"https:\\\/\\\/persolog.com\\\/persolog-resilience-organization-model\\\/\",\"name\":\"persolog\u00ae Resilience Organization Model - persolog Homepage\",\"isPartOf\":{\"@id\":\"https:\\\/\\\/persolog.com\\\/#website\"},\"primaryImageOfPage\":{\"@id\":\"https:\\\/\\\/persolog.com\\\/persolog-resilience-organization-model\\\/#primaryimage\"},\"image\":{\"@id\":\"https:\\\/\\\/persolog.com\\\/persolog-resilience-organization-model\\\/#primaryimage\"},\"thumbnailUrl\":\"https:\\\/\\\/persolog.com\\\/wp-content\\\/uploads\\\/2023\\\/06\\\/persolog_organization_resilience-model-small-scaled.avif\",\"datePublished\":\"2023-06-28T07:35:08+00:00\",\"dateModified\":\"2026-08-24T13:45:04+00:00\",\"description\":\"Elevate organizational resilience with persolog\u00ae Resilience Organization Model. Gain certification, training, and coaching tools to help businesses thrive in an uncertain world. Assess and enhance organizational resilience with expert insights.\",\"breadcrumb\":{\"@id\":\"https:\\\/\\\/persolog.com\\\/persolog-resilience-organization-model\\\/#breadcrumb\"},\"inLanguage\":\"fr-FR\",\"potentialAction\":[{\"@type\":\"ReadAction\",\"target\":[\"https:\\\/\\\/persolog.com\\\/persolog-resilience-organization-model\\\/\"]}]},{\"@type\":\"ImageObject\",\"inLanguage\":\"fr-FR\",\"@id\":\"https:\\\/\\\/persolog.com\\\/persolog-resilience-organization-model\\\/#primaryimage\",\"url\":\"https:\\\/\\\/persolog.com\\\/wp-content\\\/uploads\\\/2023\\\/06\\\/persolog_organization_resilience-model-small-scaled.avif\",\"contentUrl\":\"https:\\\/\\\/persolog.com\\\/wp-content\\\/uploads\\\/2023\\\/06\\\/persolog_organization_resilience-model-small-scaled.avif\"},{\"@type\":\"BreadcrumbList\",\"@id\":\"https:\\\/\\\/persolog.com\\\/persolog-resilience-organization-model\\\/#breadcrumb\",\"itemListElement\":[{\"@type\":\"ListItem\",\"position\":1,\"name\":\"Startseite\",\"item\":\"https:\\\/\\\/persolog.com\\\/\"},{\"@type\":\"ListItem\",\"position\":2,\"name\":\"persolog\u00ae Resilience Organization Model\"}]},{\"@type\":\"WebSite\",\"@id\":\"https:\\\/\\\/persolog.com\\\/#website\",\"url\":\"https:\\\/\\\/persolog.com\\\/\",\"name\":\"persolog\u00ae Homepage\",\"description\":\"Develop organizations through people\",\"publisher\":{\"@id\":\"https:\\\/\\\/persolog.com\\\/#organization\"},\"potentialAction\":[{\"@type\":\"SearchAction\",\"target\":{\"@type\":\"EntryPoint\",\"urlTemplate\":\"https:\\\/\\\/persolog.com\\\/?s={search_term_string}\"},\"query-input\":{\"@type\":\"PropertyValueSpecification\",\"valueRequired\":true,\"valueName\":\"search_term_string\"}}],\"inLanguage\":\"fr-FR\"},{\"@type\":\"Organization\",\"@id\":\"https:\\\/\\\/persolog.com\\\/#organization\",\"name\":\"persolog\u00ae GmbH\",\"url\":\"https:\\\/\\\/persolog.com\\\/\",\"logo\":{\"@type\":\"ImageObject\",\"inLanguage\":\"fr-FR\",\"@id\":\"https:\\\/\\\/persolog.com\\\/#\\\/schema\\\/logo\\\/image\\\/\",\"url\":\"https:\\\/\\\/persolog.com\\\/wp-content\\\/uploads\\\/2023\\\/05\\\/persolog-logo-refreshed.svg\",\"contentUrl\":\"https:\\\/\\\/persolog.com\\\/wp-content\\\/uploads\\\/2023\\\/05\\\/persolog-logo-refreshed.svg\",\"width\":150,\"height\":36,\"caption\":\"persolog\u00ae GmbH\"},\"image\":{\"@id\":\"https:\\\/\\\/persolog.com\\\/#\\\/schema\\\/logo\\\/image\\\/\"},\"sameAs\":[\"https:\\\/\\\/www.facebook.com\\\/persolog.persoenlichkeitsentwicklung\\\/?locale=de_DE\",\"https:\\\/\\\/de.linkedin.com\\\/company\\\/persolog-gmbh\",\"https:\\\/\\\/www.instagram.com\\\/persolog_\\\/\"]}]}<\/script>\n<!-- \/ Yoast SEO Premium plugin. -->","yoast_head_json":{"title":"Mod\u00e8le d&#039;organisation de r\u00e9silience persolog\u00ae - persolog","description":"Am\u00e9liorez la r\u00e9silience organisationnelle avec le mod\u00e8le d&#039;organisation de r\u00e9silience persolog\u00ae. Obtenez des outils de certification, de formation et de coaching pour aider les entreprises \u00e0 prosp\u00e9rer dans un monde incertain. \u00c9valuez et am\u00e9liorez la r\u00e9silience organisationnelle gr\u00e2ce aux conseils d\u2019experts.","robots":{"index":"index","follow":"follow","max-snippet":"max-snippet:-1","max-image-preview":"max-image-preview:large","max-video-preview":"max-video-preview:-1"},"canonical":"https:\/\/persolog.com\/fr\/persolog-resilience-organization-model\/","og_locale":"fr_FR","og_type":"article","og_title":"persolog\u00ae Resilience Organization Model","og_description":"Elevate organizational resilience with persolog\u00ae Resilience Organization Model. Gain certification, training, and coaching tools to help businesses thrive in an uncertain world. Assess and enhance organizational resilience with expert insights.","og_url":"https:\/\/persolog.com\/fr\/persolog-resilience-organization-model\/","og_site_name":"persolog Homepage","article_publisher":"https:\/\/www.facebook.com\/persolog.persoenlichkeitsentwicklung\/?locale=de_DE","article_modified_time":"2026-08-24T13:45:04+00:00","twitter_card":"summary_large_image","twitter_misc":{"Dur\u00e9e de lecture estim\u00e9e":"13 minutes"},"schema":{"@context":"https:\/\/schema.org","@graph":[{"@type":"WebPage","@id":"https:\/\/persolog.com\/persolog-resilience-organization-model\/","url":"https:\/\/persolog.com\/persolog-resilience-organization-model\/","name":"Mod\u00e8le d&#039;organisation de r\u00e9silience persolog\u00ae - persolog","isPartOf":{"@id":"https:\/\/persolog.com\/#website"},"primaryImageOfPage":{"@id":"https:\/\/persolog.com\/persolog-resilience-organization-model\/#primaryimage"},"image":{"@id":"https:\/\/persolog.com\/persolog-resilience-organization-model\/#primaryimage"},"thumbnailUrl":"https:\/\/persolog.com\/wp-content\/uploads\/2023\/06\/persolog_organization_resilience-model-small-scaled.avif","datePublished":"2023-06-28T07:35:08+00:00","dateModified":"2026-08-24T13:45:04+00:00","description":"Am\u00e9liorez la r\u00e9silience organisationnelle avec le mod\u00e8le d&#039;organisation de r\u00e9silience persolog\u00ae. Obtenez des outils de certification, de formation et de coaching pour aider les entreprises \u00e0 prosp\u00e9rer dans un monde incertain. \u00c9valuez et am\u00e9liorez la r\u00e9silience organisationnelle gr\u00e2ce aux conseils d\u2019experts.","breadcrumb":{"@id":"https:\/\/persolog.com\/persolog-resilience-organization-model\/#breadcrumb"},"inLanguage":"fr-FR","potentialAction":[{"@type":"ReadAction","target":["https:\/\/persolog.com\/persolog-resilience-organization-model\/"]}]},{"@type":"ImageObject","inLanguage":"fr-FR","@id":"https:\/\/persolog.com\/persolog-resilience-organization-model\/#primaryimage","url":"https:\/\/persolog.com\/wp-content\/uploads\/2023\/06\/persolog_organization_resilience-model-small-scaled.avif","contentUrl":"https:\/\/persolog.com\/wp-content\/uploads\/2023\/06\/persolog_organization_resilience-model-small-scaled.avif"},{"@type":"BreadcrumbList","@id":"https:\/\/persolog.com\/persolog-resilience-organization-model\/#breadcrumb","itemListElement":[{"@type":"ListItem","position":1,"name":"Startseite","item":"https:\/\/persolog.com\/"},{"@type":"ListItem","position":2,"name":"persolog\u00ae Resilience Organization Model"}]},{"@type":"WebSite","@id":"https:\/\/persolog.com\/#website","url":"https:\/\/persolog.com\/","name":"persolog\u00ae Homepage","description":"D\u00e9velopper les organisations gr\u00e2ce aux personnes","publisher":{"@id":"https:\/\/persolog.com\/#organization"},"potentialAction":[{"@type":"SearchAction","target":{"@type":"EntryPoint","urlTemplate":"https:\/\/persolog.com\/?s={search_term_string}"},"query-input":{"@type":"PropertyValueSpecification","valueRequired":true,"valueName":"search_term_string"}}],"inLanguage":"fr-FR"},{"@type":"Organization","@id":"https:\/\/persolog.com\/#organization","name":"persolog\u00ae GmbH","url":"https:\/\/persolog.com\/","logo":{"@type":"ImageObject","inLanguage":"fr-FR","@id":"https:\/\/persolog.com\/#\/schema\/logo\/image\/","url":"https:\/\/persolog.com\/wp-content\/uploads\/2023\/05\/persolog-logo-refreshed.svg","contentUrl":"https:\/\/persolog.com\/wp-content\/uploads\/2023\/05\/persolog-logo-refreshed.svg","width":150,"height":36,"caption":"persolog\u00ae GmbH"},"image":{"@id":"https:\/\/persolog.com\/#\/schema\/logo\/image\/"},"sameAs":["https:\/\/www.facebook.com\/persolog.persoenlichkeitsentwicklung\/?locale=de_DE","https:\/\/de.linkedin.com\/company\/persolog-gmbh","https:\/\/www.instagram.com\/persolog_\/"]}]}},"_links":{"self":[{"href":"https:\/\/persolog.com\/fr\/wp-json\/wp\/v2\/pages\/3528","targetHints":{"allow":["GET"]}}],"collection":[{"href":"https:\/\/persolog.com\/fr\/wp-json\/wp\/v2\/pages"}],"about":[{"href":"https:\/\/persolog.com\/fr\/wp-json\/wp\/v2\/types\/page"}],"author":[{"embeddable":true,"href":"https:\/\/persolog.com\/fr\/wp-json\/wp\/v2\/users\/3"}],"replies":[{"embeddable":true,"href":"https:\/\/persolog.com\/fr\/wp-json\/wp\/v2\/comments?post=3528"}],"version-history":[{"count":81,"href":"https:\/\/persolog.com\/fr\/wp-json\/wp\/v2\/pages\/3528\/revisions"}],"predecessor-version":[{"id":36623,"href":"https:\/\/persolog.com\/fr\/wp-json\/wp\/v2\/pages\/3528\/revisions\/36623"}],"wp:attachment":[{"href":"https:\/\/persolog.com\/fr\/wp-json\/wp\/v2\/media?parent=3528"}],"curies":[{"name":"wp","href":"https:\/\/api.w.org\/{rel}","templated":true}]}}