{"id":3562,"date":"2023-06-28T11:11:14","date_gmt":"2023-06-28T09:11:14","guid":{"rendered":"https:\/\/beta.persolog.de\/?page_id=3562"},"modified":"2026-08-28T12:42:38","modified_gmt":"2026-08-28T10:42:38","slug":"persolog-self-leadership-model","status":"publish","type":"page","link":"https:\/\/persolog.com\/it\/persolog-self-leadership-model\/","title":{"rendered":"Modello di auto-guida persolog\u00ae"},"content":{"rendered":"<div data-elementor-type=\"wp-page\" data-elementor-id=\"3562\" class=\"elementor elementor-3562\" data-elementor-post-type=\"page\">\n\t\t\t\t<div class=\"elementor-element elementor-element-725e1d7 e-flex e-con-boxed e-con e-parent\" data-id=\"725e1d7\" data-element_type=\"container\" data-e-type=\"container\" data-settings=\"{&quot;jet_parallax_layout_list&quot;:[]}\">\n\t\t\t\t\t<div class=\"e-con-inner\">\n\t\t<div class=\"elementor-element elementor-element-c229248 e-con-full e-flex e-con e-child\" data-id=\"c229248\" data-element_type=\"container\" data-e-type=\"container\" data-settings=\"{&quot;jet_parallax_layout_list&quot;:[]}\">\n\t\t\t\t<div class=\"elementor-element elementor-element-fb80fe9 elementor-widget elementor-widget-image\" data-id=\"fb80fe9\" data-element_type=\"widget\" data-e-type=\"widget\" data-widget_type=\"image.default\">\n\t\t\t\t<div class=\"elementor-widget-container\">\n\t\t\t\t\t\t\t\t\t\t\t\t\t\t\t<img fetchpriority=\"high\" decoding=\"async\" width=\"2560\" height=\"1099\" src=\"https:\/\/persolog.com\/wp-content\/uploads\/2025\/03\/AdobeStock_284618179-scaled.avif\" class=\"attachment-full size-full wp-image-30657\" alt=\"Immagine di copertina del modello di autogestione persolog\u00ae\" srcset=\"https:\/\/persolog.com\/wp-content\/uploads\/2025\/03\/AdobeStock_284618179-scaled.avif 2560w, https:\/\/persolog.com\/wp-content\/uploads\/2025\/03\/AdobeStock_284618179-300x129.avif 300w, https:\/\/persolog.com\/wp-content\/uploads\/2025\/03\/AdobeStock_284618179-1024x440.avif 1024w, https:\/\/persolog.com\/wp-content\/uploads\/2025\/03\/AdobeStock_284618179-768x330.avif 768w, https:\/\/persolog.com\/wp-content\/uploads\/2025\/03\/AdobeStock_284618179-1536x659.avif 1536w, https:\/\/persolog.com\/wp-content\/uploads\/2025\/03\/AdobeStock_284618179-2048x879.avif 2048w, https:\/\/persolog.com\/wp-content\/uploads\/2025\/03\/AdobeStock_284618179-18x8.avif 18w\" sizes=\"(max-width: 2560px) 100vw, 2560px\" \/>\t\t\t\t\t\t\t\t\t\t\t\t\t\t\t<\/div>\n\t\t\t\t<\/div>\n\t\t<div class=\"elementor-element elementor-element-9ccf614 e-con-full e-flex e-con e-child\" data-id=\"9ccf614\" data-element_type=\"container\" data-e-type=\"container\" data-settings=\"{&quot;background_background&quot;:&quot;classic&quot;,&quot;jet_parallax_layout_list&quot;:[]}\">\n\t\t\t\t<div class=\"elementor-element elementor-element-8c872fd uael-heading-align-center elementor-widget elementor-widget-uael-advanced-heading\" data-id=\"8c872fd\" data-element_type=\"widget\" data-e-type=\"widget\" data-widget_type=\"uael-advanced-heading.default\">\n\t\t\t\t<div class=\"elementor-widget-container\">\n\t\t\t\t\t\n\t\t<div class=\"uael-module-content uael-heading-wrapper\">\n\t\t\t\t\t\t\t\t\t\t<div class=\"uael-sub-heading elementor-inline-editing\" data-elementor-setting-key=\"sub_heading\" data-elementor-inline-editing-toolbar=\"advanced\" >Prenda in mano la propria vita e persegua consapevolmente i propri obiettivi personali<\/div>\n\t\t\t\n\t\t\t<h1 class=\"uael-heading\">\n\t\t\t\t\t\t\t\t\t\t<span class=\"uael-heading-text elementor-inline-editing uael-size--default\" data-elementor-setting-key=\"heading_title\" data-elementor-inline-editing-toolbar=\"basic\">Modello di auto-leadership persolog\u00ae<\/span>\n\t\t\t\t\t\t\t<\/h1>\n\n\t\t\t\n\t\t\t\n\t\t\t\n\t\t\t\t\t\t<\/div>\n\t\t\t\t\t\t<\/div>\n\t\t\t\t<\/div>\n\t\t\t\t<div class=\"elementor-element elementor-element-f5e9a1c elementor-widget elementor-widget-text-editor\" data-id=\"f5e9a1c\" data-element_type=\"widget\" data-e-type=\"widget\" data-widget_type=\"text-editor.default\">\n\t\t\t\t<div class=\"elementor-widget-container\">\n\t\t\t\t\t\t\t\t\t<p>Il raggiungimento degli obiettivi personali non consiste solo nel sapere cosa si desidera realizzare. Anche la motivazione, la forza di volont\u00e0, il proprio comportamento e il modo in cui si gestisce la propria energia giocano un ruolo importante. Il Modello di Self-Leadership persolog\u00ae vi aiuta a esaminare la vostra self-leadership da diverse prospettive e a svilupparla ulteriormente.<\/p>\t\t\t\t\t\t\t\t<\/div>\n\t\t\t\t<\/div>\n\t\t\t\t<div class=\"elementor-element elementor-element-11d3564 elementor-align-center elementor-widget elementor-widget-button\" data-id=\"11d3564\" data-element_type=\"widget\" data-e-type=\"widget\" data-widget_type=\"button.default\">\n\t\t\t\t<div class=\"elementor-widget-container\">\n\t\t\t\t\t\t\t\t\t<div class=\"elementor-button-wrapper\">\n\t\t\t\t\t<a class=\"elementor-button elementor-button-link elementor-size-xl\" href=\"https:\/\/academy.persolog.de\/zertifizierung-selbstfuehrungs-modell?utm_source=homepage&#038;utm_medium=button\" target=\"_blank\">\n\t\t\t\t\t\t<span class=\"elementor-button-content-wrapper\">\n\t\t\t\t\t\t\t\t\t<span class=\"elementor-button-text\">Scopri di pi\u00f9 sulla certificazione<\/span>\n\t\t\t\t\t<\/span>\n\t\t\t\t\t<\/a>\n\t\t\t\t<\/div>\n\t\t\t\t\t\t\t\t<\/div>\n\t\t\t\t<\/div>\n\t\t\t\t<\/div>\n\t\t\t\t<\/div>\n\t\t\t\t<div class=\"elementor-element elementor-element-5423e91 elementor-absolute elementor-widget elementor-widget-image\" data-id=\"5423e91\" data-element_type=\"widget\" data-e-type=\"widget\" data-settings=\"{&quot;_position&quot;:&quot;absolute&quot;}\" data-no-translation=\"\" data-widget_type=\"image.default\">\n\t\t\t\t<div class=\"elementor-widget-container\">\n\t\t\t\t\t<style>.elementor-element-5423e91{display:none !important}<\/style>\t\t\t\t<\/div>\n\t\t\t\t<\/div>\n\t\t\t\t\t<\/div>\n\t\t\t\t<\/div>\n\t\t<div class=\"elementor-element elementor-element-40214fa e-flex e-con-boxed e-con e-parent\" data-id=\"40214fa\" data-element_type=\"container\" data-e-type=\"container\" data-settings=\"{&quot;jet_parallax_layout_list&quot;:[]}\">\n\t\t\t\t\t<div class=\"e-con-inner\">\n\t\t\t\t<div class=\"elementor-element elementor-element-2d7af72 elementor-hidden-tablet elementor-hidden-mobile elementor-widget elementor-widget-spacer\" data-id=\"2d7af72\" data-element_type=\"widget\" data-e-type=\"widget\" data-widget_type=\"spacer.default\">\n\t\t\t\t<div class=\"elementor-widget-container\">\n\t\t\t\t\t\t\t<div class=\"elementor-spacer\">\n\t\t\t<div class=\"elementor-spacer-inner\"><\/div>\n\t\t<\/div>\n\t\t\t\t\t\t<\/div>\n\t\t\t\t<\/div>\n\t\t\t\t<div class=\"elementor-element elementor-element-1d4e71c elementor-widget elementor-widget-heading\" data-id=\"1d4e71c\" data-element_type=\"widget\" data-e-type=\"widget\" data-widget_type=\"heading.default\">\n\t\t\t\t<div class=\"elementor-widget-container\">\n\t\t\t\t\t<h2 class=\"elementor-heading-title elementor-size-default\">Che cos\u2019\u00e8 l\u2019autogestione?<\/h2>\t\t\t\t<\/div>\n\t\t\t\t<\/div>\n\t\t\t\t<div class=\"elementor-element elementor-element-c0ad41a elementor-widget__width-initial elementor-widget elementor-widget-text-editor\" data-id=\"c0ad41a\" data-element_type=\"widget\" data-e-type=\"widget\" data-widget_type=\"text-editor.default\">\n\t\t\t\t<div class=\"elementor-widget-container\">\n\t\t\t\t\t\t\t\t\t<p><strong>L\u2019autogestione descrive la capacit\u00e0 di influenzare i propri pensieri, sentimenti e azioni al fine di perseguire consapevolmente i propri obiettivi personali.<\/strong> Si tratta di assumersi la responsabilit\u00e0 del proprio comportamento e di essere in grado di orientarsi anche quando si incontrano ostacoli o difficolt\u00e0.<\/p><p>\u00a0<\/p><p>L\u2019autogestione non \u00e8 una caratteristica immutabile. <strong>La competenza nell'autogestione pu\u00f2 essere sviluppata e allenata.<\/strong> Ci\u00f2 comporta un\u2019analisi dei propri obiettivi, della motivazione personale, del comportamento e delle risorse a disposizione.<\/p>\t\t\t\t\t\t\t\t<\/div>\n\t\t\t\t<\/div>\n\t\t\t\t\t<\/div>\n\t\t\t\t<\/div>\n\t\t<div class=\"elementor-element elementor-element-e5398de e-flex e-con-boxed e-con e-parent\" data-id=\"e5398de\" data-element_type=\"container\" data-e-type=\"container\" data-settings=\"{&quot;jet_parallax_layout_list&quot;:[]}\">\n\t\t\t\t\t<div class=\"e-con-inner\">\n\t\t\t\t<div class=\"elementor-element elementor-element-5f41900 elementor-widget elementor-widget-spacer\" data-id=\"5f41900\" data-element_type=\"widget\" data-e-type=\"widget\" data-widget_type=\"spacer.default\">\n\t\t\t\t<div class=\"elementor-widget-container\">\n\t\t\t\t\t\t\t<div class=\"elementor-spacer\">\n\t\t\t<div class=\"elementor-spacer-inner\"><\/div>\n\t\t<\/div>\n\t\t\t\t\t\t<\/div>\n\t\t\t\t<\/div>\n\t\t\t\t<div class=\"elementor-element elementor-element-85dc471 elementor-widget elementor-widget-heading\" data-id=\"85dc471\" data-element_type=\"widget\" data-e-type=\"widget\" data-widget_type=\"heading.default\">\n\t\t\t\t<div class=\"elementor-widget-container\">\n\t\t\t\t\t<h2 class=\"elementor-heading-title elementor-size-default\">Che cos\u2019\u00e8 il modello di auto-leadership persolog\u00ae?<\/h2>\t\t\t\t<\/div>\n\t\t\t\t<\/div>\n\t\t<div class=\"elementor-element elementor-element-d7c4852 e-con-full e-flex e-con e-child\" data-id=\"d7c4852\" data-element_type=\"container\" data-e-type=\"container\" data-settings=\"{&quot;jet_parallax_layout_list&quot;:[]}\">\n\t\t<div class=\"elementor-element elementor-element-69a1cc8 e-con-full e-flex e-con e-child\" data-id=\"69a1cc8\" data-element_type=\"container\" data-e-type=\"container\" data-settings=\"{&quot;jet_parallax_layout_list&quot;:[]}\">\n\t\t\t\t<div class=\"elementor-element elementor-element-1eb6463 elementor-widget__width-initial elementor-widget elementor-widget-image\" data-id=\"1eb6463\" data-element_type=\"widget\" data-e-type=\"widget\" data-widget_type=\"image.default\">\n\t\t\t\t<div class=\"elementor-widget-container\">\n\t\t\t\t\t\t\t\t\t\t\t\t\t\t\t\t<a href=\"https:\/\/persolog.com\/wp-content\/uploads\/2026\/05\/EN_Selbstfuehrungsmodell_Grafik.avif\" data-elementor-open-lightbox=\"yes\" data-elementor-lightbox-title=\"EN_Selbstf\u00fchrungsmodell_Grafik\" data-elementor-lightbox-description=\"persolog Self-Leadership Model\" data-e-action-hash=\"#elementor-action%3Aaction%3Dlightbox%26settings%3DeyJpZCI6MzUxMDYsInVybCI6Imh0dHBzOlwvXC9wZXJzb2xvZy5jb21cL3dwLWNvbnRlbnRcL3VwbG9hZHNcLzIwMjZcLzA1XC9FTl9TZWxic3RmdWVocnVuZ3Ntb2RlbGxfR3JhZmlrLmF2aWYifQ%3D%3D\">\n\t\t\t\t\t\t\t<img decoding=\"async\" src=\"https:\/\/persolog.com\/wp-content\/uploads\/elementor\/thumbs\/EN_Selbstfuehrungsmodell_Grafik-rrina9joov1vea9a6swz4wxie8gh24j3euhgm3ab68.avif\" title=\"EN_Selbstf\u00fchrungsmodell_Grafik\" alt=\"Modello di auto-guida persolog\" loading=\"lazy\" \/>\t\t\t\t\t\t\t\t<\/a>\n\t\t\t\t\t\t\t\t\t\t\t\t\t\t\t<\/div>\n\t\t\t\t<\/div>\n\t\t\t\t<div class=\"elementor-element elementor-element-6fd3eb0 elementor-widget elementor-widget-image\" data-id=\"6fd3eb0\" data-element_type=\"widget\" data-e-type=\"widget\" data-widget_type=\"image.default\">\n\t\t\t\t<div class=\"elementor-widget-container\">\n\t\t\t\t\t<style>.elementor-element-6fd3eb0{display:none !important}<\/style>\t\t\t\t<\/div>\n\t\t\t\t<\/div>\n\t\t\t\t<\/div>\n\t\t<div class=\"elementor-element elementor-element-33a7e98 e-con-full e-flex e-con e-child\" data-id=\"33a7e98\" data-element_type=\"container\" data-e-type=\"container\" data-settings=\"{&quot;jet_parallax_layout_list&quot;:[]}\">\n\t\t\t\t<div class=\"elementor-element elementor-element-980b96d elementor-widget__width-initial elementor-widget elementor-widget-text-editor\" data-id=\"980b96d\" data-element_type=\"widget\" data-e-type=\"widget\" data-widget_type=\"text-editor.default\">\n\t\t\t\t<div class=\"elementor-widget-container\">\n\t\t\t\t\t\t\t\t\t<p>Il modello di auto-leadership persolog\u00ae \u00e8 stato sviluppato in collaborazione con <strong>Il Prof. Dr. G\u00fcnter F. M\u00fcller dell\u2019Universit\u00e0 di Coblenza-Landau<\/strong> e si basa su concetti tratti dalla psicologia sociale, del lavoro, aziendale e organizzativa.<\/p><p>Il modello analizza l\u2019autogestione attraverso <strong>quattro dimensioni e sette strategie corrispondenti<\/strong>. Queste riguardano diversi ambiti che contribuiscono allo sviluppo delle competenze di auto-leadership.<\/p>\t\t\t\t\t\t\t\t<\/div>\n\t\t\t\t<\/div>\n\t\t\t\t<\/div>\n\t\t\t\t<\/div>\n\t\t\t\t\t<\/div>\n\t\t\t\t<\/div>\n\t\t<div class=\"elementor-element elementor-element-8f539a8 e-flex e-con-boxed e-con e-parent\" data-id=\"8f539a8\" data-element_type=\"container\" data-e-type=\"container\" data-settings=\"{&quot;jet_parallax_layout_list&quot;:[]}\">\n\t\t\t\t\t<div class=\"e-con-inner\">\n\t\t\t\t<div class=\"elementor-element elementor-element-fd0718f elementor-widget elementor-widget-heading\" data-id=\"fd0718f\" data-element_type=\"widget\" data-e-type=\"widget\" data-widget_type=\"heading.default\">\n\t\t\t\t<div class=\"elementor-widget-container\">\n\t\t\t\t\t<h2 class=\"elementor-heading-title elementor-size-default\">Le 4 dimensioni e le 7 strategie dell\u2019autogestione<\/h2>\t\t\t\t<\/div>\n\t\t\t\t<\/div>\n\t\t\t\t<div class=\"elementor-element elementor-element-2a4fd59 elementor-widget__width-initial elementor-widget elementor-widget-text-editor\" data-id=\"2a4fd59\" data-element_type=\"widget\" data-e-type=\"widget\" data-widget_type=\"text-editor.default\">\n\t\t\t\t<div class=\"elementor-widget-container\">\n\t\t\t\t\t\t\t\t\t<p>Le quattro dimensioni <strong>Cognitivo,\u00a0<span lang=\"en-US\" data-ogsc=\"rgb(14, 55, 114)\">Emotivo, incentrato sul comportamento e <\/span><span lang=\"en-US\" data-ogsc=\"rgb(14, 55, 114)\">Autogestione fisica <\/span><\/strong>comprendono in totale sette strategie di autoguida.<\/p>\t\t\t\t\t\t\t\t<\/div>\n\t\t\t\t<\/div>\n\t\t<div class=\"elementor-element elementor-element-54ea031 e-con-full e-flex e-con e-child\" data-id=\"54ea031\" data-element_type=\"container\" data-e-type=\"container\" data-settings=\"{&quot;jet_parallax_layout_list&quot;:[]}\">\n\t\t<div class=\"elementor-element elementor-element-597baa6 e-con-full e-flex e-con e-child\" data-id=\"597baa6\" data-element_type=\"container\" data-e-type=\"container\" data-settings=\"{&quot;jet_parallax_layout_list&quot;:[]}\">\n\t\t\t\t<div class=\"elementor-element elementor-element-6ce9aa3 elementor-hidden-mobile elementor-widget elementor-widget-image\" data-id=\"6ce9aa3\" data-element_type=\"widget\" data-e-type=\"widget\" data-widget_type=\"image.default\">\n\t\t\t\t<div class=\"elementor-widget-container\">\n\t\t\t\t\t\t\t\t\t\t\t\t\t\t\t<img decoding=\"async\" src=\"https:\/\/persolog.com\/wp-content\/uploads\/elementor\/thumbs\/kognitive-SF-rsffeort48v2p71avo5n3nr613i21pw07r6bs7a4h2.png\" title=\"Autogestione cognitiva\" alt=\"Autogestione cognitiva\" loading=\"lazy\" \/>\t\t\t\t\t\t\t\t\t\t\t\t\t\t\t<\/div>\n\t\t\t\t<\/div>\n\t\t\t\t<\/div>\n\t\t<div class=\"elementor-element elementor-element-ce53ea7 e-con-full e-flex e-con e-child\" data-id=\"ce53ea7\" data-element_type=\"container\" data-e-type=\"container\" data-settings=\"{&quot;jet_parallax_layout_list&quot;:[]}\">\n\t\t\t\t<div class=\"elementor-element elementor-element-7c5205a elementor-widget elementor-widget-heading\" data-id=\"7c5205a\" data-element_type=\"widget\" data-e-type=\"widget\" data-widget_type=\"heading.default\">\n\t\t\t\t<div class=\"elementor-widget-container\">\n\t\t\t\t\t<h3 class=\"elementor-heading-title elementor-size-default\">1. Autogestione cognitiva<\/h3>\t\t\t\t<\/div>\n\t\t\t\t<\/div>\n\t\t\t\t<div class=\"elementor-element elementor-element-6a8fd5f elementor-widget__width-initial elementor-widget elementor-widget-text-editor\" data-id=\"6a8fd5f\" data-element_type=\"widget\" data-e-type=\"widget\" data-widget_type=\"text-editor.default\">\n\t\t\t\t<div class=\"elementor-widget-container\">\n\t\t\t\t\t\t\t\t\t<p>La dimensione \u201cAutogestione cognitiva\u201d verte sugli obiettivi che le persone si prefiggono e sul modo in cui utilizzano la propria forza di volont\u00e0 per perseguirli. Si tratta di concentrarsi consapevolmente sugli obiettivi e di continuare a impegnarsi per raggiungerli.<\/p><p>\u00a0<\/p><p>Le due strategie nell\u2019ambito della dimensione \u201cPensiero\u201d sono <strong>Definizione degli obiettivi e attivazione della forza di volont\u00e0<\/strong>.<\/p>\t\t\t\t\t\t\t\t<\/div>\n\t\t\t\t<\/div>\n\t\t\t\t<\/div>\n\t\t\t\t<\/div>\n\t\t<div class=\"elementor-element elementor-element-c8a9e66 e-con-full e-flex e-con e-child\" data-id=\"c8a9e66\" data-element_type=\"container\" data-e-type=\"container\" data-settings=\"{&quot;jet_parallax_layout_list&quot;:[]}\">\n\t\t<div class=\"elementor-element elementor-element-4088e8c e-con-full e-flex e-con e-child\" data-id=\"4088e8c\" data-element_type=\"container\" data-e-type=\"container\" data-settings=\"{&quot;jet_parallax_layout_list&quot;:[]}\">\n\t\t\t\t<div class=\"elementor-element elementor-element-bf4f8f8 elementor-hidden-mobile elementor-widget elementor-widget-image\" data-id=\"bf4f8f8\" data-element_type=\"widget\" data-e-type=\"widget\" data-widget_type=\"image.default\">\n\t\t\t\t<div class=\"elementor-widget-container\">\n\t\t\t\t\t\t\t\t\t\t\t\t\t\t\t<img decoding=\"async\" src=\"https:\/\/persolog.com\/wp-content\/uploads\/elementor\/thumbs\/emotionale-SF-rsffeppnb2wd0szxq6k9o5immhdf9ezqjvtt9h8qau.png\" title=\"Autogestione emotiva\" alt=\"Autogestione emotiva\" loading=\"lazy\" \/>\t\t\t\t\t\t\t\t\t\t\t\t\t\t\t<\/div>\n\t\t\t\t<\/div>\n\t\t\t\t<\/div>\n\t\t<div class=\"elementor-element elementor-element-1650e49 e-con-full e-flex e-con e-child\" data-id=\"1650e49\" data-element_type=\"container\" data-e-type=\"container\" data-settings=\"{&quot;jet_parallax_layout_list&quot;:[]}\">\n\t\t\t\t<div class=\"elementor-element elementor-element-a22c46e elementor-widget elementor-widget-heading\" data-id=\"a22c46e\" data-element_type=\"widget\" data-e-type=\"widget\" data-widget_type=\"heading.default\">\n\t\t\t\t<div class=\"elementor-widget-container\">\n\t\t\t\t\t<h3 class=\"elementor-heading-title elementor-size-default\">2. Autogestione emotiva<\/h3>\t\t\t\t<\/div>\n\t\t\t\t<\/div>\n\t\t\t\t<div class=\"elementor-element elementor-element-3834909 elementor-widget__width-initial elementor-widget elementor-widget-text-editor\" data-id=\"3834909\" data-element_type=\"widget\" data-e-type=\"widget\" data-widget_type=\"text-editor.default\">\n\t\t\t\t<div class=\"elementor-widget-container\">\n\t\t\t\t\t\t\t\t\t<p>La dimensione \u201cAutogestione emotiva\u201d si concentra sulla motivazione e sul modo in cui le persone gestiscono le proprie emozioni. Si tratta di comprendere la propria motivazione e di regolare le emozioni in modo da favorire le proprie azioni.<\/p><p>\u00a0<\/p><p>Le due strategie nell\u2019ambito della dimensione \u201cSentimenti\u201d sono <strong>Autoaffermazione motivazionale e autoaffermazione emotiva<\/strong>.<\/p>\t\t\t\t\t\t\t\t<\/div>\n\t\t\t\t<\/div>\n\t\t\t\t<\/div>\n\t\t\t\t<\/div>\n\t\t<div class=\"elementor-element elementor-element-519c592 e-con-full e-flex e-con e-child\" data-id=\"519c592\" data-element_type=\"container\" data-e-type=\"container\" data-settings=\"{&quot;jet_parallax_layout_list&quot;:[]}\">\n\t\t<div class=\"elementor-element elementor-element-06da15b e-con-full e-flex e-con e-child\" data-id=\"06da15b\" data-element_type=\"container\" data-e-type=\"container\" data-settings=\"{&quot;jet_parallax_layout_list&quot;:[]}\">\n\t\t\t\t<div class=\"elementor-element elementor-element-192cd29 elementor-hidden-mobile elementor-widget elementor-widget-image\" data-id=\"192cd29\" data-element_type=\"widget\" data-e-type=\"widget\" data-widget_type=\"image.default\">\n\t\t\t\t<div class=\"elementor-widget-container\">\n\t\t\t\t\t\t\t\t\t\t\t\t\t\t\t<img decoding=\"async\" src=\"https:\/\/persolog.com\/wp-content\/uploads\/elementor\/thumbs\/verhaltensbezogene-SF-rsffemw4qksi1z416ncdyo88ubrbmbojjhvctncwti.png\" title=\"Autogestione basata sul comportamento\" alt=\"Autogestione basata sul comportamento\" loading=\"lazy\" \/>\t\t\t\t\t\t\t\t\t\t\t\t\t\t\t<\/div>\n\t\t\t\t<\/div>\n\t\t\t\t<\/div>\n\t\t<div class=\"elementor-element elementor-element-0afe3a6 e-con-full e-flex e-con e-child\" data-id=\"0afe3a6\" data-element_type=\"container\" data-e-type=\"container\" data-settings=\"{&quot;jet_parallax_layout_list&quot;:[]}\">\n\t\t\t\t<div class=\"elementor-element elementor-element-af9d9b2 elementor-widget elementor-widget-heading\" data-id=\"af9d9b2\" data-element_type=\"widget\" data-e-type=\"widget\" data-widget_type=\"heading.default\">\n\t\t\t\t<div class=\"elementor-widget-container\">\n\t\t\t\t\t<h3 class=\"elementor-heading-title elementor-size-default\">3. Autogestione incentrata sul comportamento<\/h3>\t\t\t\t<\/div>\n\t\t\t\t<\/div>\n\t\t\t\t<div class=\"elementor-element elementor-element-4c3e2f4 elementor-widget__width-initial elementor-widget elementor-widget-text-editor\" data-id=\"4c3e2f4\" data-element_type=\"widget\" data-e-type=\"widget\" data-widget_type=\"text-editor.default\">\n\t\t\t\t<div class=\"elementor-widget-container\">\n\t\t\t\t\t\t\t\t\t<p>La dimensione \u201cAutogestione incentrata sul comportamento\u201d prende in esame il Suo comportamento e le condizioni in cui tale comportamento si manifesta. Oltre ad adattare il proprio comportamento, anche plasmare consapevolmente il proprio ambiente riveste un ruolo importante.<\/p><p>\u00a0<\/p><p>Le due strategie nell\u2019ambito della dimensione \u201cAgire\u201d sono le seguenti:<strong> Progettazione ambientale e autoinfluenza comportamentale<\/strong>.<\/p>\t\t\t\t\t\t\t\t<\/div>\n\t\t\t\t<\/div>\n\t\t\t\t<\/div>\n\t\t\t\t<\/div>\n\t\t<div class=\"elementor-element elementor-element-2eb0c57 e-con-full e-flex e-con e-child\" data-id=\"2eb0c57\" data-element_type=\"container\" data-e-type=\"container\" data-settings=\"{&quot;jet_parallax_layout_list&quot;:[]}\">\n\t\t<div class=\"elementor-element elementor-element-e417a1b e-con-full e-flex e-con e-child\" data-id=\"e417a1b\" data-element_type=\"container\" data-e-type=\"container\" data-settings=\"{&quot;jet_parallax_layout_list&quot;:[]}\">\n\t\t\t\t<div class=\"elementor-element elementor-element-f0d4d3a elementor-hidden-mobile elementor-widget elementor-widget-image\" data-id=\"f0d4d3a\" data-element_type=\"widget\" data-e-type=\"widget\" data-widget_type=\"image.default\">\n\t\t\t\t<div class=\"elementor-widget-container\">\n\t\t\t\t\t\t\t\t\t\t\t\t\t\t\t<img decoding=\"async\" src=\"https:\/\/persolog.com\/wp-content\/uploads\/elementor\/thumbs\/vitale-SF-rsffelyajqr7qd5ec4xre6gs8xvyemkt7d7vcdeazq.png\" title=\"Autogestione vitale\" alt=\"Autogestione vitale\" loading=\"lazy\" \/>\t\t\t\t\t\t\t\t\t\t\t\t\t\t\t<\/div>\n\t\t\t\t<\/div>\n\t\t\t\t<\/div>\n\t\t<div class=\"elementor-element elementor-element-2c8ff07 e-con-full e-flex e-con e-child\" data-id=\"2c8ff07\" data-element_type=\"container\" data-e-type=\"container\" data-settings=\"{&quot;jet_parallax_layout_list&quot;:[]}\">\n\t\t\t\t<div class=\"elementor-element elementor-element-d179641 elementor-widget elementor-widget-heading\" data-id=\"d179641\" data-element_type=\"widget\" data-e-type=\"widget\" data-widget_type=\"heading.default\">\n\t\t\t\t<div class=\"elementor-widget-container\">\n\t\t\t\t\t<h3 class=\"elementor-heading-title elementor-size-default\">4. Autogestione fisica<\/h3>\t\t\t\t<\/div>\n\t\t\t\t<\/div>\n\t\t\t\t<div class=\"elementor-element elementor-element-4def276 elementor-widget__width-initial elementor-widget elementor-widget-text-editor\" data-id=\"4def276\" data-element_type=\"widget\" data-e-type=\"widget\" data-widget_type=\"text-editor.default\">\n\t\t\t\t<div class=\"elementor-widget-container\">\n\t\t\t\t\t\t\t\t\t<p>La dimensione \u201cAuto-leadership fisica\u201d si concentra sulle condizioni fisiche che favoriscono l\u2019auto-leadership. L\u2019attenzione \u00e8 rivolta alla gestione consapevole delle proprie energie e alla riflessione su come sia possibile sostenere le proprie prestazioni personali.<\/p><p>\u00a0<\/p><p>La strategia nell'ambito della dimensione \"Energia\" \u00e8 la seguente: <strong>Vitalit\u00e0 fisica<\/strong>.<\/p>\t\t\t\t\t\t\t\t<\/div>\n\t\t\t\t<\/div>\n\t\t\t\t<\/div>\n\t\t\t\t<\/div>\n\t\t\t\t\t<\/div>\n\t\t\t\t<\/div>\n\t\t<div class=\"elementor-element elementor-element-f455440 e-flex e-con-boxed e-con e-parent\" data-id=\"f455440\" data-element_type=\"container\" data-e-type=\"container\" data-settings=\"{&quot;jet_parallax_layout_list&quot;:[]}\">\n\t\t\t\t\t<div class=\"e-con-inner\">\n\t\t\t\t<div class=\"elementor-element elementor-element-9038d94 elementor-widget elementor-widget-spacer\" data-id=\"9038d94\" data-element_type=\"widget\" data-e-type=\"widget\" data-widget_type=\"spacer.default\">\n\t\t\t\t<div class=\"elementor-widget-container\">\n\t\t\t\t\t\t\t<div class=\"elementor-spacer\">\n\t\t\t<div class=\"elementor-spacer-inner\"><\/div>\n\t\t<\/div>\n\t\t\t\t\t\t<\/div>\n\t\t\t\t<\/div>\n\t\t\t\t<div class=\"elementor-element elementor-element-365e6c3 elementor-widget elementor-widget-heading\" data-id=\"365e6c3\" data-element_type=\"widget\" data-e-type=\"widget\" data-widget_type=\"heading.default\">\n\t\t\t\t<div class=\"elementor-widget-container\">\n\t\t\t\t\t<h2 class=\"elementor-heading-title elementor-size-default\">In quali ambiti viene utilizzato il Modello di autolideranza persolog\u00ae?<\/h2>\t\t\t\t<\/div>\n\t\t\t\t<\/div>\n\t\t\t\t<div class=\"elementor-element elementor-element-fb287ac elementor-widget__width-initial elementor-widget elementor-widget-text-editor\" data-id=\"fb287ac\" data-element_type=\"widget\" data-e-type=\"widget\" data-widget_type=\"text-editor.default\">\n\t\t\t\t<div class=\"elementor-widget-container\">\n\t\t\t\t\t\t\t\t\t<p>Il modello di auto-leadership persolog\u00ae pu\u00f2 essere utilizzato da chi desidera sviluppare le proprie competenze di auto-leadership. \u00c8 indicato sia per lo sviluppo personale che per l\u2019impiego in ambito di formazione, coaching, leadership e sviluppo del personale.<\/p>\t\t\t\t\t\t\t\t<\/div>\n\t\t\t\t<\/div>\n\t\t\t\t<div class=\"elementor-element elementor-element-4cc15fd elementor-widget elementor-widget-spacer\" data-id=\"4cc15fd\" data-element_type=\"widget\" data-e-type=\"widget\" data-widget_type=\"spacer.default\">\n\t\t\t\t<div class=\"elementor-widget-container\">\n\t\t\t\t\t\t\t<div class=\"elementor-spacer\">\n\t\t\t<div class=\"elementor-spacer-inner\"><\/div>\n\t\t<\/div>\n\t\t\t\t\t\t<\/div>\n\t\t\t\t<\/div>\n\t\t\t\t\t<\/div>\n\t\t\t\t<\/div>\n\t\t<div class=\"elementor-element elementor-element-044f6f8 e-flex e-con-boxed e-con e-parent\" data-id=\"044f6f8\" data-element_type=\"container\" data-e-type=\"container\" data-settings=\"{&quot;jet_parallax_layout_list&quot;:[]}\">\n\t\t\t\t\t<div class=\"e-con-inner\">\n\t\t<div class=\"elementor-element elementor-element-525b9b6 e-con-full e-flex e-con e-child\" data-id=\"525b9b6\" data-element_type=\"container\" data-e-type=\"container\" data-settings=\"{&quot;jet_parallax_layout_list&quot;:[]}\">\n\t\t\t\t<div class=\"elementor-element elementor-element-c7931f2 elementor-widget elementor-widget-heading\" data-id=\"c7931f2\" data-element_type=\"widget\" data-e-type=\"widget\" data-widget_type=\"heading.default\">\n\t\t\t\t<div class=\"elementor-widget-container\">\n\t\t\t\t\t<h2 class=\"elementor-heading-title elementor-size-default\">Sviluppo personale<\/h2>\t\t\t\t<\/div>\n\t\t\t\t<\/div>\n\t\t\t\t<\/div>\n\t\t<div class=\"elementor-element elementor-element-f0b056c e-con-full e-flex e-con e-child\" data-id=\"f0b056c\" data-element_type=\"container\" data-e-type=\"container\" data-settings=\"{&quot;jet_parallax_layout_list&quot;:[]}\">\n\t\t\t\t<div class=\"elementor-element elementor-element-5ef9ffe elementor-widget__width-initial elementor-widget elementor-widget-text-editor\" data-id=\"5ef9ffe\" data-element_type=\"widget\" data-e-type=\"widget\" data-widget_type=\"text-editor.default\">\n\t\t\t\t<div class=\"elementor-widget-container\">\n\t\t\t\t\t\t\t\t\t<p>Il modello aiuta le persone a riflettere sui propri obiettivi personali e sul modo in cui affrontano le sfide. Ci\u00f2 pu\u00f2 fornire spunti per sviluppare la capacit\u00e0 di autoguidarsi nella vita quotidiana.<\/p>\t\t\t\t\t\t\t\t<\/div>\n\t\t\t\t<\/div>\n\t\t\t\t<\/div>\n\t\t\t\t\t<\/div>\n\t\t\t\t<\/div>\n\t\t<div class=\"elementor-element elementor-element-c17755b e-flex e-con-boxed e-con e-parent\" data-id=\"c17755b\" data-element_type=\"container\" data-e-type=\"container\" data-settings=\"{&quot;jet_parallax_layout_list&quot;:[]}\">\n\t\t\t\t\t<div class=\"e-con-inner\">\n\t\t<div class=\"elementor-element elementor-element-b3b07fe e-con-full e-flex e-con e-child\" data-id=\"b3b07fe\" data-element_type=\"container\" data-e-type=\"container\" data-settings=\"{&quot;jet_parallax_layout_list&quot;:[]}\">\n\t\t\t\t<div class=\"elementor-element elementor-element-108d3d4 elementor-widget elementor-widget-heading\" data-id=\"108d3d4\" data-element_type=\"widget\" data-e-type=\"widget\" data-widget_type=\"heading.default\">\n\t\t\t\t<div class=\"elementor-widget-container\">\n\t\t\t\t\t<h2 class=\"elementor-heading-title elementor-size-default\">Formazione e coaching<\/h2>\t\t\t\t<\/div>\n\t\t\t\t<\/div>\n\t\t\t\t<\/div>\n\t\t<div class=\"elementor-element elementor-element-4c62b85 e-con-full e-flex e-con e-child\" data-id=\"4c62b85\" data-element_type=\"container\" data-e-type=\"container\" data-settings=\"{&quot;jet_parallax_layout_list&quot;:[]}\">\n\t\t\t\t<div class=\"elementor-element elementor-element-e0b9a33 elementor-widget__width-initial elementor-widget elementor-widget-text-editor\" data-id=\"e0b9a33\" data-element_type=\"widget\" data-e-type=\"widget\" data-widget_type=\"text-editor.default\">\n\t\t\t\t<div class=\"elementor-widget-container\">\n\t\t\t\t\t\t\t\t\t<p>I formatori e i coach possono avvalersi del Modello di Autogestione persolog\u00ae per supportare le persone nell\u2019affrontare diverse questioni relative agli obiettivi, alla motivazione e all\u2019autogestione. Il modello fornisce un quadro strutturato a tal fine.<\/p>\t\t\t\t\t\t\t\t<\/div>\n\t\t\t\t<\/div>\n\t\t\t\t<\/div>\n\t\t\t\t\t<\/div>\n\t\t\t\t<\/div>\n\t\t<div class=\"elementor-element elementor-element-5f3aed3 e-flex e-con-boxed e-con e-parent\" data-id=\"5f3aed3\" data-element_type=\"container\" data-e-type=\"container\" data-settings=\"{&quot;jet_parallax_layout_list&quot;:[]}\">\n\t\t\t\t\t<div class=\"e-con-inner\">\n\t\t<div class=\"elementor-element elementor-element-edf0315 e-con-full e-flex e-con e-child\" data-id=\"edf0315\" data-element_type=\"container\" data-e-type=\"container\" data-settings=\"{&quot;jet_parallax_layout_list&quot;:[]}\">\n\t\t\t\t<div class=\"elementor-element elementor-element-30c7231 elementor-widget elementor-widget-heading\" data-id=\"30c7231\" data-element_type=\"widget\" data-e-type=\"widget\" data-widget_type=\"heading.default\">\n\t\t\t\t<div class=\"elementor-widget-container\">\n\t\t\t\t\t<h2 class=\"elementor-heading-title elementor-size-default\">Leadership e sviluppo del personale<\/h2>\t\t\t\t<\/div>\n\t\t\t\t<\/div>\n\t\t\t\t<\/div>\n\t\t<div class=\"elementor-element elementor-element-f3404f3 e-con-full e-flex e-con e-child\" data-id=\"f3404f3\" data-element_type=\"container\" data-e-type=\"container\" data-settings=\"{&quot;jet_parallax_layout_list&quot;:[]}\">\n\t\t\t\t<div class=\"elementor-element elementor-element-4c6922c elementor-widget__width-initial elementor-widget elementor-widget-text-editor\" data-id=\"4c6922c\" data-element_type=\"widget\" data-e-type=\"widget\" data-widget_type=\"text-editor.default\">\n\t\t\t\t<div class=\"elementor-widget-container\">\n\t\t\t\t\t\t\t\t\t<p>Anche l\u2019autogestione svolge un ruolo importante in ambito professionale. Il modello pu\u00f2 essere utilizzato nell\u2019ambito della leadership e dello sviluppo del personale per aiutare i dipendenti e i dirigenti ad assumersi la responsabilit\u00e0 delle proprie azioni e a perseguire consapevolmente i propri obiettivi personali e professionali.<\/p>\t\t\t\t\t\t\t\t<\/div>\n\t\t\t\t<\/div>\n\t\t\t\t<\/div>\n\t\t\t\t\t<\/div>\n\t\t\t\t<\/div>\n\t\t<div class=\"elementor-element elementor-element-e1cfabb e-flex e-con-boxed e-con e-parent\" data-id=\"e1cfabb\" data-element_type=\"container\" data-e-type=\"container\" data-settings=\"{&quot;jet_parallax_layout_list&quot;:[]}\">\n\t\t\t\t\t<div class=\"e-con-inner\">\n\t\t\t\t<div class=\"elementor-element elementor-element-1445d64 elementor-widget elementor-widget-heading\" data-id=\"1445d64\" data-element_type=\"widget\" data-e-type=\"widget\" data-widget_type=\"heading.default\">\n\t\t\t\t<div class=\"elementor-widget-container\">\n\t\t\t\t\t<h2 class=\"elementor-heading-title elementor-size-default\">In che modo viene applicato nella pratica il Modello di Autogestione persolog\u00ae?<\/h2>\t\t\t\t<\/div>\n\t\t\t\t<\/div>\n\t\t<div class=\"elementor-element elementor-element-1543d11 e-con-full e-flex e-con e-child\" data-id=\"1543d11\" data-element_type=\"container\" data-e-type=\"container\" data-settings=\"{&quot;jet_parallax_layout_list&quot;:[]}\">\n\t\t<div class=\"elementor-element elementor-element-b983ffc e-con-full e-flex e-con e-child\" data-id=\"b983ffc\" data-element_type=\"container\" data-e-type=\"container\" data-settings=\"{&quot;jet_parallax_layout_list&quot;:[]}\">\n\t\t\t\t<div class=\"elementor-element elementor-element-2dc7a33 elementor-widget elementor-widget-image\" data-id=\"2dc7a33\" data-element_type=\"widget\" data-e-type=\"widget\" data-widget_type=\"image.default\">\n\t\t\t\t<div class=\"elementor-widget-container\">\n\t\t\t\t\t\t\t\t\t\t\t\t\t\t\t<img decoding=\"async\" src=\"https:\/\/persolog.com\/wp-content\/uploads\/elementor\/thumbs\/DE-IN300_Profil_Selbstfuehrung_1-rrinc8zeicdqbxysk8p9lxed7rsnm6sfdiip0wd9sg.avif\" title=\"DE-IN300_Profilo_Autoguida_1\" alt=\"persolog\u00ae Selbstf\u00fchrungs-Profil\" loading=\"lazy\" \/>\t\t\t\t\t\t\t\t\t\t\t\t\t\t\t<\/div>\n\t\t\t\t<\/div>\n\t\t\t\t<\/div>\n\t\t<div class=\"elementor-element elementor-element-9408842 e-con-full e-flex e-con e-child\" data-id=\"9408842\" data-element_type=\"container\" data-e-type=\"container\" data-settings=\"{&quot;jet_parallax_layout_list&quot;:[]}\">\n\t\t\t\t<div class=\"elementor-element elementor-element-92f0ef2 elementor-widget__width-initial elementor-widget elementor-widget-text-editor\" data-id=\"92f0ef2\" data-element_type=\"widget\" data-e-type=\"widget\" data-widget_type=\"text-editor.default\">\n\t\t\t\t<div class=\"elementor-widget-container\">\n\t\t\t\t\t\t\t\t\t<p>Il <strong>Profilo di auto-leadership persolog\u00ae<\/strong> offre una visione pi\u00f9 approfondita del proprio comportamento in materia di auto-leadership. Si ricorre a un questionario per valutare diversi aspetti dell\u2019auto-leadership, che vengono poi analizzati.<\/p><p>\u00a0<\/p><p>I risultati costituiscono un punto di partenza per riflettere sulla propria auto-leadership e per individuare quali strategie siano gi\u00e0 utilizzate in modo efficace e in quali ambiti vi sia un potenziale di ulteriore sviluppo.<\/p>\t\t\t\t\t\t\t\t<\/div>\n\t\t\t\t<\/div>\n\t\t\t\t<\/div>\n\t\t\t\t<\/div>\n\t\t\t\t\t<\/div>\n\t\t\t\t<\/div>\n\t\t<div class=\"elementor-element elementor-element-7639679 e-flex e-con-boxed e-con e-parent\" data-id=\"7639679\" data-element_type=\"container\" data-e-type=\"container\" data-settings=\"{&quot;jet_parallax_layout_list&quot;:[]}\">\n\t\t\t\t\t<div class=\"e-con-inner\">\n\t\t\t\t<div class=\"elementor-element elementor-element-6820038 elementor-widget elementor-widget-spacer\" data-id=\"6820038\" data-element_type=\"widget\" data-e-type=\"widget\" data-widget_type=\"spacer.default\">\n\t\t\t\t<div class=\"elementor-widget-container\">\n\t\t\t\t\t\t\t<div class=\"elementor-spacer\">\n\t\t\t<div class=\"elementor-spacer-inner\"><\/div>\n\t\t<\/div>\n\t\t\t\t\t\t<\/div>\n\t\t\t\t<\/div>\n\t\t\t\t<div class=\"elementor-element elementor-element-b65876d elementor-widget elementor-widget-heading\" data-id=\"b65876d\" data-element_type=\"widget\" data-e-type=\"widget\" data-widget_type=\"heading.default\">\n\t\t\t\t<div class=\"elementor-widget-container\">\n\t\t\t\t\t<h2 class=\"elementor-heading-title elementor-size-default\">L\u2019utilizzo professionale del Modello di autolideranza persolog\u00ae<\/h2>\t\t\t\t<\/div>\n\t\t\t\t<\/div>\n\t\t\t\t<div class=\"elementor-element elementor-element-18557a6 elementor-widget__width-initial elementor-widget elementor-widget-text-editor\" data-id=\"18557a6\" data-element_type=\"widget\" data-e-type=\"widget\" data-widget_type=\"text-editor.default\">\n\t\t\t\t<div class=\"elementor-widget-container\">\n\t\t\t\t\t\t\t\t\t<p>Se desiderate utilizzare il Modello di Self-Leadership persolog\u00ae a livello professionale nell\u2019ambito della formazione, del coaching o dello sviluppo del personale, potete ottenere la certificazione relativa a tale modello. Durante il percorso di certificazione, acquisirete conoscenze sul Modello di Self-Leadership e sul Profilo di Self-Leadership, nonch\u00e9 sulle modalit\u00e0 di utilizzo di entrambi nella formazione e nel coaching.<\/p>\t\t\t\t\t\t\t\t<\/div>\n\t\t\t\t<\/div>\n\t\t\t\t<div class=\"elementor-element elementor-element-2b01bce elementor-widget elementor-widget-heading\" data-id=\"2b01bce\" data-element_type=\"widget\" data-e-type=\"widget\" data-widget_type=\"heading.default\">\n\t\t\t\t<div class=\"elementor-widget-container\">\n\t\t\t\t\t<h3 class=\"elementor-heading-title elementor-size-default\">A chi \u00e8 rivolta questa certificazione?<\/h3>\t\t\t\t<\/div>\n\t\t\t\t<\/div>\n\t\t\t\t<div class=\"elementor-element elementor-element-98d20d4 elementor-widget elementor-widget-text-editor\" data-id=\"98d20d4\" data-element_type=\"widget\" data-e-type=\"widget\" data-widget_type=\"text-editor.default\">\n\t\t\t\t<div class=\"elementor-widget-container\">\n\t\t\t\t\t\t\t\t\t<p>La certificazione \u00e8 pensata per coloro che desiderano insegnare l\u2019auto-leadership a livello professionale e aiutare gli altri a sviluppare le proprie competenze in materia. Tra questi figurano formatori, coach, consulenti, leader e professionisti che operano nel settore delle risorse umane e dello sviluppo del personale.<\/p>\t\t\t\t\t\t\t\t<\/div>\n\t\t\t\t<\/div>\n\t\t\t\t<div class=\"elementor-element elementor-element-7f580f4 elementor-align-left elementor-widget elementor-widget-button\" data-id=\"7f580f4\" data-element_type=\"widget\" data-e-type=\"widget\" data-no-translation=\"\" data-widget_type=\"button.default\">\n\t\t\t\t<div class=\"elementor-widget-container\">\n\t\t\t\t\t<style>.elementor-element-7f580f4{display:none !important}<\/style>\t\t\t\t<\/div>\n\t\t\t\t<\/div>\n\t\t\t\t<div class=\"elementor-element elementor-element-7ee858b elementor-widget elementor-widget-spacer\" data-id=\"7ee858b\" data-element_type=\"widget\" data-e-type=\"widget\" data-widget_type=\"spacer.default\">\n\t\t\t\t<div class=\"elementor-widget-container\">\n\t\t\t\t\t\t\t<div class=\"elementor-spacer\">\n\t\t\t<div class=\"elementor-spacer-inner\"><\/div>\n\t\t<\/div>\n\t\t\t\t\t\t<\/div>\n\t\t\t\t<\/div>\n\t\t\t\t<div class=\"elementor-element elementor-element-2a609e2 elementor-widget elementor-widget-spacer\" data-id=\"2a609e2\" data-element_type=\"widget\" data-e-type=\"widget\" data-widget_type=\"spacer.default\">\n\t\t\t\t<div class=\"elementor-widget-container\">\n\t\t\t\t\t\t\t<div class=\"elementor-spacer\">\n\t\t\t<div class=\"elementor-spacer-inner\"><\/div>\n\t\t<\/div>\n\t\t\t\t\t\t<\/div>\n\t\t\t\t<\/div>\n\t\t\t\t\t<\/div>\n\t\t\t\t<\/div>\n\t\t<div class=\"elementor-element elementor-element-722b114 e-con-full e-flex e-con e-parent\" data-id=\"722b114\" data-element_type=\"container\" data-e-type=\"container\" data-settings=\"{&quot;background_background&quot;:&quot;classic&quot;,&quot;jet_parallax_layout_list&quot;:[]}\">\n\t\t\t\t<div class=\"elementor-element elementor-element-0940c02 elementor-widget elementor-widget-heading\" data-id=\"0940c02\" data-element_type=\"widget\" data-e-type=\"widget\" data-widget_type=\"heading.default\">\n\t\t\t\t<div class=\"elementor-widget-container\">\n\t\t\t\t\t<h2 class=\"elementor-heading-title elementor-size-large\">Cosa dicono i nostri clienti<\/h2>\t\t\t\t<\/div>\n\t\t\t\t<\/div>\n\t\t\t\t<\/div>\n\t\t<div class=\"elementor-element elementor-element-2d9c71b e-flex e-con-boxed e-con e-parent\" data-id=\"2d9c71b\" data-element_type=\"container\" data-e-type=\"container\" data-settings=\"{&quot;background_background&quot;:&quot;classic&quot;,&quot;jet_parallax_layout_list&quot;:[]}\">\n\t\t\t\t\t<div class=\"e-con-inner\">\n\t\t<div class=\"elementor-element elementor-element-f13d144 e-con-full e-flex e-con e-child\" data-id=\"f13d144\" data-element_type=\"container\" data-e-type=\"container\" data-settings=\"{&quot;jet_parallax_layout_list&quot;:[]}\">\n\t\t\t\t<div class=\"elementor-element elementor-element-c881082 elementor-blockquote--skin-quotation elementor-blockquote--align-center elementor-widget elementor-widget-blockquote\" data-id=\"c881082\" data-element_type=\"widget\" data-e-type=\"widget\" data-widget_type=\"blockquote.default\">\n\t\t\t\t<div class=\"elementor-widget-container\">\n\t\t\t\t\t\t\t<blockquote class=\"elementor-blockquote\">\n\t\t\t<p class=\"elementor-blockquote__content\">\n\t\t\t\tIl corso di formazione sull'auto-guida \u00e8 stato molto interessante per me, in quanto si \u00e8 concentrato proprio sulle mie aree di sviluppo personale. L'interattivit\u00e0 e le sfide hanno reso il corso molto comprensibile e divertente. Sono stata sicuramente in grado di sviluppare ulteriormente le mie capacit\u00e0 di auto-guida e ora so a cosa posso prestare maggiore attenzione nel mio lavoro quotidiano in futuro.\t\t\t<\/p>\n\t\t\t\t\t\t\t<div class=\"e-q-footer\">\n\t\t\t\t\t\t\t\t\t\t\t<cite class=\"elementor-blockquote__author\">Andrea Pitz<\/cite>\n\t\t\t\t\t\t\t\t\t\t\t\t\t\t<\/div>\n\t\t\t\t\t<\/blockquote>\n\t\t\t\t\t\t<\/div>\n\t\t\t\t<\/div>\n\t\t\t\t<\/div>\n\t\t<div class=\"elementor-element elementor-element-ef3075e e-con-full e-flex e-con e-child\" data-id=\"ef3075e\" data-element_type=\"container\" data-e-type=\"container\" data-settings=\"{&quot;jet_parallax_layout_list&quot;:[]}\">\n\t\t\t\t<div class=\"elementor-element elementor-element-892469c elementor-blockquote--skin-quotation elementor-blockquote--align-center elementor-widget elementor-widget-blockquote\" data-id=\"892469c\" data-element_type=\"widget\" data-e-type=\"widget\" data-widget_type=\"blockquote.default\">\n\t\t\t\t<div class=\"elementor-widget-container\">\n\t\t\t\t\t\t\t<blockquote class=\"elementor-blockquote\">\n\t\t\t<p class=\"elementor-blockquote__content\">\n\t\t\t\t\"Ho partecipato al corso di certificazione online \"Self Leadership Model\" e non posso che consigliarlo a tutti. Tutti i contenuti sono stati presentati in modo molto chiaro e mi sono orientato molto bene. Si risponde a commenti e osservazioni: pertanto, non ho mai avuto la sensazione di essere \"solo' o di non poter porre domande. Anzi, proprio il contrario. Dal punto di vista dei contenuti, ho ricevuto numerosi esempi e metodi che \u00e8 possibile applicare direttamente nella pratica. (Naturalmente, posso comunque integrarli o sostituirli autonomamente, a seconda di ci\u00f2 che desidero offrire personalmente). L\u2019impostazione del seminario \u00e8 eccezionale!!! Ne sono molto grata, perch\u00e9 non devo fare nient\u2019altro \ud83d\ude42 I formatori sono davvero simpatici... adoro il loro umorismo. Il mix perfetto tra professionalit\u00e0 e divertimento. Si percepisce quanto amino il loro lavoro e i loro brevi aneddoti personali li rendono accessibili e autentici. Grazie mille!!!\"\t\t\t<\/p>\n\t\t\t\t\t\t\t<div class=\"e-q-footer\">\n\t\t\t\t\t\t\t\t\t\t\t<cite class=\"elementor-blockquote__author\">Shabnam Ramzani, Personale &amp; Formazione<\/cite>\n\t\t\t\t\t\t\t\t\t\t\t\t\t\t<\/div>\n\t\t\t\t\t<\/blockquote>\n\t\t\t\t\t\t<\/div>\n\t\t\t\t<\/div>\n\t\t\t\t<\/div>\n\t\t\t\t\t<\/div>\n\t\t\t\t<\/div>\n\t\t<div class=\"elementor-element elementor-element-03d943a e-flex e-con-boxed e-con e-parent\" data-id=\"03d943a\" data-element_type=\"container\" data-e-type=\"container\" data-settings=\"{&quot;jet_parallax_layout_list&quot;:[]}\">\n\t\t\t\t\t<div class=\"e-con-inner\">\n\t\t<div class=\"elementor-element elementor-element-716fe83 e-con-full e-flex e-con e-child\" data-id=\"716fe83\" data-element_type=\"container\" data-e-type=\"container\" data-settings=\"{&quot;jet_parallax_layout_list&quot;:[]}\">\n\t\t<div class=\"elementor-element elementor-element-6aa3994 e-con-full e-flex e-con e-child\" data-id=\"6aa3994\" data-element_type=\"container\" data-e-type=\"container\" data-settings=\"{&quot;jet_parallax_layout_list&quot;:[]}\">\n\t\t\t\t<div class=\"elementor-element elementor-element-cf775ca elementor-widget elementor-widget-heading\" data-id=\"cf775ca\" data-element_type=\"widget\" data-e-type=\"widget\" data-widget_type=\"heading.default\">\n\t\t\t\t<div class=\"elementor-widget-container\">\n\t\t\t\t\t<h2 class=\"elementor-heading-title elementor-size-default\">Domande frequenti sul modello di auto-leadership persolog\u00ae<\/h2>\t\t\t\t<\/div>\n\t\t\t\t<\/div>\n\t\t\t\t<\/div>\n\t\t<div class=\"elementor-element elementor-element-045c261 e-con-full e-flex e-con e-child\" data-id=\"045c261\" data-element_type=\"container\" data-e-type=\"container\" data-settings=\"{&quot;jet_parallax_layout_list&quot;:[]}\">\n\t\t\t\t<div class=\"elementor-element elementor-element-eb74333 elementor-widget elementor-widget-n-accordion\" data-id=\"eb74333\" data-element_type=\"widget\" data-e-type=\"widget\" data-settings=\"{&quot;default_state&quot;:&quot;all_collapsed&quot;,&quot;max_items_expended&quot;:&quot;one&quot;,&quot;n_accordion_animation_duration&quot;:{&quot;unit&quot;:&quot;ms&quot;,&quot;size&quot;:400,&quot;sizes&quot;:[]}}\" data-widget_type=\"nested-accordion.default\">\n\t\t\t\t<div class=\"elementor-widget-container\">\n\t\t\t\t\t\t\t<div class=\"e-n-accordion\" aria-label=\"Fisarmonica. Apra i link con Invio o Spazio, li chiuda con Escape e navighi con i tasti freccia.\">\n\t\t\t\t\t\t<details id=\"e-n-accordion-item-2460\" class=\"e-n-accordion-item\" >\n\t\t\t\t<summary class=\"e-n-accordion-item-title\" data-accordion-index=\"1\" tabindex=\"0\" aria-expanded=\"false\" aria-controls=\"e-n-accordion-item-2460\" >\n\t\t\t\t\t<span class='e-n-accordion-item-title-header'><h3 class=\"e-n-accordion-item-title-text\"> Qual \u00e8 la differenza tra autoguida e autogestione? <\/h3><\/span>\n\t\t\t\t\t\t\t<span class='e-n-accordion-item-title-icon'>\n\t\t\t<span class='e-opened' ><svg aria-hidden=\"true\" class=\"e-font-icon-svg e-fas-minus\" viewbox=\"0 0 448 512\" xmlns=\"http:\/\/www.w3.org\/2000\/svg\"><path d=\"M416 208H32c-17.67 0-32 14.33-32 32v32c0 17.67 14.33 32 32 32h384c17.67 0 32-14.33 32-32v-32c0-17.67-14.33-32-32-32z\"><\/path><\/svg><\/span>\n\t\t\t<span class='e-closed'><svg aria-hidden=\"true\" class=\"e-font-icon-svg e-fas-plus\" viewbox=\"0 0 448 512\" xmlns=\"http:\/\/www.w3.org\/2000\/svg\"><path d=\"M416 208H272V64c0-17.67-14.33-32-32-32h-32c-17.67 0-32 14.33-32 32v144H32c-17.67 0-32 14.33-32 32v32c0 17.67 14.33 32 32 32h144v144c0 17.67 14.33 32 32 32h32c17.67 0 32-14.33 32-32V304h144c17.67 0 32-14.33 32-32v-32c0-17.67-14.33-32-32-32z\"><\/path><\/svg><\/span>\n\t\t<\/span>\n\n\t\t\t\t\t\t<\/summary>\n\t\t\t\t<div role=\"region\" aria-labelledby=\"e-n-accordion-item-2460\" class=\"elementor-element elementor-element-ef5c661 e-con-full e-flex e-con e-child\" data-id=\"ef5c661\" data-element_type=\"container\" data-e-type=\"container\" data-settings=\"{&quot;jet_parallax_layout_list&quot;:[]}\">\n\t\t<div role=\"region\" aria-labelledby=\"e-n-accordion-item-2460\" class=\"elementor-element elementor-element-a010095 e-flex e-con-boxed e-con e-child\" data-id=\"a010095\" data-element_type=\"container\" data-e-type=\"container\" data-settings=\"{&quot;jet_parallax_layout_list&quot;:[]}\">\n\t\t\t\t\t<div class=\"e-con-inner\">\n\t\t\t\t<div class=\"elementor-element elementor-element-a373906 elementor-widget elementor-widget-text-editor\" data-id=\"a373906\" data-element_type=\"widget\" data-e-type=\"widget\" data-widget_type=\"text-editor.default\">\n\t\t\t\t<div class=\"elementor-widget-container\">\n\t\t\t\t\t\t\t\t\t<p>L\u2019autogestione si concentra sul modo in cui le persone influenzano i propri pensieri, sentimenti e azioni al fine di perseguire obiettivi personali. L\u2019autogestione \u00e8 spesso associata in modo pi\u00f9 stretto all\u2019organizzazione delle proprie azioni e delle risorse a disposizione. Il Modello di Autogestione persolog\u00ae prende quindi in considerazione, oltre al comportamento, anche il pensiero, le emozioni e l\u2019energia.<\/p>\t\t\t\t\t\t\t\t<\/div>\n\t\t\t\t<\/div>\n\t\t\t\t\t<\/div>\n\t\t\t\t<\/div>\n\t\t\t\t<\/div>\n\t\t\t\t\t<\/details>\n\t\t\t\t\t\t<details id=\"e-n-accordion-item-2461\" class=\"e-n-accordion-item\" >\n\t\t\t\t<summary class=\"e-n-accordion-item-title\" data-accordion-index=\"2\" tabindex=\"-1\" aria-expanded=\"false\" aria-controls=\"e-n-accordion-item-2461\" >\n\t\t\t\t\t<span class='e-n-accordion-item-title-header'><h3 class=\"e-n-accordion-item-title-text\"> Perch\u00e9 l\u2019autogestione \u00e8 importante per i leader? <\/h3><\/span>\n\t\t\t\t\t\t\t<span class='e-n-accordion-item-title-icon'>\n\t\t\t<span class='e-opened' ><svg aria-hidden=\"true\" class=\"e-font-icon-svg e-fas-minus\" viewbox=\"0 0 448 512\" xmlns=\"http:\/\/www.w3.org\/2000\/svg\"><path d=\"M416 208H32c-17.67 0-32 14.33-32 32v32c0 17.67 14.33 32 32 32h384c17.67 0 32-14.33 32-32v-32c0-17.67-14.33-32-32-32z\"><\/path><\/svg><\/span>\n\t\t\t<span class='e-closed'><svg aria-hidden=\"true\" class=\"e-font-icon-svg e-fas-plus\" viewbox=\"0 0 448 512\" xmlns=\"http:\/\/www.w3.org\/2000\/svg\"><path d=\"M416 208H272V64c0-17.67-14.33-32-32-32h-32c-17.67 0-32 14.33-32 32v144H32c-17.67 0-32 14.33-32 32v32c0 17.67 14.33 32 32 32h144v144c0 17.67 14.33 32 32 32h32c17.67 0 32-14.33 32-32V304h144c17.67 0 32-14.33 32-32v-32c0-17.67-14.33-32-32-32z\"><\/path><\/svg><\/span>\n\t\t<\/span>\n\n\t\t\t\t\t\t<\/summary>\n\t\t\t\t<div role=\"region\" aria-labelledby=\"e-n-accordion-item-2461\" class=\"elementor-element elementor-element-f53b654 e-con-full e-flex e-con e-child\" data-id=\"f53b654\" data-element_type=\"container\" data-e-type=\"container\" data-settings=\"{&quot;jet_parallax_layout_list&quot;:[]}\">\n\t\t<div role=\"region\" aria-labelledby=\"e-n-accordion-item-2461\" class=\"elementor-element elementor-element-0335563 e-flex e-con-boxed e-con e-child\" data-id=\"0335563\" data-element_type=\"container\" data-e-type=\"container\" data-settings=\"{&quot;jet_parallax_layout_list&quot;:[]}\">\n\t\t\t\t\t<div class=\"e-con-inner\">\n\t\t\t\t<div class=\"elementor-element elementor-element-38bf124 elementor-widget elementor-widget-text-editor\" data-id=\"38bf124\" data-element_type=\"widget\" data-e-type=\"widget\" data-widget_type=\"text-editor.default\">\n\t\t\t\t<div class=\"elementor-widget-container\">\n\t\t\t\t\t\t\t\t\t<p>L\u2019autogestione aiuta i leader a riflettere consapevolmente sulle proprie azioni, sugli obiettivi personali e sul modo in cui affrontano le sfide. Anche la motivazione e il modo in cui gestiscono le proprie risorse rivestono un ruolo importante. Lo sviluppo delle competenze di autogestione pu\u00f2 quindi rientrare nel percorso di sviluppo della leadership.<\/p>\t\t\t\t\t\t\t\t<\/div>\n\t\t\t\t<\/div>\n\t\t\t\t\t<\/div>\n\t\t\t\t<\/div>\n\t\t\t\t<\/div>\n\t\t\t\t\t<\/details>\n\t\t\t\t\t\t<details id=\"e-n-accordion-item-2462\" class=\"e-n-accordion-item\" >\n\t\t\t\t<summary class=\"e-n-accordion-item-title\" data-accordion-index=\"3\" tabindex=\"-1\" aria-expanded=\"false\" aria-controls=\"e-n-accordion-item-2462\" >\n\t\t\t\t\t<span class='e-n-accordion-item-title-header'><h3 class=\"e-n-accordion-item-title-text\"> In che modo l\u2019autogestione pu\u00f2 essere d\u2019aiuto nel lavoro quotidiano? <\/h3><\/span>\n\t\t\t\t\t\t\t<span class='e-n-accordion-item-title-icon'>\n\t\t\t<span class='e-opened' ><svg aria-hidden=\"true\" class=\"e-font-icon-svg e-fas-minus\" viewbox=\"0 0 448 512\" xmlns=\"http:\/\/www.w3.org\/2000\/svg\"><path d=\"M416 208H32c-17.67 0-32 14.33-32 32v32c0 17.67 14.33 32 32 32h384c17.67 0 32-14.33 32-32v-32c0-17.67-14.33-32-32-32z\"><\/path><\/svg><\/span>\n\t\t\t<span class='e-closed'><svg aria-hidden=\"true\" class=\"e-font-icon-svg e-fas-plus\" viewbox=\"0 0 448 512\" xmlns=\"http:\/\/www.w3.org\/2000\/svg\"><path d=\"M416 208H272V64c0-17.67-14.33-32-32-32h-32c-17.67 0-32 14.33-32 32v144H32c-17.67 0-32 14.33-32 32v32c0 17.67 14.33 32 32 32h144v144c0 17.67 14.33 32 32 32h32c17.67 0 32-14.33 32-32V304h144c17.67 0 32-14.33 32-32v-32c0-17.67-14.33-32-32-32z\"><\/path><\/svg><\/span>\n\t\t<\/span>\n\n\t\t\t\t\t\t<\/summary>\n\t\t\t\t<div role=\"region\" aria-labelledby=\"e-n-accordion-item-2462\" class=\"elementor-element elementor-element-9410693 e-con-full e-flex e-con e-child\" data-id=\"9410693\" data-element_type=\"container\" data-e-type=\"container\" data-settings=\"{&quot;jet_parallax_layout_list&quot;:[]}\">\n\t\t<div role=\"region\" aria-labelledby=\"e-n-accordion-item-2462\" class=\"elementor-element elementor-element-f015cbc e-flex e-con-boxed e-con e-child\" data-id=\"f015cbc\" data-element_type=\"container\" data-e-type=\"container\" data-settings=\"{&quot;jet_parallax_layout_list&quot;:[]}\">\n\t\t\t\t\t<div class=\"e-con-inner\">\n\t\t\t\t<div class=\"elementor-element elementor-element-a6234f1 elementor-widget elementor-widget-text-editor\" data-id=\"a6234f1\" data-element_type=\"widget\" data-e-type=\"widget\" data-widget_type=\"text-editor.default\">\n\t\t\t\t<div class=\"elementor-widget-container\">\n\t\t\t\t\t\t\t\t\t<p>L\u2019autogestione pu\u00f2 aiutarLa ad allineare il Suo comportamento in modo pi\u00f9 consapevole nel lavoro quotidiano e a continuare a perseguire i Suoi obiettivi personali o professionali anche quando si presentano delle difficolt\u00e0. Quali siano gli aspetti particolarmente rilevanti dipende dalla situazione e dalle sfide individuali in gioco.<\/p>\t\t\t\t\t\t\t\t<\/div>\n\t\t\t\t<\/div>\n\t\t\t\t\t<\/div>\n\t\t\t\t<\/div>\n\t\t\t\t<\/div>\n\t\t\t\t\t<\/details>\n\t\t\t\t\t\t<details id=\"e-n-accordion-item-2463\" class=\"e-n-accordion-item\" >\n\t\t\t\t<summary class=\"e-n-accordion-item-title\" data-accordion-index=\"4\" tabindex=\"-1\" aria-expanded=\"false\" aria-controls=\"e-n-accordion-item-2463\" >\n\t\t\t\t\t<span class='e-n-accordion-item-title-header'><h3 class=\"e-n-accordion-item-title-text\"> Quale ruolo svolge la responsabilit\u00e0 personale nell\u2019autogestione? <\/h3><\/span>\n\t\t\t\t\t\t\t<span class='e-n-accordion-item-title-icon'>\n\t\t\t<span class='e-opened' ><svg aria-hidden=\"true\" class=\"e-font-icon-svg e-fas-minus\" viewbox=\"0 0 448 512\" xmlns=\"http:\/\/www.w3.org\/2000\/svg\"><path d=\"M416 208H32c-17.67 0-32 14.33-32 32v32c0 17.67 14.33 32 32 32h384c17.67 0 32-14.33 32-32v-32c0-17.67-14.33-32-32-32z\"><\/path><\/svg><\/span>\n\t\t\t<span class='e-closed'><svg aria-hidden=\"true\" class=\"e-font-icon-svg e-fas-plus\" viewbox=\"0 0 448 512\" xmlns=\"http:\/\/www.w3.org\/2000\/svg\"><path d=\"M416 208H272V64c0-17.67-14.33-32-32-32h-32c-17.67 0-32 14.33-32 32v144H32c-17.67 0-32 14.33-32 32v32c0 17.67 14.33 32 32 32h144v144c0 17.67 14.33 32 32 32h32c17.67 0 32-14.33 32-32V304h144c17.67 0 32-14.33 32-32v-32c0-17.67-14.33-32-32-32z\"><\/path><\/svg><\/span>\n\t\t<\/span>\n\n\t\t\t\t\t\t<\/summary>\n\t\t\t\t<div role=\"region\" aria-labelledby=\"e-n-accordion-item-2463\" class=\"elementor-element elementor-element-d95f1b5 e-flex e-con-boxed e-con e-child\" data-id=\"d95f1b5\" data-element_type=\"container\" data-e-type=\"container\" data-settings=\"{&quot;jet_parallax_layout_list&quot;:[]}\">\n\t\t\t\t\t<div class=\"e-con-inner\">\n\t\t<div role=\"region\" aria-labelledby=\"e-n-accordion-item-2463\" class=\"elementor-element elementor-element-99e5511 e-con-full e-flex e-con e-child\" data-id=\"99e5511\" data-element_type=\"container\" data-e-type=\"container\" data-settings=\"{&quot;jet_parallax_layout_list&quot;:[]}\">\n\t\t\t\t<div class=\"elementor-element elementor-element-4f11fb9 elementor-widget elementor-widget-text-editor\" data-id=\"4f11fb9\" data-element_type=\"widget\" data-e-type=\"widget\" data-widget_type=\"text-editor.default\">\n\t\t\t\t<div class=\"elementor-widget-container\">\n\t\t\t\t\t\t\t\t\t<p>La responsabilit\u00e0 personale significa assumersi la responsabilit\u00e0 delle proprie azioni e agire consapevolmente negli ambiti su cui si pu\u00f2 esercitare un\u2019influenza. \u00c8 un concetto rilevante per l\u2019autogestione, poich\u00e9 gli obiettivi personali devono essere perseguiti attraverso le proprie azioni, piuttosto che semplicemente definiti. Ci\u00f2 implica essere consapevoli del proprio ruolo e delle azioni a propria disposizione.<\/p>\t\t\t\t\t\t\t\t<\/div>\n\t\t\t\t<\/div>\n\t\t\t\t<\/div>\n\t\t\t\t\t<\/div>\n\t\t\t\t<\/div>\n\t\t\t\t\t<\/details>\n\t\t\t\t\t\t<details id=\"e-n-accordion-item-2464\" class=\"e-n-accordion-item\" >\n\t\t\t\t<summary class=\"e-n-accordion-item-title\" data-accordion-index=\"5\" tabindex=\"-1\" aria-expanded=\"false\" aria-controls=\"e-n-accordion-item-2464\" >\n\t\t\t\t\t<span class='e-n-accordion-item-title-header'><h3 class=\"e-n-accordion-item-title-text\"> Cosa pu\u00f2 rendere difficile l\u2019autogestione? <\/h3><\/span>\n\t\t\t\t\t\t\t<span class='e-n-accordion-item-title-icon'>\n\t\t\t<span class='e-opened' ><svg aria-hidden=\"true\" class=\"e-font-icon-svg e-fas-minus\" viewbox=\"0 0 448 512\" xmlns=\"http:\/\/www.w3.org\/2000\/svg\"><path d=\"M416 208H32c-17.67 0-32 14.33-32 32v32c0 17.67 14.33 32 32 32h384c17.67 0 32-14.33 32-32v-32c0-17.67-14.33-32-32-32z\"><\/path><\/svg><\/span>\n\t\t\t<span class='e-closed'><svg aria-hidden=\"true\" class=\"e-font-icon-svg e-fas-plus\" viewbox=\"0 0 448 512\" xmlns=\"http:\/\/www.w3.org\/2000\/svg\"><path d=\"M416 208H272V64c0-17.67-14.33-32-32-32h-32c-17.67 0-32 14.33-32 32v144H32c-17.67 0-32 14.33-32 32v32c0 17.67 14.33 32 32 32h144v144c0 17.67 14.33 32 32 32h32c17.67 0 32-14.33 32-32V304h144c17.67 0 32-14.33 32-32v-32c0-17.67-14.33-32-32-32z\"><\/path><\/svg><\/span>\n\t\t<\/span>\n\n\t\t\t\t\t\t<\/summary>\n\t\t\t\t<div role=\"region\" aria-labelledby=\"e-n-accordion-item-2464\" class=\"elementor-element elementor-element-46fbc8d e-flex e-con-boxed e-con e-child\" data-id=\"46fbc8d\" data-element_type=\"container\" data-e-type=\"container\" data-settings=\"{&quot;jet_parallax_layout_list&quot;:[]}\">\n\t\t\t\t\t<div class=\"e-con-inner\">\n\t\t<div role=\"region\" aria-labelledby=\"e-n-accordion-item-2464\" class=\"elementor-element elementor-element-a0c5b84 e-con-full e-flex e-con e-child\" data-id=\"a0c5b84\" data-element_type=\"container\" data-e-type=\"container\" data-settings=\"{&quot;jet_parallax_layout_list&quot;:[]}\">\n\t\t\t\t<div class=\"elementor-element elementor-element-aaf0146 elementor-widget elementor-widget-text-editor\" data-id=\"aaf0146\" data-element_type=\"widget\" data-e-type=\"widget\" data-widget_type=\"text-editor.default\">\n\t\t\t\t<div class=\"elementor-widget-container\">\n\t\t\t\t\t\t\t\t\t<p>L\u2019autogestione pu\u00f2 risultare pi\u00f9 difficile quando gli obiettivi non sono chiari o quando mancano motivazione e forza di volont\u00e0. Anche il proprio comportamento, le emozioni, il contesto personale e l\u2019energia a disposizione possono influire sulla capacit\u00e0 di mantenere l\u2019impegno nei confronti di un obiettivo. Il Modello di Autogestione persolog\u00ae tiene conto di questi diversi aspetti nell\u2019ambito delle sue quattro dimensioni.<\/p>\t\t\t\t\t\t\t\t<\/div>\n\t\t\t\t<\/div>\n\t\t\t\t<\/div>\n\t\t\t\t\t<\/div>\n\t\t\t\t<\/div>\n\t\t\t\t\t<\/details>\n\t\t\t\t\t<\/div>\n\t\t\t\t\t\t<\/div>\n\t\t\t\t<\/div>\n\t\t\t\t<div class=\"elementor-element elementor-element-4311303 elementor-widget elementor-widget-spacer\" data-id=\"4311303\" data-element_type=\"widget\" data-e-type=\"widget\" data-widget_type=\"spacer.default\">\n\t\t\t\t<div class=\"elementor-widget-container\">\n\t\t\t\t\t\t\t<div class=\"elementor-spacer\">\n\t\t\t<div class=\"elementor-spacer-inner\"><\/div>\n\t\t<\/div>\n\t\t\t\t\t\t<\/div>\n\t\t\t\t<\/div>\n\t\t\t\t<\/div>\n\t\t\t\t<\/div>\n\t\t\t\t\t<\/div>\n\t\t\t\t<\/div>\n\t\t\t\t<\/div>","protected":false},"excerpt":{"rendered":"<p>Lead yourself and consciously pursue your personal goals persolog\u00ae Self-Leadership Model Achieving personal goals is not just about knowing what you want to accomplish. Motivation, willpower, your own behavior and how you manage your personal energy also play a role. The persolog\u00ae Self-Leadership Model helps you look at your self-leadership from different perspectives and develop [&hellip;]<\/p>\n","protected":false},"author":3,"featured_media":0,"parent":0,"menu_order":7,"comment_status":"closed","ping_status":"closed","template":"","meta":{"_acf_changed":false,"site-sidebar-layout":"no-sidebar","site-content-layout":"page-builder","ast-site-content-layout":"default","site-content-style":"default","site-sidebar-style":"default","ast-global-header-display":"","ast-banner-title-visibility":"","ast-main-header-display":"","ast-hfb-above-header-display":"","ast-hfb-below-header-display":"","ast-hfb-mobile-header-display":"","site-post-title":"disabled","ast-breadcrumbs-content":"","ast-featured-img":"disabled","footer-sml-layout":"","ast-disable-related-posts":"","theme-transparent-header-meta":"","adv-header-id-meta":"","stick-header-meta":"","header-above-stick-meta":"","header-main-stick-meta":"","header-below-stick-meta":"","astra-migrate-meta-layouts":"default","ast-page-background-enabled":"default","ast-page-background-meta":{"desktop":{"background-color":"var(--ast-global-color-4)","background-image":"","background-repeat":"repeat","background-position":"center center","background-size":"auto","background-attachment":"scroll","background-type":"","background-media":"","overlay-type":"","overlay-color":"","overlay-opacity":"","overlay-gradient":""},"tablet":{"background-color":"","background-image":"","background-repeat":"repeat","background-position":"center center","background-size":"auto","background-attachment":"scroll","background-type":"","background-media":"","overlay-type":"","overlay-color":"","overlay-opacity":"","overlay-gradient":""},"mobile":{"background-color":"","background-image":"","background-repeat":"repeat","background-position":"center center","background-size":"auto","background-attachment":"scroll","background-type":"","background-media":"","overlay-type":"","overlay-color":"","overlay-opacity":"","overlay-gradient":""}},"ast-content-background-meta":{"desktop":{"background-color":"var(--ast-global-color-5)","background-image":"","background-repeat":"repeat","background-position":"center center","background-size":"auto","background-attachment":"scroll","background-type":"","background-media":"","overlay-type":"","overlay-color":"","overlay-opacity":"","overlay-gradient":""},"tablet":{"background-color":"var(--ast-global-color-5)","background-image":"","background-repeat":"repeat","background-position":"center center","background-size":"auto","background-attachment":"scroll","background-type":"","background-media":"","overlay-type":"","overlay-color":"","overlay-opacity":"","overlay-gradient":""},"mobile":{"background-color":"var(--ast-global-color-5)","background-image":"","background-repeat":"repeat","background-position":"center center","background-size":"auto","background-attachment":"scroll","background-type":"","background-media":"","overlay-type":"","overlay-color":"","overlay-opacity":"","overlay-gradient":""}},"footnotes":""},"class_list":["post-3562","page","type-page","status-publish","hentry"],"acf":[],"yoast_head":"<!-- This site is optimized with the Yoast SEO Premium plugin v28.2 (Yoast SEO v28.3) - https:\/\/yoast.com\/product\/yoast-seo-premium-wordpress\/ -->\n<title>persolog\u00ae Self Leadership Model - persolog Homepage<\/title>\n<meta name=\"description\" content=\"Take control of your life with the persolog\u00ae self-leadership model. Develop self-reflection, motivation and self-responsibility to achieve your goals and live a fulfilled life.\" \/>\n<meta name=\"robots\" content=\"index, follow, max-snippet:-1, max-image-preview:large, max-video-preview:-1\" \/>\n<link rel=\"canonical\" href=\"https:\/\/persolog.com\/it\/persolog-self-leadership-model\/\" \/>\n<meta property=\"og:locale\" content=\"it_IT\" \/>\n<meta property=\"og:type\" content=\"article\" \/>\n<meta property=\"og:title\" content=\"persolog\u00ae Self Leadership Model\" \/>\n<meta property=\"og:description\" content=\"Take control of your life with the persolog\u00ae self-leadership model. Develop self-reflection, motivation and self-responsibility to achieve your goals and live a fulfilled life.\" \/>\n<meta property=\"og:url\" content=\"https:\/\/persolog.com\/it\/persolog-self-leadership-model\/\" \/>\n<meta property=\"og:site_name\" content=\"persolog Homepage\" \/>\n<meta property=\"article:publisher\" content=\"https:\/\/www.facebook.com\/persolog.persoenlichkeitsentwicklung\/?locale=de_DE\" \/>\n<meta property=\"article:modified_time\" content=\"2026-08-28T10:42:38+00:00\" \/>\n<meta name=\"twitter:card\" content=\"summary_large_image\" \/>\n<meta name=\"twitter:label1\" content=\"Tempo di lettura stimato\" \/>\n\t<meta name=\"twitter:data1\" content=\"9 minuti\" \/>\n<script type=\"application\/ld+json\" class=\"yoast-schema-graph\">{\"@context\":\"https:\\\/\\\/schema.org\",\"@graph\":[{\"@type\":\"WebPage\",\"@id\":\"https:\\\/\\\/persolog.com\\\/persolog-self-leadership-model\\\/\",\"url\":\"https:\\\/\\\/persolog.com\\\/persolog-self-leadership-model\\\/\",\"name\":\"persolog\u00ae Self Leadership Model - persolog Homepage\",\"isPartOf\":{\"@id\":\"https:\\\/\\\/persolog.com\\\/#website\"},\"primaryImageOfPage\":{\"@id\":\"https:\\\/\\\/persolog.com\\\/persolog-self-leadership-model\\\/#primaryimage\"},\"image\":{\"@id\":\"https:\\\/\\\/persolog.com\\\/persolog-self-leadership-model\\\/#primaryimage\"},\"thumbnailUrl\":\"https:\\\/\\\/persolog.com\\\/wp-content\\\/uploads\\\/2025\\\/03\\\/AdobeStock_284618179-scaled.avif\",\"datePublished\":\"2023-06-28T09:11:14+00:00\",\"dateModified\":\"2026-08-28T10:42:38+00:00\",\"description\":\"Take control of your life with the persolog\u00ae self-leadership model. Develop self-reflection, motivation and self-responsibility to achieve your goals and live a fulfilled life.\",\"breadcrumb\":{\"@id\":\"https:\\\/\\\/persolog.com\\\/persolog-self-leadership-model\\\/#breadcrumb\"},\"inLanguage\":\"it-IT\",\"potentialAction\":[{\"@type\":\"ReadAction\",\"target\":[\"https:\\\/\\\/persolog.com\\\/persolog-self-leadership-model\\\/\"]}]},{\"@type\":\"ImageObject\",\"inLanguage\":\"it-IT\",\"@id\":\"https:\\\/\\\/persolog.com\\\/persolog-self-leadership-model\\\/#primaryimage\",\"url\":\"https:\\\/\\\/persolog.com\\\/wp-content\\\/uploads\\\/2025\\\/03\\\/AdobeStock_284618179-scaled.avif\",\"contentUrl\":\"https:\\\/\\\/persolog.com\\\/wp-content\\\/uploads\\\/2025\\\/03\\\/AdobeStock_284618179-scaled.avif\"},{\"@type\":\"BreadcrumbList\",\"@id\":\"https:\\\/\\\/persolog.com\\\/persolog-self-leadership-model\\\/#breadcrumb\",\"itemListElement\":[{\"@type\":\"ListItem\",\"position\":1,\"name\":\"Startseite\",\"item\":\"https:\\\/\\\/persolog.com\\\/\"},{\"@type\":\"ListItem\",\"position\":2,\"name\":\"persolog\u00ae Self Leadership Model\"}]},{\"@type\":\"WebSite\",\"@id\":\"https:\\\/\\\/persolog.com\\\/#website\",\"url\":\"https:\\\/\\\/persolog.com\\\/\",\"name\":\"persolog\u00ae Homepage\",\"description\":\"Develop organizations through people\",\"publisher\":{\"@id\":\"https:\\\/\\\/persolog.com\\\/#organization\"},\"potentialAction\":[{\"@type\":\"SearchAction\",\"target\":{\"@type\":\"EntryPoint\",\"urlTemplate\":\"https:\\\/\\\/persolog.com\\\/?s={search_term_string}\"},\"query-input\":{\"@type\":\"PropertyValueSpecification\",\"valueRequired\":true,\"valueName\":\"search_term_string\"}}],\"inLanguage\":\"it-IT\"},{\"@type\":\"Organization\",\"@id\":\"https:\\\/\\\/persolog.com\\\/#organization\",\"name\":\"persolog\u00ae GmbH\",\"url\":\"https:\\\/\\\/persolog.com\\\/\",\"logo\":{\"@type\":\"ImageObject\",\"inLanguage\":\"it-IT\",\"@id\":\"https:\\\/\\\/persolog.com\\\/#\\\/schema\\\/logo\\\/image\\\/\",\"url\":\"https:\\\/\\\/persolog.com\\\/wp-content\\\/uploads\\\/2023\\\/05\\\/persolog-logo-refreshed.svg\",\"contentUrl\":\"https:\\\/\\\/persolog.com\\\/wp-content\\\/uploads\\\/2023\\\/05\\\/persolog-logo-refreshed.svg\",\"width\":150,\"height\":36,\"caption\":\"persolog\u00ae GmbH\"},\"image\":{\"@id\":\"https:\\\/\\\/persolog.com\\\/#\\\/schema\\\/logo\\\/image\\\/\"},\"sameAs\":[\"https:\\\/\\\/www.facebook.com\\\/persolog.persoenlichkeitsentwicklung\\\/?locale=de_DE\",\"https:\\\/\\\/de.linkedin.com\\\/company\\\/persolog-gmbh\",\"https:\\\/\\\/www.instagram.com\\\/persolog_\\\/\"]}]}<\/script>\n<!-- \/ Yoast SEO Premium plugin. -->","yoast_head_json":{"title":"Modello di auto-guida persolog\u00ae - Homepage persolog","description":"Prendete il controllo della vostra vita con il modello di self-leadership persolog\u00ae. Sviluppate l'auto-riflessione, la motivazione e l'auto-responsabilit\u00e0 per raggiungere i vostri obiettivi e vivere una vita soddisfacente.","robots":{"index":"index","follow":"follow","max-snippet":"max-snippet:-1","max-image-preview":"max-image-preview:large","max-video-preview":"max-video-preview:-1"},"canonical":"https:\/\/persolog.com\/it\/persolog-self-leadership-model\/","og_locale":"it_IT","og_type":"article","og_title":"persolog\u00ae Self Leadership Model","og_description":"Take control of your life with the persolog\u00ae self-leadership model. Develop self-reflection, motivation and self-responsibility to achieve your goals and live a fulfilled life.","og_url":"https:\/\/persolog.com\/it\/persolog-self-leadership-model\/","og_site_name":"persolog Homepage","article_publisher":"https:\/\/www.facebook.com\/persolog.persoenlichkeitsentwicklung\/?locale=de_DE","article_modified_time":"2026-08-28T10:42:38+00:00","twitter_card":"summary_large_image","twitter_misc":{"Tempo di lettura stimato":"9 minuti"},"schema":{"@context":"https:\/\/schema.org","@graph":[{"@type":"WebPage","@id":"https:\/\/persolog.com\/persolog-self-leadership-model\/","url":"https:\/\/persolog.com\/persolog-self-leadership-model\/","name":"Modello di auto-guida persolog\u00ae - Homepage persolog","isPartOf":{"@id":"https:\/\/persolog.com\/#website"},"primaryImageOfPage":{"@id":"https:\/\/persolog.com\/persolog-self-leadership-model\/#primaryimage"},"image":{"@id":"https:\/\/persolog.com\/persolog-self-leadership-model\/#primaryimage"},"thumbnailUrl":"https:\/\/persolog.com\/wp-content\/uploads\/2025\/03\/AdobeStock_284618179-scaled.avif","datePublished":"2023-06-28T09:11:14+00:00","dateModified":"2026-08-28T10:42:38+00:00","description":"Prendete il controllo della vostra vita con il modello di self-leadership persolog\u00ae. Sviluppate l'auto-riflessione, la motivazione e l'auto-responsabilit\u00e0 per raggiungere i vostri obiettivi e vivere una vita soddisfacente.","breadcrumb":{"@id":"https:\/\/persolog.com\/persolog-self-leadership-model\/#breadcrumb"},"inLanguage":"it-IT","potentialAction":[{"@type":"ReadAction","target":["https:\/\/persolog.com\/persolog-self-leadership-model\/"]}]},{"@type":"ImageObject","inLanguage":"it-IT","@id":"https:\/\/persolog.com\/persolog-self-leadership-model\/#primaryimage","url":"https:\/\/persolog.com\/wp-content\/uploads\/2025\/03\/AdobeStock_284618179-scaled.avif","contentUrl":"https:\/\/persolog.com\/wp-content\/uploads\/2025\/03\/AdobeStock_284618179-scaled.avif"},{"@type":"BreadcrumbList","@id":"https:\/\/persolog.com\/persolog-self-leadership-model\/#breadcrumb","itemListElement":[{"@type":"ListItem","position":1,"name":"Startseite","item":"https:\/\/persolog.com\/"},{"@type":"ListItem","position":2,"name":"persolog\u00ae Self Leadership Model"}]},{"@type":"WebSite","@id":"https:\/\/persolog.com\/#website","url":"https:\/\/persolog.com\/","name":"persolog\u00ae Homepage","description":"Sviluppare le organizzazioni attraverso le persone","publisher":{"@id":"https:\/\/persolog.com\/#organization"},"potentialAction":[{"@type":"SearchAction","target":{"@type":"EntryPoint","urlTemplate":"https:\/\/persolog.com\/?s={search_term_string}"},"query-input":{"@type":"PropertyValueSpecification","valueRequired":true,"valueName":"search_term_string"}}],"inLanguage":"it-IT"},{"@type":"Organization","@id":"https:\/\/persolog.com\/#organization","name":"persolog\u00ae GmbH","url":"https:\/\/persolog.com\/","logo":{"@type":"ImageObject","inLanguage":"it-IT","@id":"https:\/\/persolog.com\/#\/schema\/logo\/image\/","url":"https:\/\/persolog.com\/wp-content\/uploads\/2023\/05\/persolog-logo-refreshed.svg","contentUrl":"https:\/\/persolog.com\/wp-content\/uploads\/2023\/05\/persolog-logo-refreshed.svg","width":150,"height":36,"caption":"persolog\u00ae GmbH"},"image":{"@id":"https:\/\/persolog.com\/#\/schema\/logo\/image\/"},"sameAs":["https:\/\/www.facebook.com\/persolog.persoenlichkeitsentwicklung\/?locale=de_DE","https:\/\/de.linkedin.com\/company\/persolog-gmbh","https:\/\/www.instagram.com\/persolog_\/"]}]}},"_links":{"self":[{"href":"https:\/\/persolog.com\/it\/wp-json\/wp\/v2\/pages\/3562","targetHints":{"allow":["GET"]}}],"collection":[{"href":"https:\/\/persolog.com\/it\/wp-json\/wp\/v2\/pages"}],"about":[{"href":"https:\/\/persolog.com\/it\/wp-json\/wp\/v2\/types\/page"}],"author":[{"embeddable":true,"href":"https:\/\/persolog.com\/it\/wp-json\/wp\/v2\/users\/3"}],"replies":[{"embeddable":true,"href":"https:\/\/persolog.com\/it\/wp-json\/wp\/v2\/comments?post=3562"}],"version-history":[{"count":97,"href":"https:\/\/persolog.com\/it\/wp-json\/wp\/v2\/pages\/3562\/revisions"}],"predecessor-version":[{"id":36721,"href":"https:\/\/persolog.com\/it\/wp-json\/wp\/v2\/pages\/3562\/revisions\/36721"}],"wp:attachment":[{"href":"https:\/\/persolog.com\/it\/wp-json\/wp\/v2\/media?parent=3562"}],"curies":[{"name":"wp","href":"https:\/\/api.w.org\/{rel}","templated":true}]}}