{"id":3562,"date":"2023-06-28T11:11:14","date_gmt":"2023-06-28T09:11:14","guid":{"rendered":"https:\/\/beta.persolog.de\/?page_id=3562"},"modified":"2026-08-28T12:42:38","modified_gmt":"2026-08-28T10:42:38","slug":"persolog-self-leadership-model","status":"publish","type":"page","link":"https:\/\/persolog.com\/ro\/persolog-self-leadership-model\/","title":{"rendered":"Modelul de autoconducere persolog\u00ae"},"content":{"rendered":"<div data-elementor-type=\"wp-page\" data-elementor-id=\"3562\" class=\"elementor elementor-3562\" data-elementor-post-type=\"page\">\n\t\t\t\t<div class=\"elementor-element elementor-element-725e1d7 e-flex e-con-boxed e-con e-parent\" data-id=\"725e1d7\" data-element_type=\"container\" data-e-type=\"container\" data-settings=\"{&quot;jet_parallax_layout_list&quot;:[]}\">\n\t\t\t\t\t<div class=\"e-con-inner\">\n\t\t<div class=\"elementor-element elementor-element-c229248 e-con-full e-flex e-con e-child\" data-id=\"c229248\" data-element_type=\"container\" data-e-type=\"container\" data-settings=\"{&quot;jet_parallax_layout_list&quot;:[]}\">\n\t\t\t\t<div class=\"elementor-element elementor-element-fb80fe9 elementor-widget elementor-widget-image\" data-id=\"fb80fe9\" data-element_type=\"widget\" data-e-type=\"widget\" data-widget_type=\"image.default\">\n\t\t\t\t<div class=\"elementor-widget-container\">\n\t\t\t\t\t\t\t\t\t\t\t\t\t\t\t<img fetchpriority=\"high\" decoding=\"async\" width=\"2560\" height=\"1099\" src=\"https:\/\/persolog.com\/wp-content\/uploads\/2025\/03\/AdobeStock_284618179-scaled.avif\" class=\"attachment-full size-full wp-image-30657\" alt=\"persolog\u00ae Modelul de autogestionare \u2013 Imagine de copert\u0103\" srcset=\"https:\/\/persolog.com\/wp-content\/uploads\/2025\/03\/AdobeStock_284618179-scaled.avif 2560w, https:\/\/persolog.com\/wp-content\/uploads\/2025\/03\/AdobeStock_284618179-300x129.avif 300w, https:\/\/persolog.com\/wp-content\/uploads\/2025\/03\/AdobeStock_284618179-1024x440.avif 1024w, https:\/\/persolog.com\/wp-content\/uploads\/2025\/03\/AdobeStock_284618179-768x330.avif 768w, https:\/\/persolog.com\/wp-content\/uploads\/2025\/03\/AdobeStock_284618179-1536x659.avif 1536w, https:\/\/persolog.com\/wp-content\/uploads\/2025\/03\/AdobeStock_284618179-2048x879.avif 2048w, https:\/\/persolog.com\/wp-content\/uploads\/2025\/03\/AdobeStock_284618179-18x8.avif 18w\" sizes=\"(max-width: 2560px) 100vw, 2560px\" \/>\t\t\t\t\t\t\t\t\t\t\t\t\t\t\t<\/div>\n\t\t\t\t<\/div>\n\t\t<div class=\"elementor-element elementor-element-9ccf614 e-con-full e-flex e-con e-child\" data-id=\"9ccf614\" data-element_type=\"container\" data-e-type=\"container\" data-settings=\"{&quot;background_background&quot;:&quot;classic&quot;,&quot;jet_parallax_layout_list&quot;:[]}\">\n\t\t\t\t<div class=\"elementor-element elementor-element-8c872fd uael-heading-align-center elementor-widget elementor-widget-uael-advanced-heading\" data-id=\"8c872fd\" data-element_type=\"widget\" data-e-type=\"widget\" data-widget_type=\"uael-advanced-heading.default\">\n\t\t\t\t<div class=\"elementor-widget-container\">\n\t\t\t\t\t\n\t\t<div class=\"uael-module-content uael-heading-wrapper\">\n\t\t\t\t\t\t\t\t\t\t<div class=\"uael-sub-heading elementor-inline-editing\" data-elementor-setting-key=\"sub_heading\" data-elementor-inline-editing-toolbar=\"advanced\" >Condu-\u021bi propria via\u021b\u0103 \u0219i urm\u0103re\u0219te \u00een mod con\u0219tient obiectivele tale personale<\/div>\n\t\t\t\n\t\t\t<h1 class=\"uael-heading\">\n\t\t\t\t\t\t\t\t\t\t<span class=\"uael-heading-text elementor-inline-editing uael-size--default\" data-elementor-setting-key=\"heading_title\" data-elementor-inline-editing-toolbar=\"basic\">Modelul de auto-conducere persolog\u00ae<\/span>\n\t\t\t\t\t\t\t<\/h1>\n\n\t\t\t\n\t\t\t\n\t\t\t\n\t\t\t\t\t\t<\/div>\n\t\t\t\t\t\t<\/div>\n\t\t\t\t<\/div>\n\t\t\t\t<div class=\"elementor-element elementor-element-f5e9a1c elementor-widget elementor-widget-text-editor\" data-id=\"f5e9a1c\" data-element_type=\"widget\" data-e-type=\"widget\" data-widget_type=\"text-editor.default\">\n\t\t\t\t<div class=\"elementor-widget-container\">\n\t\t\t\t\t\t\t\t\t<p>Atingerea obiectivelor personale nu \u00eenseamn\u0103 doar s\u0103 \u0219tii ce vrei s\u0103 realizezi. Motiva\u021bia, voin\u021ba, propriul comportament \u0219i modul \u00een care \u00ee\u021bi gestionezi energia personal\u0103 joac\u0103, de asemenea, un rol important. Modelul de auto-conducere persolog\u00ae te ajut\u0103 s\u0103-\u021bi analizezi capacitatea de auto-conducere din diferite perspective \u0219i s\u0103 o dezvol\u021bi \u00een continuare.<\/p>\t\t\t\t\t\t\t\t<\/div>\n\t\t\t\t<\/div>\n\t\t\t\t<div class=\"elementor-element elementor-element-11d3564 elementor-align-center elementor-widget elementor-widget-button\" data-id=\"11d3564\" data-element_type=\"widget\" data-e-type=\"widget\" data-widget_type=\"button.default\">\n\t\t\t\t<div class=\"elementor-widget-container\">\n\t\t\t\t\t\t\t\t\t<div class=\"elementor-button-wrapper\">\n\t\t\t\t\t<a class=\"elementor-button elementor-button-link elementor-size-xl\" href=\"https:\/\/academy.persolog.de\/zertifizierung-selbstfuehrungs-modell?utm_source=homepage&#038;utm_medium=button\" target=\"_blank\">\n\t\t\t\t\t\t<span class=\"elementor-button-content-wrapper\">\n\t\t\t\t\t\t\t\t\t<span class=\"elementor-button-text\">Afla\u021bi mai multe despre certificare<\/span>\n\t\t\t\t\t<\/span>\n\t\t\t\t\t<\/a>\n\t\t\t\t<\/div>\n\t\t\t\t\t\t\t\t<\/div>\n\t\t\t\t<\/div>\n\t\t\t\t<\/div>\n\t\t\t\t<\/div>\n\t\t\t\t<div class=\"elementor-element elementor-element-5423e91 elementor-absolute elementor-widget elementor-widget-image\" data-id=\"5423e91\" data-element_type=\"widget\" data-e-type=\"widget\" data-settings=\"{&quot;_position&quot;:&quot;absolute&quot;}\" data-no-translation=\"\" data-widget_type=\"image.default\">\n\t\t\t\t<div class=\"elementor-widget-container\">\n\t\t\t\t\t<style>.elementor-element-5423e91{display:none !important}<\/style>\t\t\t\t<\/div>\n\t\t\t\t<\/div>\n\t\t\t\t\t<\/div>\n\t\t\t\t<\/div>\n\t\t<div class=\"elementor-element elementor-element-40214fa e-flex e-con-boxed e-con e-parent\" data-id=\"40214fa\" data-element_type=\"container\" data-e-type=\"container\" data-settings=\"{&quot;jet_parallax_layout_list&quot;:[]}\">\n\t\t\t\t\t<div class=\"e-con-inner\">\n\t\t\t\t<div class=\"elementor-element elementor-element-2d7af72 elementor-hidden-tablet elementor-hidden-mobile elementor-widget elementor-widget-spacer\" data-id=\"2d7af72\" data-element_type=\"widget\" data-e-type=\"widget\" data-widget_type=\"spacer.default\">\n\t\t\t\t<div class=\"elementor-widget-container\">\n\t\t\t\t\t\t\t<div class=\"elementor-spacer\">\n\t\t\t<div class=\"elementor-spacer-inner\"><\/div>\n\t\t<\/div>\n\t\t\t\t\t\t<\/div>\n\t\t\t\t<\/div>\n\t\t\t\t<div class=\"elementor-element elementor-element-1d4e71c elementor-widget elementor-widget-heading\" data-id=\"1d4e71c\" data-element_type=\"widget\" data-e-type=\"widget\" data-widget_type=\"heading.default\">\n\t\t\t\t<div class=\"elementor-widget-container\">\n\t\t\t\t\t<h2 class=\"elementor-heading-title elementor-size-default\">Ce este auto-conducerea?<\/h2>\t\t\t\t<\/div>\n\t\t\t\t<\/div>\n\t\t\t\t<div class=\"elementor-element elementor-element-c0ad41a elementor-widget__width-initial elementor-widget elementor-widget-text-editor\" data-id=\"c0ad41a\" data-element_type=\"widget\" data-e-type=\"widget\" data-widget_type=\"text-editor.default\">\n\t\t\t\t<div class=\"elementor-widget-container\">\n\t\t\t\t\t\t\t\t\t<p><strong>Autoconducerea se refer\u0103 la capacitatea de a-\u021bi influen\u021ba propriile g\u00e2nduri, sentimente \u0219i ac\u021biuni pentru a-\u021bi urm\u0103ri \u00een mod con\u0219tient obiectivele personale.<\/strong> Este vorba despre asumarea responsabilit\u0103\u021bii pentru propriul comportament \u0219i despre capacitatea de a te ghida singur chiar \u0219i atunci c\u00e2nd te confrun\u021bi cu obstacole sau provoc\u0103ri.<\/p><p>\u00a0<\/p><p>Autoconducerea nu este o tr\u0103s\u0103tur\u0103 fix\u0103. <strong>Competen\u021ba de auto-conducere poate fi dezvoltat\u0103 \u0219i perfec\u021bionat\u0103.<\/strong> Aceasta presupune s\u0103 \u00ee\u021bi analizezi propriile obiective, motiva\u021bia personal\u0103, comportamentul \u0219i resursele de care dispui.<\/p>\t\t\t\t\t\t\t\t<\/div>\n\t\t\t\t<\/div>\n\t\t\t\t\t<\/div>\n\t\t\t\t<\/div>\n\t\t<div class=\"elementor-element elementor-element-e5398de e-flex e-con-boxed e-con e-parent\" data-id=\"e5398de\" data-element_type=\"container\" data-e-type=\"container\" data-settings=\"{&quot;jet_parallax_layout_list&quot;:[]}\">\n\t\t\t\t\t<div class=\"e-con-inner\">\n\t\t\t\t<div class=\"elementor-element elementor-element-5f41900 elementor-widget elementor-widget-spacer\" data-id=\"5f41900\" data-element_type=\"widget\" data-e-type=\"widget\" data-widget_type=\"spacer.default\">\n\t\t\t\t<div class=\"elementor-widget-container\">\n\t\t\t\t\t\t\t<div class=\"elementor-spacer\">\n\t\t\t<div class=\"elementor-spacer-inner\"><\/div>\n\t\t<\/div>\n\t\t\t\t\t\t<\/div>\n\t\t\t\t<\/div>\n\t\t\t\t<div class=\"elementor-element elementor-element-85dc471 elementor-widget elementor-widget-heading\" data-id=\"85dc471\" data-element_type=\"widget\" data-e-type=\"widget\" data-widget_type=\"heading.default\">\n\t\t\t\t<div class=\"elementor-widget-container\">\n\t\t\t\t\t<h2 class=\"elementor-heading-title elementor-size-default\">Ce este modelul de auto-conducere persolog\u00ae?<\/h2>\t\t\t\t<\/div>\n\t\t\t\t<\/div>\n\t\t<div class=\"elementor-element elementor-element-d7c4852 e-con-full e-flex e-con e-child\" data-id=\"d7c4852\" data-element_type=\"container\" data-e-type=\"container\" data-settings=\"{&quot;jet_parallax_layout_list&quot;:[]}\">\n\t\t<div class=\"elementor-element elementor-element-69a1cc8 e-con-full e-flex e-con e-child\" data-id=\"69a1cc8\" data-element_type=\"container\" data-e-type=\"container\" data-settings=\"{&quot;jet_parallax_layout_list&quot;:[]}\">\n\t\t\t\t<div class=\"elementor-element elementor-element-1eb6463 elementor-widget__width-initial elementor-widget elementor-widget-image\" data-id=\"1eb6463\" data-element_type=\"widget\" data-e-type=\"widget\" data-widget_type=\"image.default\">\n\t\t\t\t<div class=\"elementor-widget-container\">\n\t\t\t\t\t\t\t\t\t\t\t\t\t\t\t\t<a href=\"https:\/\/persolog.com\/wp-content\/uploads\/2026\/05\/EN_Selbstfuehrungsmodell_Grafik.avif\" data-elementor-open-lightbox=\"yes\" data-elementor-lightbox-title=\"EN_Selbstf\u00fchrungsmodell_Grafik\" data-elementor-lightbox-description=\"persolog Self-Leadership Model\" data-e-action-hash=\"#elementor-action%3Aaction%3Dlightbox%26settings%3DeyJpZCI6MzUxMDYsInVybCI6Imh0dHBzOlwvXC9wZXJzb2xvZy5jb21cL3dwLWNvbnRlbnRcL3VwbG9hZHNcLzIwMjZcLzA1XC9FTl9TZWxic3RmdWVocnVuZ3Ntb2RlbGxfR3JhZmlrLmF2aWYifQ%3D%3D\">\n\t\t\t\t\t\t\t<img decoding=\"async\" src=\"https:\/\/persolog.com\/wp-content\/uploads\/elementor\/thumbs\/EN_Selbstfuehrungsmodell_Grafik-rrina9joov1vea9a6swz4wxie8gh24j3euhgm3ab68.avif\" title=\"RO_Selbstf\u00fchrungsmodell_Grafik\" alt=\"Modelul de auto-liderat persolog\" loading=\"lazy\" \/>\t\t\t\t\t\t\t\t<\/a>\n\t\t\t\t\t\t\t\t\t\t\t\t\t\t\t<\/div>\n\t\t\t\t<\/div>\n\t\t\t\t<div class=\"elementor-element elementor-element-6fd3eb0 elementor-widget elementor-widget-image\" data-id=\"6fd3eb0\" data-element_type=\"widget\" data-e-type=\"widget\" data-widget_type=\"image.default\">\n\t\t\t\t<div class=\"elementor-widget-container\">\n\t\t\t\t\t<style>.elementor-element-6fd3eb0{display:none !important}<\/style>\t\t\t\t<\/div>\n\t\t\t\t<\/div>\n\t\t\t\t<\/div>\n\t\t<div class=\"elementor-element elementor-element-33a7e98 e-con-full e-flex e-con e-child\" data-id=\"33a7e98\" data-element_type=\"container\" data-e-type=\"container\" data-settings=\"{&quot;jet_parallax_layout_list&quot;:[]}\">\n\t\t\t\t<div class=\"elementor-element elementor-element-980b96d elementor-widget__width-initial elementor-widget elementor-widget-text-editor\" data-id=\"980b96d\" data-element_type=\"widget\" data-e-type=\"widget\" data-widget_type=\"text-editor.default\">\n\t\t\t\t<div class=\"elementor-widget-container\">\n\t\t\t\t\t\t\t\t\t<p>Modelul de auto-conducere persolog\u00ae a fost dezvoltat \u00een colaborare cu <strong>Prof. dr. G\u00fcnter F. M\u00fcller de la Universitatea din Koblenz-Landau<\/strong> \u0219i se bazeaz\u0103 pe concepte din psihologia social\u0103, a muncii, a afacerilor \u0219i organiza\u021bional\u0103.<\/p><p>Modelul analizeaz\u0103 auto-conducerea prin intermediul <strong>patru dimensiuni \u0219i \u0219apte strategii corespunz\u0103toare<\/strong>. Acestea acoper\u0103 diferite domenii care joac\u0103 un rol \u00een dezvoltarea competen\u021bei de auto-conducere.<\/p>\t\t\t\t\t\t\t\t<\/div>\n\t\t\t\t<\/div>\n\t\t\t\t<\/div>\n\t\t\t\t<\/div>\n\t\t\t\t\t<\/div>\n\t\t\t\t<\/div>\n\t\t<div class=\"elementor-element elementor-element-8f539a8 e-flex e-con-boxed e-con e-parent\" data-id=\"8f539a8\" data-element_type=\"container\" data-e-type=\"container\" data-settings=\"{&quot;jet_parallax_layout_list&quot;:[]}\">\n\t\t\t\t\t<div class=\"e-con-inner\">\n\t\t\t\t<div class=\"elementor-element elementor-element-fd0718f elementor-widget elementor-widget-heading\" data-id=\"fd0718f\" data-element_type=\"widget\" data-e-type=\"widget\" data-widget_type=\"heading.default\">\n\t\t\t\t<div class=\"elementor-widget-container\">\n\t\t\t\t\t<h2 class=\"elementor-heading-title elementor-size-default\">Cele 4 dimensiuni \u0219i cele 7 strategii ale auto-conducerii<\/h2>\t\t\t\t<\/div>\n\t\t\t\t<\/div>\n\t\t\t\t<div class=\"elementor-element elementor-element-2a4fd59 elementor-widget__width-initial elementor-widget elementor-widget-text-editor\" data-id=\"2a4fd59\" data-element_type=\"widget\" data-e-type=\"widget\" data-widget_type=\"text-editor.default\">\n\t\t\t\t<div class=\"elementor-widget-container\">\n\t\t\t\t\t\t\t\t\t<p>Cele patru dimensiuni <strong>Cognitiv,\u00a0<span lang=\"en-US\" data-ogsc=\"rgb(14, 55, 114)\">Emo\u021bional, axat pe comportament \u0219i <\/span><span lang=\"en-US\" data-ogsc=\"rgb(14, 55, 114)\">Autoconducerea fizic\u0103 <\/span><\/strong>cuprind \u00een total \u0219apte strategii de auto-conducere.<\/p>\t\t\t\t\t\t\t\t<\/div>\n\t\t\t\t<\/div>\n\t\t<div class=\"elementor-element elementor-element-54ea031 e-con-full e-flex e-con e-child\" data-id=\"54ea031\" data-element_type=\"container\" data-e-type=\"container\" data-settings=\"{&quot;jet_parallax_layout_list&quot;:[]}\">\n\t\t<div class=\"elementor-element elementor-element-597baa6 e-con-full e-flex e-con e-child\" data-id=\"597baa6\" data-element_type=\"container\" data-e-type=\"container\" data-settings=\"{&quot;jet_parallax_layout_list&quot;:[]}\">\n\t\t\t\t<div class=\"elementor-element elementor-element-6ce9aa3 elementor-hidden-mobile elementor-widget elementor-widget-image\" data-id=\"6ce9aa3\" data-element_type=\"widget\" data-e-type=\"widget\" data-widget_type=\"image.default\">\n\t\t\t\t<div class=\"elementor-widget-container\">\n\t\t\t\t\t\t\t\t\t\t\t\t\t\t\t<img decoding=\"async\" src=\"https:\/\/persolog.com\/wp-content\/uploads\/elementor\/thumbs\/kognitive-SF-rsffeort48v2p71avo5n3nr613i21pw07r6bs7a4h2.png\" title=\"Autogestionarea cognitiv\u0103\" alt=\"Autogestionarea cognitiv\u0103\" loading=\"lazy\" \/>\t\t\t\t\t\t\t\t\t\t\t\t\t\t\t<\/div>\n\t\t\t\t<\/div>\n\t\t\t\t<\/div>\n\t\t<div class=\"elementor-element elementor-element-ce53ea7 e-con-full e-flex e-con e-child\" data-id=\"ce53ea7\" data-element_type=\"container\" data-e-type=\"container\" data-settings=\"{&quot;jet_parallax_layout_list&quot;:[]}\">\n\t\t\t\t<div class=\"elementor-element elementor-element-7c5205a elementor-widget elementor-widget-heading\" data-id=\"7c5205a\" data-element_type=\"widget\" data-e-type=\"widget\" data-widget_type=\"heading.default\">\n\t\t\t\t<div class=\"elementor-widget-container\">\n\t\t\t\t\t<h3 class=\"elementor-heading-title elementor-size-default\">1. Autogestionarea cognitiv\u0103<\/h3>\t\t\t\t<\/div>\n\t\t\t\t<\/div>\n\t\t\t\t<div class=\"elementor-element elementor-element-6a8fd5f elementor-widget__width-initial elementor-widget elementor-widget-text-editor\" data-id=\"6a8fd5f\" data-element_type=\"widget\" data-e-type=\"widget\" data-widget_type=\"text-editor.default\">\n\t\t\t\t<div class=\"elementor-widget-container\">\n\t\t\t\t\t\t\t\t\t<p>Dimensiunea \u201cAutogestionarea cognitiv\u0103\u201d se concentreaz\u0103 pe obiectivele pe care oamenii \u0219i le stabilesc \u0219i pe modul \u00een care \u00ee\u0219i folosesc voin\u021ba pentru a le atinge. Este vorba despre concentrarea con\u0219tient\u0103 asupra obiectivelor \u0219i efortul continuu depus pentru a le atinge.<\/p><p>\u00a0<\/p><p>Cele dou\u0103 strategii din cadrul dimensiunii \u201eG\u00e2ndire\u201d sunt <strong>Stabilirea obiectivelor \u0219i mobilizarea voin\u021bei<\/strong>.<\/p>\t\t\t\t\t\t\t\t<\/div>\n\t\t\t\t<\/div>\n\t\t\t\t<\/div>\n\t\t\t\t<\/div>\n\t\t<div class=\"elementor-element elementor-element-c8a9e66 e-con-full e-flex e-con e-child\" data-id=\"c8a9e66\" data-element_type=\"container\" data-e-type=\"container\" data-settings=\"{&quot;jet_parallax_layout_list&quot;:[]}\">\n\t\t<div class=\"elementor-element elementor-element-4088e8c e-con-full e-flex e-con e-child\" data-id=\"4088e8c\" data-element_type=\"container\" data-e-type=\"container\" data-settings=\"{&quot;jet_parallax_layout_list&quot;:[]}\">\n\t\t\t\t<div class=\"elementor-element elementor-element-bf4f8f8 elementor-hidden-mobile elementor-widget elementor-widget-image\" data-id=\"bf4f8f8\" data-element_type=\"widget\" data-e-type=\"widget\" data-widget_type=\"image.default\">\n\t\t\t\t<div class=\"elementor-widget-container\">\n\t\t\t\t\t\t\t\t\t\t\t\t\t\t\t<img decoding=\"async\" src=\"https:\/\/persolog.com\/wp-content\/uploads\/elementor\/thumbs\/emotionale-SF-rsffeppnb2wd0szxq6k9o5immhdf9ezqjvtt9h8qau.png\" title=\"Autogestionarea emo\u021bional\u0103\" alt=\"Autogestionarea emo\u021bional\u0103\" loading=\"lazy\" \/>\t\t\t\t\t\t\t\t\t\t\t\t\t\t\t<\/div>\n\t\t\t\t<\/div>\n\t\t\t\t<\/div>\n\t\t<div class=\"elementor-element elementor-element-1650e49 e-con-full e-flex e-con e-child\" data-id=\"1650e49\" data-element_type=\"container\" data-e-type=\"container\" data-settings=\"{&quot;jet_parallax_layout_list&quot;:[]}\">\n\t\t\t\t<div class=\"elementor-element elementor-element-a22c46e elementor-widget elementor-widget-heading\" data-id=\"a22c46e\" data-element_type=\"widget\" data-e-type=\"widget\" data-widget_type=\"heading.default\">\n\t\t\t\t<div class=\"elementor-widget-container\">\n\t\t\t\t\t<h3 class=\"elementor-heading-title elementor-size-default\">2. Autogestionarea emo\u021bional\u0103<\/h3>\t\t\t\t<\/div>\n\t\t\t\t<\/div>\n\t\t\t\t<div class=\"elementor-element elementor-element-3834909 elementor-widget__width-initial elementor-widget elementor-widget-text-editor\" data-id=\"3834909\" data-element_type=\"widget\" data-e-type=\"widget\" data-widget_type=\"text-editor.default\">\n\t\t\t\t<div class=\"elementor-widget-container\">\n\t\t\t\t\t\t\t\t\t<p>Dimensiunea \u201cAutogestionarea emo\u021bional\u0103\u201d se concentreaz\u0103 pe motiva\u021bie \u0219i pe modul \u00een care oamenii \u00ee\u0219i gestioneaz\u0103 emo\u021biile. Este vorba despre \u00een\u021belegerea propriei motiva\u021bii \u0219i despre controlarea emo\u021biilor \u00eentr-un mod care s\u0103-\u021bi sus\u021bin\u0103 ac\u021biunile.<\/p><p>\u00a0<\/p><p>Cele dou\u0103 strategii din cadrul dimensiunii \u201eSentimente\u201d sunt <strong>Autonomizarea motiva\u021bional\u0103 \u0219i autonomizarea emo\u021bional\u0103<\/strong>.<\/p>\t\t\t\t\t\t\t\t<\/div>\n\t\t\t\t<\/div>\n\t\t\t\t<\/div>\n\t\t\t\t<\/div>\n\t\t<div class=\"elementor-element elementor-element-519c592 e-con-full e-flex e-con e-child\" data-id=\"519c592\" data-element_type=\"container\" data-e-type=\"container\" data-settings=\"{&quot;jet_parallax_layout_list&quot;:[]}\">\n\t\t<div class=\"elementor-element elementor-element-06da15b e-con-full e-flex e-con e-child\" data-id=\"06da15b\" data-element_type=\"container\" data-e-type=\"container\" data-settings=\"{&quot;jet_parallax_layout_list&quot;:[]}\">\n\t\t\t\t<div class=\"elementor-element elementor-element-192cd29 elementor-hidden-mobile elementor-widget elementor-widget-image\" data-id=\"192cd29\" data-element_type=\"widget\" data-e-type=\"widget\" data-widget_type=\"image.default\">\n\t\t\t\t<div class=\"elementor-widget-container\">\n\t\t\t\t\t\t\t\t\t\t\t\t\t\t\t<img decoding=\"async\" src=\"https:\/\/persolog.com\/wp-content\/uploads\/elementor\/thumbs\/verhaltensbezogene-SF-rsffemw4qksi1z416ncdyo88ubrbmbojjhvctncwti.png\" title=\"Autogestionarea comportamental\u0103\" alt=\"Autogestionarea comportamental\u0103\" loading=\"lazy\" \/>\t\t\t\t\t\t\t\t\t\t\t\t\t\t\t<\/div>\n\t\t\t\t<\/div>\n\t\t\t\t<\/div>\n\t\t<div class=\"elementor-element elementor-element-0afe3a6 e-con-full e-flex e-con e-child\" data-id=\"0afe3a6\" data-element_type=\"container\" data-e-type=\"container\" data-settings=\"{&quot;jet_parallax_layout_list&quot;:[]}\">\n\t\t\t\t<div class=\"elementor-element elementor-element-af9d9b2 elementor-widget elementor-widget-heading\" data-id=\"af9d9b2\" data-element_type=\"widget\" data-e-type=\"widget\" data-widget_type=\"heading.default\">\n\t\t\t\t<div class=\"elementor-widget-container\">\n\t\t\t\t\t<h3 class=\"elementor-heading-title elementor-size-default\">3. Autogestionarea axat\u0103 pe comportament<\/h3>\t\t\t\t<\/div>\n\t\t\t\t<\/div>\n\t\t\t\t<div class=\"elementor-element elementor-element-4c3e2f4 elementor-widget__width-initial elementor-widget elementor-widget-text-editor\" data-id=\"4c3e2f4\" data-element_type=\"widget\" data-e-type=\"widget\" data-widget_type=\"text-editor.default\">\n\t\t\t\t<div class=\"elementor-widget-container\">\n\t\t\t\t\t\t\t\t\t<p>Dimensiunea \u201cAutoconducerea centrat\u0103 pe comportament\u201d analizeaz\u0103 propriul t\u0103u comportament \u0219i condi\u021biile \u00een care acesta se manifest\u0103. Pe l\u00e2ng\u0103 adaptarea propriului comportament, un rol important \u00eel joac\u0103 \u0219i modelarea con\u0219tient\u0103 a mediului \u00eenconjur\u0103tor.<\/p><p>\u00a0<\/p><p>Cele dou\u0103 strategii din cadrul dimensiunii \u201eAc\u021biune\u201d sunt<strong> Proiectarea mediului \u0219i autoinfluen\u021ba comportamental\u0103<\/strong>.<\/p>\t\t\t\t\t\t\t\t<\/div>\n\t\t\t\t<\/div>\n\t\t\t\t<\/div>\n\t\t\t\t<\/div>\n\t\t<div class=\"elementor-element elementor-element-2eb0c57 e-con-full e-flex e-con e-child\" data-id=\"2eb0c57\" data-element_type=\"container\" data-e-type=\"container\" data-settings=\"{&quot;jet_parallax_layout_list&quot;:[]}\">\n\t\t<div class=\"elementor-element elementor-element-e417a1b e-con-full e-flex e-con e-child\" data-id=\"e417a1b\" data-element_type=\"container\" data-e-type=\"container\" data-settings=\"{&quot;jet_parallax_layout_list&quot;:[]}\">\n\t\t\t\t<div class=\"elementor-element elementor-element-f0d4d3a elementor-hidden-mobile elementor-widget elementor-widget-image\" data-id=\"f0d4d3a\" data-element_type=\"widget\" data-e-type=\"widget\" data-widget_type=\"image.default\">\n\t\t\t\t<div class=\"elementor-widget-container\">\n\t\t\t\t\t\t\t\t\t\t\t\t\t\t\t<img decoding=\"async\" src=\"https:\/\/persolog.com\/wp-content\/uploads\/elementor\/thumbs\/vitale-SF-rsffelyajqr7qd5ec4xre6gs8xvyemkt7d7vcdeazq.png\" title=\"Autogestionare vital\u0103\" alt=\"Autogestionare vital\u0103\" loading=\"lazy\" \/>\t\t\t\t\t\t\t\t\t\t\t\t\t\t\t<\/div>\n\t\t\t\t<\/div>\n\t\t\t\t<\/div>\n\t\t<div class=\"elementor-element elementor-element-2c8ff07 e-con-full e-flex e-con e-child\" data-id=\"2c8ff07\" data-element_type=\"container\" data-e-type=\"container\" data-settings=\"{&quot;jet_parallax_layout_list&quot;:[]}\">\n\t\t\t\t<div class=\"elementor-element elementor-element-d179641 elementor-widget elementor-widget-heading\" data-id=\"d179641\" data-element_type=\"widget\" data-e-type=\"widget\" data-widget_type=\"heading.default\">\n\t\t\t\t<div class=\"elementor-widget-container\">\n\t\t\t\t\t<h3 class=\"elementor-heading-title elementor-size-default\">4. Autoconducerea fizic\u0103<\/h3>\t\t\t\t<\/div>\n\t\t\t\t<\/div>\n\t\t\t\t<div class=\"elementor-element elementor-element-4def276 elementor-widget__width-initial elementor-widget elementor-widget-text-editor\" data-id=\"4def276\" data-element_type=\"widget\" data-e-type=\"widget\" data-widget_type=\"text-editor.default\">\n\t\t\t\t<div class=\"elementor-widget-container\">\n\t\t\t\t\t\t\t\t\t<p>Dimensiunea \u201cAutogestionarea fizic\u0103\u201d se concentreaz\u0103 pe condi\u021biile fizice care sus\u021bin autogestionarea. Accentul se pune pe gestionarea con\u0219tient\u0103 a propriei energii \u0219i pe analizarea modului \u00een care performan\u021ba personal\u0103 poate fi sus\u021binut\u0103.<\/p><p>\u00a0<\/p><p>Strategia din cadrul dimensiunii \u201eEnergie\u201d este <strong>Vitalitate fizic\u0103<\/strong>.<\/p>\t\t\t\t\t\t\t\t<\/div>\n\t\t\t\t<\/div>\n\t\t\t\t<\/div>\n\t\t\t\t<\/div>\n\t\t\t\t\t<\/div>\n\t\t\t\t<\/div>\n\t\t<div class=\"elementor-element elementor-element-f455440 e-flex e-con-boxed e-con e-parent\" data-id=\"f455440\" data-element_type=\"container\" data-e-type=\"container\" data-settings=\"{&quot;jet_parallax_layout_list&quot;:[]}\">\n\t\t\t\t\t<div class=\"e-con-inner\">\n\t\t\t\t<div class=\"elementor-element elementor-element-9038d94 elementor-widget elementor-widget-spacer\" data-id=\"9038d94\" data-element_type=\"widget\" data-e-type=\"widget\" data-widget_type=\"spacer.default\">\n\t\t\t\t<div class=\"elementor-widget-container\">\n\t\t\t\t\t\t\t<div class=\"elementor-spacer\">\n\t\t\t<div class=\"elementor-spacer-inner\"><\/div>\n\t\t<\/div>\n\t\t\t\t\t\t<\/div>\n\t\t\t\t<\/div>\n\t\t\t\t<div class=\"elementor-element elementor-element-365e6c3 elementor-widget elementor-widget-heading\" data-id=\"365e6c3\" data-element_type=\"widget\" data-e-type=\"widget\" data-widget_type=\"heading.default\">\n\t\t\t\t<div class=\"elementor-widget-container\">\n\t\t\t\t\t<h2 class=\"elementor-heading-title elementor-size-default\">Unde se utilizeaz\u0103 modelul de auto-conducere persolog\u00ae?<\/h2>\t\t\t\t<\/div>\n\t\t\t\t<\/div>\n\t\t\t\t<div class=\"elementor-element elementor-element-fb287ac elementor-widget__width-initial elementor-widget elementor-widget-text-editor\" data-id=\"fb287ac\" data-element_type=\"widget\" data-e-type=\"widget\" data-widget_type=\"text-editor.default\">\n\t\t\t\t<div class=\"elementor-widget-container\">\n\t\t\t\t\t\t\t\t\t<p>Modelul de auto-conducere persolog\u00ae poate fi utilizat atunci c\u00e2nd persoanele doresc s\u0103-\u0219i dezvolte competen\u021bele de auto-conducere. Acesta este potrivit at\u00e2t pentru dezvoltarea personal\u0103, c\u00e2t \u0219i pentru utilizarea \u00een cadrul programelor de formare, coaching, leadership \u0219i dezvoltare a personalului.<\/p>\t\t\t\t\t\t\t\t<\/div>\n\t\t\t\t<\/div>\n\t\t\t\t<div class=\"elementor-element elementor-element-4cc15fd elementor-widget elementor-widget-spacer\" data-id=\"4cc15fd\" data-element_type=\"widget\" data-e-type=\"widget\" data-widget_type=\"spacer.default\">\n\t\t\t\t<div class=\"elementor-widget-container\">\n\t\t\t\t\t\t\t<div class=\"elementor-spacer\">\n\t\t\t<div class=\"elementor-spacer-inner\"><\/div>\n\t\t<\/div>\n\t\t\t\t\t\t<\/div>\n\t\t\t\t<\/div>\n\t\t\t\t\t<\/div>\n\t\t\t\t<\/div>\n\t\t<div class=\"elementor-element elementor-element-044f6f8 e-flex e-con-boxed e-con e-parent\" data-id=\"044f6f8\" data-element_type=\"container\" data-e-type=\"container\" data-settings=\"{&quot;jet_parallax_layout_list&quot;:[]}\">\n\t\t\t\t\t<div class=\"e-con-inner\">\n\t\t<div class=\"elementor-element elementor-element-525b9b6 e-con-full e-flex e-con e-child\" data-id=\"525b9b6\" data-element_type=\"container\" data-e-type=\"container\" data-settings=\"{&quot;jet_parallax_layout_list&quot;:[]}\">\n\t\t\t\t<div class=\"elementor-element elementor-element-c7931f2 elementor-widget elementor-widget-heading\" data-id=\"c7931f2\" data-element_type=\"widget\" data-e-type=\"widget\" data-widget_type=\"heading.default\">\n\t\t\t\t<div class=\"elementor-widget-container\">\n\t\t\t\t\t<h2 class=\"elementor-heading-title elementor-size-default\">Dezvoltare personal\u0103<\/h2>\t\t\t\t<\/div>\n\t\t\t\t<\/div>\n\t\t\t\t<\/div>\n\t\t<div class=\"elementor-element elementor-element-f0b056c e-con-full e-flex e-con e-child\" data-id=\"f0b056c\" data-element_type=\"container\" data-e-type=\"container\" data-settings=\"{&quot;jet_parallax_layout_list&quot;:[]}\">\n\t\t\t\t<div class=\"elementor-element elementor-element-5ef9ffe elementor-widget__width-initial elementor-widget elementor-widget-text-editor\" data-id=\"5ef9ffe\" data-element_type=\"widget\" data-e-type=\"widget\" data-widget_type=\"text-editor.default\">\n\t\t\t\t<div class=\"elementor-widget-container\">\n\t\t\t\t\t\t\t\t\t<p>Modelul \u00eei ajut\u0103 pe oameni s\u0103-\u0219i analizeze obiectivele personale \u0219i modul \u00een care fac fa\u021b\u0103 provoc\u0103rilor. Acest lucru poate oferi puncte de plecare pentru dezvoltarea auto-conducerii \u00een via\u021ba de zi cu zi.<\/p>\t\t\t\t\t\t\t\t<\/div>\n\t\t\t\t<\/div>\n\t\t\t\t<\/div>\n\t\t\t\t\t<\/div>\n\t\t\t\t<\/div>\n\t\t<div class=\"elementor-element elementor-element-c17755b e-flex e-con-boxed e-con e-parent\" data-id=\"c17755b\" data-element_type=\"container\" data-e-type=\"container\" data-settings=\"{&quot;jet_parallax_layout_list&quot;:[]}\">\n\t\t\t\t\t<div class=\"e-con-inner\">\n\t\t<div class=\"elementor-element elementor-element-b3b07fe e-con-full e-flex e-con e-child\" data-id=\"b3b07fe\" data-element_type=\"container\" data-e-type=\"container\" data-settings=\"{&quot;jet_parallax_layout_list&quot;:[]}\">\n\t\t\t\t<div class=\"elementor-element elementor-element-108d3d4 elementor-widget elementor-widget-heading\" data-id=\"108d3d4\" data-element_type=\"widget\" data-e-type=\"widget\" data-widget_type=\"heading.default\">\n\t\t\t\t<div class=\"elementor-widget-container\">\n\t\t\t\t\t<h2 class=\"elementor-heading-title elementor-size-default\">Formare \u0219i \u00eendrumare<\/h2>\t\t\t\t<\/div>\n\t\t\t\t<\/div>\n\t\t\t\t<\/div>\n\t\t<div class=\"elementor-element elementor-element-4c62b85 e-con-full e-flex e-con e-child\" data-id=\"4c62b85\" data-element_type=\"container\" data-e-type=\"container\" data-settings=\"{&quot;jet_parallax_layout_list&quot;:[]}\">\n\t\t\t\t<div class=\"elementor-element elementor-element-e0b9a33 elementor-widget__width-initial elementor-widget elementor-widget-text-editor\" data-id=\"e0b9a33\" data-element_type=\"widget\" data-e-type=\"widget\" data-widget_type=\"text-editor.default\">\n\t\t\t\t<div class=\"elementor-widget-container\">\n\t\t\t\t\t\t\t\t\t<p>Formatorii \u0219i coachii pot utiliza modelul de auto-conducere persolog\u00ae pentru a oferi sprijin persoanelor care se confrunt\u0103 cu diverse \u00eentreb\u0103ri legate de obiective, motiva\u021bie \u0219i autodeterminare. Modelul ofer\u0103 un cadru structurat \u00een acest sens.<\/p>\t\t\t\t\t\t\t\t<\/div>\n\t\t\t\t<\/div>\n\t\t\t\t<\/div>\n\t\t\t\t\t<\/div>\n\t\t\t\t<\/div>\n\t\t<div class=\"elementor-element elementor-element-5f3aed3 e-flex e-con-boxed e-con e-parent\" data-id=\"5f3aed3\" data-element_type=\"container\" data-e-type=\"container\" data-settings=\"{&quot;jet_parallax_layout_list&quot;:[]}\">\n\t\t\t\t\t<div class=\"e-con-inner\">\n\t\t<div class=\"elementor-element elementor-element-edf0315 e-con-full e-flex e-con e-child\" data-id=\"edf0315\" data-element_type=\"container\" data-e-type=\"container\" data-settings=\"{&quot;jet_parallax_layout_list&quot;:[]}\">\n\t\t\t\t<div class=\"elementor-element elementor-element-30c7231 elementor-widget elementor-widget-heading\" data-id=\"30c7231\" data-element_type=\"widget\" data-e-type=\"widget\" data-widget_type=\"heading.default\">\n\t\t\t\t<div class=\"elementor-widget-container\">\n\t\t\t\t\t<h2 class=\"elementor-heading-title elementor-size-default\">Conducerea \u0219i dezvoltarea personalului<\/h2>\t\t\t\t<\/div>\n\t\t\t\t<\/div>\n\t\t\t\t<\/div>\n\t\t<div class=\"elementor-element elementor-element-f3404f3 e-con-full e-flex e-con e-child\" data-id=\"f3404f3\" data-element_type=\"container\" data-e-type=\"container\" data-settings=\"{&quot;jet_parallax_layout_list&quot;:[]}\">\n\t\t\t\t<div class=\"elementor-element elementor-element-4c6922c elementor-widget__width-initial elementor-widget elementor-widget-text-editor\" data-id=\"4c6922c\" data-element_type=\"widget\" data-e-type=\"widget\" data-widget_type=\"text-editor.default\">\n\t\t\t\t<div class=\"elementor-widget-container\">\n\t\t\t\t\t\t\t\t\t<p>Autoconducerea joac\u0103, de asemenea, un rol important \u00een contextul profesional. Modelul poate fi utilizat \u00een domeniul conducerii \u0219i al dezvolt\u0103rii personalului pentru a-i sprijini pe angaja\u021bi \u0219i pe lideri s\u0103-\u0219i asume responsabilitatea pentru propriile ac\u021biuni \u0219i s\u0103-\u0219i urm\u0103reasc\u0103 \u00een mod con\u0219tient obiectivele personale \u0219i profesionale.<\/p>\t\t\t\t\t\t\t\t<\/div>\n\t\t\t\t<\/div>\n\t\t\t\t<\/div>\n\t\t\t\t\t<\/div>\n\t\t\t\t<\/div>\n\t\t<div class=\"elementor-element elementor-element-e1cfabb e-flex e-con-boxed e-con e-parent\" data-id=\"e1cfabb\" data-element_type=\"container\" data-e-type=\"container\" data-settings=\"{&quot;jet_parallax_layout_list&quot;:[]}\">\n\t\t\t\t\t<div class=\"e-con-inner\">\n\t\t\t\t<div class=\"elementor-element elementor-element-1445d64 elementor-widget elementor-widget-heading\" data-id=\"1445d64\" data-element_type=\"widget\" data-e-type=\"widget\" data-widget_type=\"heading.default\">\n\t\t\t\t<div class=\"elementor-widget-container\">\n\t\t\t\t\t<h2 class=\"elementor-heading-title elementor-size-default\">Cum se aplic\u0103 \u00een practic\u0103 modelul de auto-conducere persolog\u00ae?<\/h2>\t\t\t\t<\/div>\n\t\t\t\t<\/div>\n\t\t<div class=\"elementor-element elementor-element-1543d11 e-con-full e-flex e-con e-child\" data-id=\"1543d11\" data-element_type=\"container\" data-e-type=\"container\" data-settings=\"{&quot;jet_parallax_layout_list&quot;:[]}\">\n\t\t<div class=\"elementor-element elementor-element-b983ffc e-con-full e-flex e-con e-child\" data-id=\"b983ffc\" data-element_type=\"container\" data-e-type=\"container\" data-settings=\"{&quot;jet_parallax_layout_list&quot;:[]}\">\n\t\t\t\t<div class=\"elementor-element elementor-element-2dc7a33 elementor-widget elementor-widget-image\" data-id=\"2dc7a33\" data-element_type=\"widget\" data-e-type=\"widget\" data-widget_type=\"image.default\">\n\t\t\t\t<div class=\"elementor-widget-container\">\n\t\t\t\t\t\t\t\t\t\t\t\t\t\t\t<img decoding=\"async\" src=\"https:\/\/persolog.com\/wp-content\/uploads\/elementor\/thumbs\/DE-IN300_Profil_Selbstfuehrung_1-rrinc8zeicdqbxysk8p9lxed7rsnm6sfdiip0wd9sg.avif\" title=\"DE-IN300_Profil_Ghidaj automat_1\" alt=\"persolog\u00ae Selbstf\u00fchrungs-Profil\" loading=\"lazy\" \/>\t\t\t\t\t\t\t\t\t\t\t\t\t\t\t<\/div>\n\t\t\t\t<\/div>\n\t\t\t\t<\/div>\n\t\t<div class=\"elementor-element elementor-element-9408842 e-con-full e-flex e-con e-child\" data-id=\"9408842\" data-element_type=\"container\" data-e-type=\"container\" data-settings=\"{&quot;jet_parallax_layout_list&quot;:[]}\">\n\t\t\t\t<div class=\"elementor-element elementor-element-92f0ef2 elementor-widget__width-initial elementor-widget elementor-widget-text-editor\" data-id=\"92f0ef2\" data-element_type=\"widget\" data-e-type=\"widget\" data-widget_type=\"text-editor.default\">\n\t\t\t\t<div class=\"elementor-widget-container\">\n\t\t\t\t\t\t\t\t\t<p>The <strong>Profilul de auto-conducere persolog\u00ae<\/strong> v\u0103 ofer\u0103 o perspectiv\u0103 mai aprofundat\u0103 asupra propriului comportament de auto-conducere. Se utilizeaz\u0103 un chestionar pentru a analiza diferite aspecte ale auto-conducerii, care sunt apoi evaluate.<\/p><p>\u00a0<\/p><p>Rezultatele ofer\u0103 o baz\u0103 pentru a reflecta asupra propriului stil de auto-conducere \u0219i pentru a identifica strategiile care sunt deja utilizate \u00een mod eficient, precum \u0219i domeniile \u00een care exist\u0103 poten\u021bial de dezvoltare ulterioar\u0103.<\/p>\t\t\t\t\t\t\t\t<\/div>\n\t\t\t\t<\/div>\n\t\t\t\t<\/div>\n\t\t\t\t<\/div>\n\t\t\t\t\t<\/div>\n\t\t\t\t<\/div>\n\t\t<div class=\"elementor-element elementor-element-7639679 e-flex e-con-boxed e-con e-parent\" data-id=\"7639679\" data-element_type=\"container\" data-e-type=\"container\" data-settings=\"{&quot;jet_parallax_layout_list&quot;:[]}\">\n\t\t\t\t\t<div class=\"e-con-inner\">\n\t\t\t\t<div class=\"elementor-element elementor-element-6820038 elementor-widget elementor-widget-spacer\" data-id=\"6820038\" data-element_type=\"widget\" data-e-type=\"widget\" data-widget_type=\"spacer.default\">\n\t\t\t\t<div class=\"elementor-widget-container\">\n\t\t\t\t\t\t\t<div class=\"elementor-spacer\">\n\t\t\t<div class=\"elementor-spacer-inner\"><\/div>\n\t\t<\/div>\n\t\t\t\t\t\t<\/div>\n\t\t\t\t<\/div>\n\t\t\t\t<div class=\"elementor-element elementor-element-b65876d elementor-widget elementor-widget-heading\" data-id=\"b65876d\" data-element_type=\"widget\" data-e-type=\"widget\" data-widget_type=\"heading.default\">\n\t\t\t\t<div class=\"elementor-widget-container\">\n\t\t\t\t\t<h2 class=\"elementor-heading-title elementor-size-default\">Utilizarea profesional\u0103 a modelului de auto-conducere persolog\u00ae<\/h2>\t\t\t\t<\/div>\n\t\t\t\t<\/div>\n\t\t\t\t<div class=\"elementor-element elementor-element-18557a6 elementor-widget__width-initial elementor-widget elementor-widget-text-editor\" data-id=\"18557a6\" data-element_type=\"widget\" data-e-type=\"widget\" data-widget_type=\"text-editor.default\">\n\t\t\t\t<div class=\"elementor-widget-container\">\n\t\t\t\t\t\t\t\t\t<p>Dac\u0103 dori\u021bi s\u0103 utiliza\u021bi modelul de autoliderism persolog\u00ae \u00een context profesional, \u00een cadrul unor programe de formare, coaching sau dezvoltare a personalului, pute\u021bi ob\u021bine certificarea pentru acest model. Pe parcursul procesului de certificare, ve\u021bi afla mai multe despre modelul de autoliderism \u0219i despre profilul de autoliderism, precum \u0219i despre modul \u00een care le pute\u021bi utiliza \u00een cadrul programelor de formare \u0219i coaching.<\/p>\t\t\t\t\t\t\t\t<\/div>\n\t\t\t\t<\/div>\n\t\t\t\t<div class=\"elementor-element elementor-element-2b01bce elementor-widget elementor-widget-heading\" data-id=\"2b01bce\" data-element_type=\"widget\" data-e-type=\"widget\" data-widget_type=\"heading.default\">\n\t\t\t\t<div class=\"elementor-widget-container\">\n\t\t\t\t\t<h3 class=\"elementor-heading-title elementor-size-default\">Cui se adreseaz\u0103 aceast\u0103 certificare?<\/h3>\t\t\t\t<\/div>\n\t\t\t\t<\/div>\n\t\t\t\t<div class=\"elementor-element elementor-element-98d20d4 elementor-widget elementor-widget-text-editor\" data-id=\"98d20d4\" data-element_type=\"widget\" data-e-type=\"widget\" data-widget_type=\"text-editor.default\">\n\t\t\t\t<div class=\"elementor-widget-container\">\n\t\t\t\t\t\t\t\t\t<p>Certificarea este destinat\u0103 persoanelor care doresc s\u0103 predea auto-conducerea la nivel profesional \u0219i s\u0103 \u00eei ajute pe ceilal\u021bi s\u0103-\u0219i dezvolte competen\u021bele \u00een acest domeniu. Printre ace\u0219tia se num\u0103r\u0103 formatori, coachi, consultan\u021bi, lideri \u0219i profesioni\u0219ti care activeaz\u0103 \u00een domeniul resurselor umane \u0219i al dezvolt\u0103rii personalului.<\/p>\t\t\t\t\t\t\t\t<\/div>\n\t\t\t\t<\/div>\n\t\t\t\t<div class=\"elementor-element elementor-element-7f580f4 elementor-align-left elementor-widget elementor-widget-button\" data-id=\"7f580f4\" data-element_type=\"widget\" data-e-type=\"widget\" data-no-translation=\"\" data-widget_type=\"button.default\">\n\t\t\t\t<div class=\"elementor-widget-container\">\n\t\t\t\t\t<style>.elementor-element-7f580f4{display:none !important}<\/style>\t\t\t\t<\/div>\n\t\t\t\t<\/div>\n\t\t\t\t<div class=\"elementor-element elementor-element-7ee858b elementor-widget elementor-widget-spacer\" data-id=\"7ee858b\" data-element_type=\"widget\" data-e-type=\"widget\" data-widget_type=\"spacer.default\">\n\t\t\t\t<div class=\"elementor-widget-container\">\n\t\t\t\t\t\t\t<div class=\"elementor-spacer\">\n\t\t\t<div class=\"elementor-spacer-inner\"><\/div>\n\t\t<\/div>\n\t\t\t\t\t\t<\/div>\n\t\t\t\t<\/div>\n\t\t\t\t<div class=\"elementor-element elementor-element-2a609e2 elementor-widget elementor-widget-spacer\" data-id=\"2a609e2\" data-element_type=\"widget\" data-e-type=\"widget\" data-widget_type=\"spacer.default\">\n\t\t\t\t<div class=\"elementor-widget-container\">\n\t\t\t\t\t\t\t<div class=\"elementor-spacer\">\n\t\t\t<div class=\"elementor-spacer-inner\"><\/div>\n\t\t<\/div>\n\t\t\t\t\t\t<\/div>\n\t\t\t\t<\/div>\n\t\t\t\t\t<\/div>\n\t\t\t\t<\/div>\n\t\t<div class=\"elementor-element elementor-element-722b114 e-con-full e-flex e-con e-parent\" data-id=\"722b114\" data-element_type=\"container\" data-e-type=\"container\" data-settings=\"{&quot;background_background&quot;:&quot;classic&quot;,&quot;jet_parallax_layout_list&quot;:[]}\">\n\t\t\t\t<div class=\"elementor-element elementor-element-0940c02 elementor-widget elementor-widget-heading\" data-id=\"0940c02\" data-element_type=\"widget\" data-e-type=\"widget\" data-widget_type=\"heading.default\">\n\t\t\t\t<div class=\"elementor-widget-container\">\n\t\t\t\t\t<h2 class=\"elementor-heading-title elementor-size-large\">Ce spun clien\u021bii no\u0219tri<\/h2>\t\t\t\t<\/div>\n\t\t\t\t<\/div>\n\t\t\t\t<\/div>\n\t\t<div class=\"elementor-element elementor-element-2d9c71b e-flex e-con-boxed e-con e-parent\" data-id=\"2d9c71b\" data-element_type=\"container\" data-e-type=\"container\" data-settings=\"{&quot;background_background&quot;:&quot;classic&quot;,&quot;jet_parallax_layout_list&quot;:[]}\">\n\t\t\t\t\t<div class=\"e-con-inner\">\n\t\t<div class=\"elementor-element elementor-element-f13d144 e-con-full e-flex e-con e-child\" data-id=\"f13d144\" data-element_type=\"container\" data-e-type=\"container\" data-settings=\"{&quot;jet_parallax_layout_list&quot;:[]}\">\n\t\t\t\t<div class=\"elementor-element elementor-element-c881082 elementor-blockquote--skin-quotation elementor-blockquote--align-center elementor-widget elementor-widget-blockquote\" data-id=\"c881082\" data-element_type=\"widget\" data-e-type=\"widget\" data-widget_type=\"blockquote.default\">\n\t\t\t\t<div class=\"elementor-widget-container\">\n\t\t\t\t\t\t\t<blockquote class=\"elementor-blockquote\">\n\t\t\t<p class=\"elementor-blockquote__content\">\n\t\t\t\tTraining-ul despre auto-leadership a fost foarte interesant pentru mine, deoarece s-a concentrat tocmai pe domeniile mele personale de dezvoltare. Interactivitatea \u0219i provoc\u0103rile sale l-au f\u0103cut foarte u\u0219or de \u00een\u021beles \u0219i distractiv. Cu siguran\u021b\u0103 am reu\u0219it s\u0103-mi dezvolt \u00een continuare abilit\u0103\u021bile de auto-leader \u0219i acum \u0219tiu la ce pot acorda mai mult\u0103 aten\u021bie \u00een munca mea de zi cu zi \u00een viitor.\t\t\t<\/p>\n\t\t\t\t\t\t\t<div class=\"e-q-footer\">\n\t\t\t\t\t\t\t\t\t\t\t<cite class=\"elementor-blockquote__author\">Andrea Pitz<\/cite>\n\t\t\t\t\t\t\t\t\t\t\t\t\t\t<\/div>\n\t\t\t\t\t<\/blockquote>\n\t\t\t\t\t\t<\/div>\n\t\t\t\t<\/div>\n\t\t\t\t<\/div>\n\t\t<div class=\"elementor-element elementor-element-ef3075e e-con-full e-flex e-con e-child\" data-id=\"ef3075e\" data-element_type=\"container\" data-e-type=\"container\" data-settings=\"{&quot;jet_parallax_layout_list&quot;:[]}\">\n\t\t\t\t<div class=\"elementor-element elementor-element-892469c elementor-blockquote--skin-quotation elementor-blockquote--align-center elementor-widget elementor-widget-blockquote\" data-id=\"892469c\" data-element_type=\"widget\" data-e-type=\"widget\" data-widget_type=\"blockquote.default\">\n\t\t\t\t<div class=\"elementor-widget-container\">\n\t\t\t\t\t\t\t<blockquote class=\"elementor-blockquote\">\n\t\t\t<p class=\"elementor-blockquote__content\">\n\t\t\t\t\"Am participat la programul de certificare online \"Modelul de auto-conducere\" \u0219i nu pot dec\u00e2t s\u0103-l recomand tuturor. \u00centregul con\u021binut a fost prezentat foarte clar \u0219i m-am orientat foarte bine. Comentariile \u0219i observa\u021biile primesc r\u0103spuns: prin urmare, nu am avut niciodat\u0103 senza\u021bia c\u0103 a\u0219 fi \"singur\u00bb sau c\u0103 nu a\u0219 putea pune \u00eentreb\u0103ri. Dimpotriv\u0103. \u00cen ceea ce prive\u0219te con\u021binutul, am primit numeroase exemple \u0219i metode care pot fi puse \u00een practic\u0103 1:1. (Desigur, le pot completa sau adapta \u00een continuare pe cont propriu, \u00een func\u021bie de ceea ce doresc s\u0103 ofer personal). Conceptul seminarului este super!!! Sunt foarte recunosc\u0103toare pentru asta, pentru c\u0103 pur \u0219i simplu nu mai trebuie s\u0103 fac nimic \u00een plus \ud83d\ude42 Formatorii sunt super amuzan\u021bi... \u00cemi place umorul lor. Amestecul perfect \u00eentre profesionalism \u0219i distrac\u021bie. Se simte c\u00e2t de mult \u00ee\u0219i iubesc meseria, iar micile lor povestiri personale \u00eei fac accesibili \u0219i autentici. V\u0103 mul\u021bumesc foarte mult!!!\"\t\t\t<\/p>\n\t\t\t\t\t\t\t<div class=\"e-q-footer\">\n\t\t\t\t\t\t\t\t\t\t\t<cite class=\"elementor-blockquote__author\">Shabnam Ramzani, Personal \u0219i formare<\/cite>\n\t\t\t\t\t\t\t\t\t\t\t\t\t\t<\/div>\n\t\t\t\t\t<\/blockquote>\n\t\t\t\t\t\t<\/div>\n\t\t\t\t<\/div>\n\t\t\t\t<\/div>\n\t\t\t\t\t<\/div>\n\t\t\t\t<\/div>\n\t\t<div class=\"elementor-element elementor-element-03d943a e-flex e-con-boxed e-con e-parent\" data-id=\"03d943a\" data-element_type=\"container\" data-e-type=\"container\" data-settings=\"{&quot;jet_parallax_layout_list&quot;:[]}\">\n\t\t\t\t\t<div class=\"e-con-inner\">\n\t\t<div class=\"elementor-element elementor-element-716fe83 e-con-full e-flex e-con e-child\" data-id=\"716fe83\" data-element_type=\"container\" data-e-type=\"container\" data-settings=\"{&quot;jet_parallax_layout_list&quot;:[]}\">\n\t\t<div class=\"elementor-element elementor-element-6aa3994 e-con-full e-flex e-con e-child\" data-id=\"6aa3994\" data-element_type=\"container\" data-e-type=\"container\" data-settings=\"{&quot;jet_parallax_layout_list&quot;:[]}\">\n\t\t\t\t<div class=\"elementor-element elementor-element-cf775ca elementor-widget elementor-widget-heading\" data-id=\"cf775ca\" data-element_type=\"widget\" data-e-type=\"widget\" data-widget_type=\"heading.default\">\n\t\t\t\t<div class=\"elementor-widget-container\">\n\t\t\t\t\t<h2 class=\"elementor-heading-title elementor-size-default\">\u00centreb\u0103ri frecvente despre modelul de auto-conducere persolog\u00ae<\/h2>\t\t\t\t<\/div>\n\t\t\t\t<\/div>\n\t\t\t\t<\/div>\n\t\t<div class=\"elementor-element elementor-element-045c261 e-con-full e-flex e-con e-child\" data-id=\"045c261\" data-element_type=\"container\" data-e-type=\"container\" data-settings=\"{&quot;jet_parallax_layout_list&quot;:[]}\">\n\t\t\t\t<div class=\"elementor-element elementor-element-eb74333 elementor-widget elementor-widget-n-accordion\" data-id=\"eb74333\" data-element_type=\"widget\" data-e-type=\"widget\" data-settings=\"{&quot;default_state&quot;:&quot;all_collapsed&quot;,&quot;max_items_expended&quot;:&quot;one&quot;,&quot;n_accordion_animation_duration&quot;:{&quot;unit&quot;:&quot;ms&quot;,&quot;size&quot;:400,&quot;sizes&quot;:[]}}\" data-widget_type=\"nested-accordion.default\">\n\t\t\t\t<div class=\"elementor-widget-container\">\n\t\t\t\t\t\t\t<div class=\"e-n-accordion\" aria-label=\"Acordeon. Deschide\u021bi linkurile cu Enter sau Space, \u00eenchide\u021bi-le cu Escape \u0219i naviga\u021bi cu tastele s\u0103geat\u0103\">\n\t\t\t\t\t\t<details id=\"e-n-accordion-item-2460\" class=\"e-n-accordion-item\" >\n\t\t\t\t<summary class=\"e-n-accordion-item-title\" data-accordion-index=\"1\" tabindex=\"0\" aria-expanded=\"false\" aria-controls=\"e-n-accordion-item-2460\" >\n\t\t\t\t\t<span class='e-n-accordion-item-title-header'><h3 class=\"e-n-accordion-item-title-text\"> Care este diferen\u021ba dintre auto-conducere \u0219i autogestionare? <\/h3><\/span>\n\t\t\t\t\t\t\t<span class='e-n-accordion-item-title-icon'>\n\t\t\t<span class='e-opened' ><svg aria-hidden=\"true\" class=\"e-font-icon-svg e-fas-minus\" viewbox=\"0 0 448 512\" xmlns=\"http:\/\/www.w3.org\/2000\/svg\"><path d=\"M416 208H32c-17.67 0-32 14.33-32 32v32c0 17.67 14.33 32 32 32h384c17.67 0 32-14.33 32-32v-32c0-17.67-14.33-32-32-32z\"><\/path><\/svg><\/span>\n\t\t\t<span class='e-closed'><svg aria-hidden=\"true\" class=\"e-font-icon-svg e-fas-plus\" viewbox=\"0 0 448 512\" xmlns=\"http:\/\/www.w3.org\/2000\/svg\"><path d=\"M416 208H272V64c0-17.67-14.33-32-32-32h-32c-17.67 0-32 14.33-32 32v144H32c-17.67 0-32 14.33-32 32v32c0 17.67 14.33 32 32 32h144v144c0 17.67 14.33 32 32 32h32c17.67 0 32-14.33 32-32V304h144c17.67 0 32-14.33 32-32v-32c0-17.67-14.33-32-32-32z\"><\/path><\/svg><\/span>\n\t\t<\/span>\n\n\t\t\t\t\t\t<\/summary>\n\t\t\t\t<div role=\"region\" aria-labelledby=\"e-n-accordion-item-2460\" class=\"elementor-element elementor-element-ef5c661 e-con-full e-flex e-con e-child\" data-id=\"ef5c661\" data-element_type=\"container\" data-e-type=\"container\" data-settings=\"{&quot;jet_parallax_layout_list&quot;:[]}\">\n\t\t<div role=\"region\" aria-labelledby=\"e-n-accordion-item-2460\" class=\"elementor-element elementor-element-a010095 e-flex e-con-boxed e-con e-child\" data-id=\"a010095\" data-element_type=\"container\" data-e-type=\"container\" data-settings=\"{&quot;jet_parallax_layout_list&quot;:[]}\">\n\t\t\t\t\t<div class=\"e-con-inner\">\n\t\t\t\t<div class=\"elementor-element elementor-element-a373906 elementor-widget elementor-widget-text-editor\" data-id=\"a373906\" data-element_type=\"widget\" data-e-type=\"widget\" data-widget_type=\"text-editor.default\">\n\t\t\t\t<div class=\"elementor-widget-container\">\n\t\t\t\t\t\t\t\t\t<p>Auto-conducerea se concentreaz\u0103 asupra modului \u00een care oamenii \u00ee\u0219i influen\u021beaz\u0103 g\u00e2ndurile, sentimentele \u0219i ac\u021biunile pentru a-\u0219i atinge obiectivele personale. Auto-gestionarea este adesea asociat\u0103 mai str\u00e2ns cu organizarea propriilor ac\u021biuni \u0219i a resurselor disponibile. Prin urmare, modelul de auto-conducere persolog\u00ae ia \u00een considerare g\u00e2ndirea, emo\u021biile \u0219i energia, pe l\u00e2ng\u0103 comportament.<\/p>\t\t\t\t\t\t\t\t<\/div>\n\t\t\t\t<\/div>\n\t\t\t\t\t<\/div>\n\t\t\t\t<\/div>\n\t\t\t\t<\/div>\n\t\t\t\t\t<\/details>\n\t\t\t\t\t\t<details id=\"e-n-accordion-item-2461\" class=\"e-n-accordion-item\" >\n\t\t\t\t<summary class=\"e-n-accordion-item-title\" data-accordion-index=\"2\" tabindex=\"-1\" aria-expanded=\"false\" aria-controls=\"e-n-accordion-item-2461\" >\n\t\t\t\t\t<span class='e-n-accordion-item-title-header'><h3 class=\"e-n-accordion-item-title-text\"> De ce este important\u0103 autoconducerea pentru lideri? <\/h3><\/span>\n\t\t\t\t\t\t\t<span class='e-n-accordion-item-title-icon'>\n\t\t\t<span class='e-opened' ><svg aria-hidden=\"true\" class=\"e-font-icon-svg e-fas-minus\" viewbox=\"0 0 448 512\" xmlns=\"http:\/\/www.w3.org\/2000\/svg\"><path d=\"M416 208H32c-17.67 0-32 14.33-32 32v32c0 17.67 14.33 32 32 32h384c17.67 0 32-14.33 32-32v-32c0-17.67-14.33-32-32-32z\"><\/path><\/svg><\/span>\n\t\t\t<span class='e-closed'><svg aria-hidden=\"true\" class=\"e-font-icon-svg e-fas-plus\" viewbox=\"0 0 448 512\" xmlns=\"http:\/\/www.w3.org\/2000\/svg\"><path d=\"M416 208H272V64c0-17.67-14.33-32-32-32h-32c-17.67 0-32 14.33-32 32v144H32c-17.67 0-32 14.33-32 32v32c0 17.67 14.33 32 32 32h144v144c0 17.67 14.33 32 32 32h32c17.67 0 32-14.33 32-32V304h144c17.67 0 32-14.33 32-32v-32c0-17.67-14.33-32-32-32z\"><\/path><\/svg><\/span>\n\t\t<\/span>\n\n\t\t\t\t\t\t<\/summary>\n\t\t\t\t<div role=\"region\" aria-labelledby=\"e-n-accordion-item-2461\" class=\"elementor-element elementor-element-f53b654 e-con-full e-flex e-con e-child\" data-id=\"f53b654\" data-element_type=\"container\" data-e-type=\"container\" data-settings=\"{&quot;jet_parallax_layout_list&quot;:[]}\">\n\t\t<div role=\"region\" aria-labelledby=\"e-n-accordion-item-2461\" class=\"elementor-element elementor-element-0335563 e-flex e-con-boxed e-con e-child\" data-id=\"0335563\" data-element_type=\"container\" data-e-type=\"container\" data-settings=\"{&quot;jet_parallax_layout_list&quot;:[]}\">\n\t\t\t\t\t<div class=\"e-con-inner\">\n\t\t\t\t<div class=\"elementor-element elementor-element-38bf124 elementor-widget elementor-widget-text-editor\" data-id=\"38bf124\" data-element_type=\"widget\" data-e-type=\"widget\" data-widget_type=\"text-editor.default\">\n\t\t\t\t<div class=\"elementor-widget-container\">\n\t\t\t\t\t\t\t\t\t<p>Autoconducerea \u00eei ajut\u0103 pe lideri s\u0103 reflecteze \u00een mod con\u0219tient asupra propriilor ac\u021biuni, asupra obiectivelor personale \u0219i asupra modului \u00een care fac fa\u021b\u0103 provoc\u0103rilor. Motiva\u021bia \u0219i modul \u00een care \u00ee\u0219i gestioneaz\u0103 propriile resurse joac\u0103, de asemenea, un rol important. Dezvoltarea competen\u021belor de autoconducere poate face, a\u0219adar, parte din procesul de dezvoltare a abilit\u0103\u021bilor de conducere.<\/p>\t\t\t\t\t\t\t\t<\/div>\n\t\t\t\t<\/div>\n\t\t\t\t\t<\/div>\n\t\t\t\t<\/div>\n\t\t\t\t<\/div>\n\t\t\t\t\t<\/details>\n\t\t\t\t\t\t<details id=\"e-n-accordion-item-2462\" class=\"e-n-accordion-item\" >\n\t\t\t\t<summary class=\"e-n-accordion-item-title\" data-accordion-index=\"3\" tabindex=\"-1\" aria-expanded=\"false\" aria-controls=\"e-n-accordion-item-2462\" >\n\t\t\t\t\t<span class='e-n-accordion-item-title-header'><h3 class=\"e-n-accordion-item-title-text\"> Cum poate auto-conducerea s\u0103 fie de ajutor \u00een activitatea de zi cu zi? <\/h3><\/span>\n\t\t\t\t\t\t\t<span class='e-n-accordion-item-title-icon'>\n\t\t\t<span class='e-opened' ><svg aria-hidden=\"true\" class=\"e-font-icon-svg e-fas-minus\" viewbox=\"0 0 448 512\" xmlns=\"http:\/\/www.w3.org\/2000\/svg\"><path d=\"M416 208H32c-17.67 0-32 14.33-32 32v32c0 17.67 14.33 32 32 32h384c17.67 0 32-14.33 32-32v-32c0-17.67-14.33-32-32-32z\"><\/path><\/svg><\/span>\n\t\t\t<span class='e-closed'><svg aria-hidden=\"true\" class=\"e-font-icon-svg e-fas-plus\" viewbox=\"0 0 448 512\" xmlns=\"http:\/\/www.w3.org\/2000\/svg\"><path d=\"M416 208H272V64c0-17.67-14.33-32-32-32h-32c-17.67 0-32 14.33-32 32v144H32c-17.67 0-32 14.33-32 32v32c0 17.67 14.33 32 32 32h144v144c0 17.67 14.33 32 32 32h32c17.67 0 32-14.33 32-32V304h144c17.67 0 32-14.33 32-32v-32c0-17.67-14.33-32-32-32z\"><\/path><\/svg><\/span>\n\t\t<\/span>\n\n\t\t\t\t\t\t<\/summary>\n\t\t\t\t<div role=\"region\" aria-labelledby=\"e-n-accordion-item-2462\" class=\"elementor-element elementor-element-9410693 e-con-full e-flex e-con e-child\" data-id=\"9410693\" data-element_type=\"container\" data-e-type=\"container\" data-settings=\"{&quot;jet_parallax_layout_list&quot;:[]}\">\n\t\t<div role=\"region\" aria-labelledby=\"e-n-accordion-item-2462\" class=\"elementor-element elementor-element-f015cbc e-flex e-con-boxed e-con e-child\" data-id=\"f015cbc\" data-element_type=\"container\" data-e-type=\"container\" data-settings=\"{&quot;jet_parallax_layout_list&quot;:[]}\">\n\t\t\t\t\t<div class=\"e-con-inner\">\n\t\t\t\t<div class=\"elementor-element elementor-element-a6234f1 elementor-widget elementor-widget-text-editor\" data-id=\"a6234f1\" data-element_type=\"widget\" data-e-type=\"widget\" data-widget_type=\"text-editor.default\">\n\t\t\t\t<div class=\"elementor-widget-container\">\n\t\t\t\t\t\t\t\t\t<p>Autogestionarea te poate ajuta s\u0103-\u021bi adaptezi comportamentul \u00eentr-un mod mai con\u0219tient \u00een activitatea de zi cu zi \u0219i s\u0103 continui s\u0103-\u021bi urm\u0103re\u0219ti obiectivele personale sau profesionale chiar \u0219i atunci c\u00e2nd apar provoc\u0103ri. Domeniile care sunt deosebit de relevante depind de situa\u021bie \u0219i de provoc\u0103rile individuale cu care te confrun\u021bi.<\/p>\t\t\t\t\t\t\t\t<\/div>\n\t\t\t\t<\/div>\n\t\t\t\t\t<\/div>\n\t\t\t\t<\/div>\n\t\t\t\t<\/div>\n\t\t\t\t\t<\/details>\n\t\t\t\t\t\t<details id=\"e-n-accordion-item-2463\" class=\"e-n-accordion-item\" >\n\t\t\t\t<summary class=\"e-n-accordion-item-title\" data-accordion-index=\"4\" tabindex=\"-1\" aria-expanded=\"false\" aria-controls=\"e-n-accordion-item-2463\" >\n\t\t\t\t\t<span class='e-n-accordion-item-title-header'><h3 class=\"e-n-accordion-item-title-text\"> Ce rol joac\u0103 responsabilitatea personal\u0103 \u00een auto-conducere? <\/h3><\/span>\n\t\t\t\t\t\t\t<span class='e-n-accordion-item-title-icon'>\n\t\t\t<span class='e-opened' ><svg aria-hidden=\"true\" class=\"e-font-icon-svg e-fas-minus\" viewbox=\"0 0 448 512\" xmlns=\"http:\/\/www.w3.org\/2000\/svg\"><path d=\"M416 208H32c-17.67 0-32 14.33-32 32v32c0 17.67 14.33 32 32 32h384c17.67 0 32-14.33 32-32v-32c0-17.67-14.33-32-32-32z\"><\/path><\/svg><\/span>\n\t\t\t<span class='e-closed'><svg aria-hidden=\"true\" class=\"e-font-icon-svg e-fas-plus\" viewbox=\"0 0 448 512\" xmlns=\"http:\/\/www.w3.org\/2000\/svg\"><path d=\"M416 208H272V64c0-17.67-14.33-32-32-32h-32c-17.67 0-32 14.33-32 32v144H32c-17.67 0-32 14.33-32 32v32c0 17.67 14.33 32 32 32h144v144c0 17.67 14.33 32 32 32h32c17.67 0 32-14.33 32-32V304h144c17.67 0 32-14.33 32-32v-32c0-17.67-14.33-32-32-32z\"><\/path><\/svg><\/span>\n\t\t<\/span>\n\n\t\t\t\t\t\t<\/summary>\n\t\t\t\t<div role=\"region\" aria-labelledby=\"e-n-accordion-item-2463\" class=\"elementor-element elementor-element-d95f1b5 e-flex e-con-boxed e-con e-child\" data-id=\"d95f1b5\" data-element_type=\"container\" data-e-type=\"container\" data-settings=\"{&quot;jet_parallax_layout_list&quot;:[]}\">\n\t\t\t\t\t<div class=\"e-con-inner\">\n\t\t<div role=\"region\" aria-labelledby=\"e-n-accordion-item-2463\" class=\"elementor-element elementor-element-99e5511 e-con-full e-flex e-con e-child\" data-id=\"99e5511\" data-element_type=\"container\" data-e-type=\"container\" data-settings=\"{&quot;jet_parallax_layout_list&quot;:[]}\">\n\t\t\t\t<div class=\"elementor-element elementor-element-4f11fb9 elementor-widget elementor-widget-text-editor\" data-id=\"4f11fb9\" data-element_type=\"widget\" data-e-type=\"widget\" data-widget_type=\"text-editor.default\">\n\t\t\t\t<div class=\"elementor-widget-container\">\n\t\t\t\t\t\t\t\t\t<p>Responsabilitatea personal\u0103 \u00eenseamn\u0103 s\u0103-\u021bi asumi responsabilitatea pentru propriile ac\u021biuni \u0219i s\u0103 ac\u021bionezi \u00een mod con\u0219tient \u00een domeniile pe care le po\u021bi influen\u021ba. Aceasta este relevant\u0103 pentru auto-conducere, deoarece obiectivele personale trebuie urm\u0103rite prin propriile ac\u021biuni, nu doar definite. Acest lucru presupune con\u0219tientizarea propriului rol \u0219i a ac\u021biunilor pe care le ai la dispozi\u021bie.<\/p>\t\t\t\t\t\t\t\t<\/div>\n\t\t\t\t<\/div>\n\t\t\t\t<\/div>\n\t\t\t\t\t<\/div>\n\t\t\t\t<\/div>\n\t\t\t\t\t<\/details>\n\t\t\t\t\t\t<details id=\"e-n-accordion-item-2464\" class=\"e-n-accordion-item\" >\n\t\t\t\t<summary class=\"e-n-accordion-item-title\" data-accordion-index=\"5\" tabindex=\"-1\" aria-expanded=\"false\" aria-controls=\"e-n-accordion-item-2464\" >\n\t\t\t\t\t<span class='e-n-accordion-item-title-header'><h3 class=\"e-n-accordion-item-title-text\"> Ce anume poate face ca autogestionarea s\u0103 fie dificil\u0103? <\/h3><\/span>\n\t\t\t\t\t\t\t<span class='e-n-accordion-item-title-icon'>\n\t\t\t<span class='e-opened' ><svg aria-hidden=\"true\" class=\"e-font-icon-svg e-fas-minus\" viewbox=\"0 0 448 512\" xmlns=\"http:\/\/www.w3.org\/2000\/svg\"><path d=\"M416 208H32c-17.67 0-32 14.33-32 32v32c0 17.67 14.33 32 32 32h384c17.67 0 32-14.33 32-32v-32c0-17.67-14.33-32-32-32z\"><\/path><\/svg><\/span>\n\t\t\t<span class='e-closed'><svg aria-hidden=\"true\" class=\"e-font-icon-svg e-fas-plus\" viewbox=\"0 0 448 512\" xmlns=\"http:\/\/www.w3.org\/2000\/svg\"><path d=\"M416 208H272V64c0-17.67-14.33-32-32-32h-32c-17.67 0-32 14.33-32 32v144H32c-17.67 0-32 14.33-32 32v32c0 17.67 14.33 32 32 32h144v144c0 17.67 14.33 32 32 32h32c17.67 0 32-14.33 32-32V304h144c17.67 0 32-14.33 32-32v-32c0-17.67-14.33-32-32-32z\"><\/path><\/svg><\/span>\n\t\t<\/span>\n\n\t\t\t\t\t\t<\/summary>\n\t\t\t\t<div role=\"region\" aria-labelledby=\"e-n-accordion-item-2464\" class=\"elementor-element elementor-element-46fbc8d e-flex e-con-boxed e-con e-child\" data-id=\"46fbc8d\" data-element_type=\"container\" data-e-type=\"container\" data-settings=\"{&quot;jet_parallax_layout_list&quot;:[]}\">\n\t\t\t\t\t<div class=\"e-con-inner\">\n\t\t<div role=\"region\" aria-labelledby=\"e-n-accordion-item-2464\" class=\"elementor-element elementor-element-a0c5b84 e-con-full e-flex e-con e-child\" data-id=\"a0c5b84\" data-element_type=\"container\" data-e-type=\"container\" data-settings=\"{&quot;jet_parallax_layout_list&quot;:[]}\">\n\t\t\t\t<div class=\"elementor-element elementor-element-aaf0146 elementor-widget elementor-widget-text-editor\" data-id=\"aaf0146\" data-element_type=\"widget\" data-e-type=\"widget\" data-widget_type=\"text-editor.default\">\n\t\t\t\t<div class=\"elementor-widget-container\">\n\t\t\t\t\t\t\t\t\t<p>Autogestionarea poate deveni mai dificil\u0103 atunci c\u00e2nd obiectivele nu sunt clare sau c\u00e2nd lipsesc motiva\u021bia \u0219i voin\u021ba. Comportamentul t\u0103u, emo\u021biile, mediul personal \u0219i energia de care dispui pot influen\u021ba, de asemenea, m\u0103sura \u00een care reu\u0219e\u0219ti s\u0103 r\u0103m\u00e2i dedicat unui obiectiv. Modelul de autogestionare persolog\u00ae ia \u00een considerare aceste diferite aspecte \u00een cadrul celor patru dimensiuni ale sale.<\/p>\t\t\t\t\t\t\t\t<\/div>\n\t\t\t\t<\/div>\n\t\t\t\t<\/div>\n\t\t\t\t\t<\/div>\n\t\t\t\t<\/div>\n\t\t\t\t\t<\/details>\n\t\t\t\t\t<\/div>\n\t\t\t\t\t\t<\/div>\n\t\t\t\t<\/div>\n\t\t\t\t<div class=\"elementor-element elementor-element-4311303 elementor-widget elementor-widget-spacer\" data-id=\"4311303\" data-element_type=\"widget\" data-e-type=\"widget\" data-widget_type=\"spacer.default\">\n\t\t\t\t<div class=\"elementor-widget-container\">\n\t\t\t\t\t\t\t<div class=\"elementor-spacer\">\n\t\t\t<div class=\"elementor-spacer-inner\"><\/div>\n\t\t<\/div>\n\t\t\t\t\t\t<\/div>\n\t\t\t\t<\/div>\n\t\t\t\t<\/div>\n\t\t\t\t<\/div>\n\t\t\t\t\t<\/div>\n\t\t\t\t<\/div>\n\t\t\t\t<\/div>","protected":false},"excerpt":{"rendered":"<p>Lead yourself and consciously pursue your personal goals persolog\u00ae Self-Leadership Model Achieving personal goals is not just about knowing what you want to accomplish. Motivation, willpower, your own behavior and how you manage your personal energy also play a role. The persolog\u00ae Self-Leadership Model helps you look at your self-leadership from different perspectives and develop [&hellip;]<\/p>\n","protected":false},"author":3,"featured_media":0,"parent":0,"menu_order":7,"comment_status":"closed","ping_status":"closed","template":"","meta":{"_acf_changed":false,"site-sidebar-layout":"no-sidebar","site-content-layout":"page-builder","ast-site-content-layout":"default","site-content-style":"default","site-sidebar-style":"default","ast-global-header-display":"","ast-banner-title-visibility":"","ast-main-header-display":"","ast-hfb-above-header-display":"","ast-hfb-below-header-display":"","ast-hfb-mobile-header-display":"","site-post-title":"disabled","ast-breadcrumbs-content":"","ast-featured-img":"disabled","footer-sml-layout":"","ast-disable-related-posts":"","theme-transparent-header-meta":"","adv-header-id-meta":"","stick-header-meta":"","header-above-stick-meta":"","header-main-stick-meta":"","header-below-stick-meta":"","astra-migrate-meta-layouts":"default","ast-page-background-enabled":"default","ast-page-background-meta":{"desktop":{"background-color":"var(--ast-global-color-4)","background-image":"","background-repeat":"repeat","background-position":"center center","background-size":"auto","background-attachment":"scroll","background-type":"","background-media":"","overlay-type":"","overlay-color":"","overlay-opacity":"","overlay-gradient":""},"tablet":{"background-color":"","background-image":"","background-repeat":"repeat","background-position":"center center","background-size":"auto","background-attachment":"scroll","background-type":"","background-media":"","overlay-type":"","overlay-color":"","overlay-opacity":"","overlay-gradient":""},"mobile":{"background-color":"","background-image":"","background-repeat":"repeat","background-position":"center center","background-size":"auto","background-attachment":"scroll","background-type":"","background-media":"","overlay-type":"","overlay-color":"","overlay-opacity":"","overlay-gradient":""}},"ast-content-background-meta":{"desktop":{"background-color":"var(--ast-global-color-5)","background-image":"","background-repeat":"repeat","background-position":"center center","background-size":"auto","background-attachment":"scroll","background-type":"","background-media":"","overlay-type":"","overlay-color":"","overlay-opacity":"","overlay-gradient":""},"tablet":{"background-color":"var(--ast-global-color-5)","background-image":"","background-repeat":"repeat","background-position":"center center","background-size":"auto","background-attachment":"scroll","background-type":"","background-media":"","overlay-type":"","overlay-color":"","overlay-opacity":"","overlay-gradient":""},"mobile":{"background-color":"var(--ast-global-color-5)","background-image":"","background-repeat":"repeat","background-position":"center center","background-size":"auto","background-attachment":"scroll","background-type":"","background-media":"","overlay-type":"","overlay-color":"","overlay-opacity":"","overlay-gradient":""}},"footnotes":""},"class_list":["post-3562","page","type-page","status-publish","hentry"],"acf":[],"yoast_head":"<!-- This site is optimized with the Yoast SEO Premium plugin v28.2 (Yoast SEO v28.3) - https:\/\/yoast.com\/product\/yoast-seo-premium-wordpress\/ -->\n<title>persolog\u00ae Self Leadership Model - persolog Homepage<\/title>\n<meta name=\"description\" content=\"Take control of your life with the persolog\u00ae self-leadership model. Develop self-reflection, motivation and self-responsibility to achieve your goals and live a fulfilled life.\" \/>\n<meta name=\"robots\" content=\"index, follow, max-snippet:-1, max-image-preview:large, max-video-preview:-1\" \/>\n<link rel=\"canonical\" href=\"https:\/\/persolog.com\/ro\/persolog-self-leadership-model\/\" \/>\n<meta property=\"og:locale\" content=\"ro_RO\" \/>\n<meta property=\"og:type\" content=\"article\" \/>\n<meta property=\"og:title\" content=\"persolog\u00ae Self Leadership Model\" \/>\n<meta property=\"og:description\" content=\"Take control of your life with the persolog\u00ae self-leadership model. Develop self-reflection, motivation and self-responsibility to achieve your goals and live a fulfilled life.\" \/>\n<meta property=\"og:url\" content=\"https:\/\/persolog.com\/ro\/persolog-self-leadership-model\/\" \/>\n<meta property=\"og:site_name\" content=\"persolog Homepage\" \/>\n<meta property=\"article:publisher\" content=\"https:\/\/www.facebook.com\/persolog.persoenlichkeitsentwicklung\/?locale=de_DE\" \/>\n<meta property=\"article:modified_time\" content=\"2026-08-28T10:42:38+00:00\" \/>\n<meta name=\"twitter:card\" content=\"summary_large_image\" \/>\n<meta name=\"twitter:label1\" content=\"Timp estimat pentru citire\" \/>\n\t<meta name=\"twitter:data1\" content=\"9 minute\" \/>\n<script type=\"application\/ld+json\" class=\"yoast-schema-graph\">{\"@context\":\"https:\\\/\\\/schema.org\",\"@graph\":[{\"@type\":\"WebPage\",\"@id\":\"https:\\\/\\\/persolog.com\\\/persolog-self-leadership-model\\\/\",\"url\":\"https:\\\/\\\/persolog.com\\\/persolog-self-leadership-model\\\/\",\"name\":\"persolog\u00ae Self Leadership Model - persolog Homepage\",\"isPartOf\":{\"@id\":\"https:\\\/\\\/persolog.com\\\/#website\"},\"primaryImageOfPage\":{\"@id\":\"https:\\\/\\\/persolog.com\\\/persolog-self-leadership-model\\\/#primaryimage\"},\"image\":{\"@id\":\"https:\\\/\\\/persolog.com\\\/persolog-self-leadership-model\\\/#primaryimage\"},\"thumbnailUrl\":\"https:\\\/\\\/persolog.com\\\/wp-content\\\/uploads\\\/2025\\\/03\\\/AdobeStock_284618179-scaled.avif\",\"datePublished\":\"2023-06-28T09:11:14+00:00\",\"dateModified\":\"2026-08-28T10:42:38+00:00\",\"description\":\"Take control of your life with the persolog\u00ae self-leadership model. Develop self-reflection, motivation and self-responsibility to achieve your goals and live a fulfilled life.\",\"breadcrumb\":{\"@id\":\"https:\\\/\\\/persolog.com\\\/persolog-self-leadership-model\\\/#breadcrumb\"},\"inLanguage\":\"ro-RO\",\"potentialAction\":[{\"@type\":\"ReadAction\",\"target\":[\"https:\\\/\\\/persolog.com\\\/persolog-self-leadership-model\\\/\"]}]},{\"@type\":\"ImageObject\",\"inLanguage\":\"ro-RO\",\"@id\":\"https:\\\/\\\/persolog.com\\\/persolog-self-leadership-model\\\/#primaryimage\",\"url\":\"https:\\\/\\\/persolog.com\\\/wp-content\\\/uploads\\\/2025\\\/03\\\/AdobeStock_284618179-scaled.avif\",\"contentUrl\":\"https:\\\/\\\/persolog.com\\\/wp-content\\\/uploads\\\/2025\\\/03\\\/AdobeStock_284618179-scaled.avif\"},{\"@type\":\"BreadcrumbList\",\"@id\":\"https:\\\/\\\/persolog.com\\\/persolog-self-leadership-model\\\/#breadcrumb\",\"itemListElement\":[{\"@type\":\"ListItem\",\"position\":1,\"name\":\"Startseite\",\"item\":\"https:\\\/\\\/persolog.com\\\/\"},{\"@type\":\"ListItem\",\"position\":2,\"name\":\"persolog\u00ae Self Leadership Model\"}]},{\"@type\":\"WebSite\",\"@id\":\"https:\\\/\\\/persolog.com\\\/#website\",\"url\":\"https:\\\/\\\/persolog.com\\\/\",\"name\":\"persolog\u00ae Homepage\",\"description\":\"Develop organizations through people\",\"publisher\":{\"@id\":\"https:\\\/\\\/persolog.com\\\/#organization\"},\"potentialAction\":[{\"@type\":\"SearchAction\",\"target\":{\"@type\":\"EntryPoint\",\"urlTemplate\":\"https:\\\/\\\/persolog.com\\\/?s={search_term_string}\"},\"query-input\":{\"@type\":\"PropertyValueSpecification\",\"valueRequired\":true,\"valueName\":\"search_term_string\"}}],\"inLanguage\":\"ro-RO\"},{\"@type\":\"Organization\",\"@id\":\"https:\\\/\\\/persolog.com\\\/#organization\",\"name\":\"persolog\u00ae GmbH\",\"url\":\"https:\\\/\\\/persolog.com\\\/\",\"logo\":{\"@type\":\"ImageObject\",\"inLanguage\":\"ro-RO\",\"@id\":\"https:\\\/\\\/persolog.com\\\/#\\\/schema\\\/logo\\\/image\\\/\",\"url\":\"https:\\\/\\\/persolog.com\\\/wp-content\\\/uploads\\\/2023\\\/05\\\/persolog-logo-refreshed.svg\",\"contentUrl\":\"https:\\\/\\\/persolog.com\\\/wp-content\\\/uploads\\\/2023\\\/05\\\/persolog-logo-refreshed.svg\",\"width\":150,\"height\":36,\"caption\":\"persolog\u00ae GmbH\"},\"image\":{\"@id\":\"https:\\\/\\\/persolog.com\\\/#\\\/schema\\\/logo\\\/image\\\/\"},\"sameAs\":[\"https:\\\/\\\/www.facebook.com\\\/persolog.persoenlichkeitsentwicklung\\\/?locale=de_DE\",\"https:\\\/\\\/de.linkedin.com\\\/company\\\/persolog-gmbh\",\"https:\\\/\\\/www.instagram.com\\\/persolog_\\\/\"]}]}<\/script>\n<!-- \/ Yoast SEO Premium plugin. -->","yoast_head_json":{"title":"persolog\u00ae Self Leadership Model - Pagina de pornire persolog","description":"Preia controlul asupra vie\u021bii tale cu modelul de auto-leadership persolog\u00ae. Dezvolta\u021bi auto-reflec\u021bia, motiva\u021bia \u0219i responsabilitatea de sine pentru a v\u0103 atinge obiectivele \u0219i a tr\u0103i o via\u021b\u0103 \u00eemplinit\u0103.","robots":{"index":"index","follow":"follow","max-snippet":"max-snippet:-1","max-image-preview":"max-image-preview:large","max-video-preview":"max-video-preview:-1"},"canonical":"https:\/\/persolog.com\/ro\/persolog-self-leadership-model\/","og_locale":"ro_RO","og_type":"article","og_title":"persolog\u00ae Self Leadership Model","og_description":"Take control of your life with the persolog\u00ae self-leadership model. Develop self-reflection, motivation and self-responsibility to achieve your goals and live a fulfilled life.","og_url":"https:\/\/persolog.com\/ro\/persolog-self-leadership-model\/","og_site_name":"persolog Homepage","article_publisher":"https:\/\/www.facebook.com\/persolog.persoenlichkeitsentwicklung\/?locale=de_DE","article_modified_time":"2026-08-28T10:42:38+00:00","twitter_card":"summary_large_image","twitter_misc":{"Timp estimat pentru citire":"9 minute"},"schema":{"@context":"https:\/\/schema.org","@graph":[{"@type":"WebPage","@id":"https:\/\/persolog.com\/persolog-self-leadership-model\/","url":"https:\/\/persolog.com\/persolog-self-leadership-model\/","name":"persolog\u00ae Self Leadership Model - Pagina de pornire persolog","isPartOf":{"@id":"https:\/\/persolog.com\/#website"},"primaryImageOfPage":{"@id":"https:\/\/persolog.com\/persolog-self-leadership-model\/#primaryimage"},"image":{"@id":"https:\/\/persolog.com\/persolog-self-leadership-model\/#primaryimage"},"thumbnailUrl":"https:\/\/persolog.com\/wp-content\/uploads\/2025\/03\/AdobeStock_284618179-scaled.avif","datePublished":"2023-06-28T09:11:14+00:00","dateModified":"2026-08-28T10:42:38+00:00","description":"Preia controlul asupra vie\u021bii tale cu modelul de auto-leadership persolog\u00ae. Dezvolta\u021bi auto-reflec\u021bia, motiva\u021bia \u0219i responsabilitatea de sine pentru a v\u0103 atinge obiectivele \u0219i a tr\u0103i o via\u021b\u0103 \u00eemplinit\u0103.","breadcrumb":{"@id":"https:\/\/persolog.com\/persolog-self-leadership-model\/#breadcrumb"},"inLanguage":"ro-RO","potentialAction":[{"@type":"ReadAction","target":["https:\/\/persolog.com\/persolog-self-leadership-model\/"]}]},{"@type":"ImageObject","inLanguage":"ro-RO","@id":"https:\/\/persolog.com\/persolog-self-leadership-model\/#primaryimage","url":"https:\/\/persolog.com\/wp-content\/uploads\/2025\/03\/AdobeStock_284618179-scaled.avif","contentUrl":"https:\/\/persolog.com\/wp-content\/uploads\/2025\/03\/AdobeStock_284618179-scaled.avif"},{"@type":"BreadcrumbList","@id":"https:\/\/persolog.com\/persolog-self-leadership-model\/#breadcrumb","itemListElement":[{"@type":"ListItem","position":1,"name":"Startseite","item":"https:\/\/persolog.com\/"},{"@type":"ListItem","position":2,"name":"persolog\u00ae Self Leadership Model"}]},{"@type":"WebSite","@id":"https:\/\/persolog.com\/#website","url":"https:\/\/persolog.com\/","name":"Pagina de start persolog\u00ae Pagina de start","description":"Dezvolta\u021bi organiza\u021biile prin oameni","publisher":{"@id":"https:\/\/persolog.com\/#organization"},"potentialAction":[{"@type":"SearchAction","target":{"@type":"EntryPoint","urlTemplate":"https:\/\/persolog.com\/?s={search_term_string}"},"query-input":{"@type":"PropertyValueSpecification","valueRequired":true,"valueName":"search_term_string"}}],"inLanguage":"ro-RO"},{"@type":"Organization","@id":"https:\/\/persolog.com\/#organization","name":"persolog\u00ae GmbH","url":"https:\/\/persolog.com\/","logo":{"@type":"ImageObject","inLanguage":"ro-RO","@id":"https:\/\/persolog.com\/#\/schema\/logo\/image\/","url":"https:\/\/persolog.com\/wp-content\/uploads\/2023\/05\/persolog-logo-refreshed.svg","contentUrl":"https:\/\/persolog.com\/wp-content\/uploads\/2023\/05\/persolog-logo-refreshed.svg","width":150,"height":36,"caption":"persolog\u00ae GmbH"},"image":{"@id":"https:\/\/persolog.com\/#\/schema\/logo\/image\/"},"sameAs":["https:\/\/www.facebook.com\/persolog.persoenlichkeitsentwicklung\/?locale=de_DE","https:\/\/de.linkedin.com\/company\/persolog-gmbh","https:\/\/www.instagram.com\/persolog_\/"]}]}},"_links":{"self":[{"href":"https:\/\/persolog.com\/ro\/wp-json\/wp\/v2\/pages\/3562","targetHints":{"allow":["GET"]}}],"collection":[{"href":"https:\/\/persolog.com\/ro\/wp-json\/wp\/v2\/pages"}],"about":[{"href":"https:\/\/persolog.com\/ro\/wp-json\/wp\/v2\/types\/page"}],"author":[{"embeddable":true,"href":"https:\/\/persolog.com\/ro\/wp-json\/wp\/v2\/users\/3"}],"replies":[{"embeddable":true,"href":"https:\/\/persolog.com\/ro\/wp-json\/wp\/v2\/comments?post=3562"}],"version-history":[{"count":97,"href":"https:\/\/persolog.com\/ro\/wp-json\/wp\/v2\/pages\/3562\/revisions"}],"predecessor-version":[{"id":36721,"href":"https:\/\/persolog.com\/ro\/wp-json\/wp\/v2\/pages\/3562\/revisions\/36721"}],"wp:attachment":[{"href":"https:\/\/persolog.com\/ro\/wp-json\/wp\/v2\/media?parent=3562"}],"curies":[{"name":"wp","href":"https:\/\/api.w.org\/{rel}","templated":true}]}}